{"id":26,"date":"2024-01-04T16:45:37","date_gmt":"2024-01-04T15:45:37","guid":{"rendered":"https:\/\/www.biennale-photo-mulhouse.com\/demo\/?page_id=26"},"modified":"2024-01-04T16:46:35","modified_gmt":"2024-01-04T15:46:35","slug":"formats-texte","status":"publish","type":"page","link":"https:\/\/www.biennale-photo-mulhouse.com\/demo\/formats-texte\/","title":{"rendered":"Formats de texte"},"content":{"rendered":"<h1>Formats de texte<\/h1>\n<p>Au-dessus de l&rsquo;\u00e9diteur, \u00e0 droite du premier menu d\u00e9roulant, sont propos\u00e9es des options \u00e0 appliquer sur un extrait de texte s\u00e9lectionn\u00e9. Certaines de ces options se trouvent dans le second menu d\u00e9roulant \u00ab\u00a0Formats\u00a0\u00bb.<\/p>\n<p>Le bouton \u00ab\u00a0B\u00a0\u00bb (bold) permet de <strong>passer la s\u00e9lection en gras<\/strong>, le bouton \u00ab\u00a0I\u00a0\u00bb permet <em>l&rsquo;italique<\/em>. Ils peuvent \u00eatre <em><strong>combin\u00e9s sur une m\u00eame s\u00e9lection<\/strong><\/em>.<\/p>\n<p>Le bouton suivant permet la mise en place d&rsquo;<a href=\"https:\/\/google.com\">un lien<\/a>.<\/p>\n<h2>Menu \u00ab\u00a0Formats\u00a0\u00bb :<\/h2>\n<p>Dans le menu d\u00e9roulant \u00ab\u00a0Formats\u00a0\u00bb, voici les diff\u00e9rentes options applicables \u00e0 une s\u00e9lection :<\/p>\n<p><span class=\"big\">\u00ab\u00a0Grande taille\u00a0\u00bb<\/span> et <span class=\"small\">\u00ab\u00a0Petite taille\u00a0\u00bb<\/span>, augmentant ou diminuant le corps de texte et donnant un r\u00e9sultat diff\u00e9rent selon le corps d&rsquo;origine du bloc dans lequel la s\u00e9lection se trouve (titre, paragraphe).<\/p>\n<p><span class=\"title_font\">Cet extrait est en \u00ab\u00a0Police de titrage\u00a0\u00bb,<\/span> et <span class=\"theme_color\">celui-ci est en \u00ab\u00a0Couleur du th\u00e8me\u00a0\u00bb<\/span>. Comme l&rsquo;ensemble de ce qui est pr\u00e9sent\u00e9 sur cette page, <span class=\"title_font theme_color\">ces options sont combinables<\/span>.<\/p>\n<p><span class=\"uppercase\">Cet extrait est en \u00ab\u00a0Haut de casse\u00a0\u00bb,<\/span> ce qui permet par exemple de rejoindre <span class=\"uppercase title_font\">l&rsquo;apparence des titres <\/span>(combinaison avec \u00ab\u00a0Police de titrage\u00a0\u00bb) tout en pr\u00e9sentant un contenu en casse standard (pr\u00e9f\u00e9rable pour le r\u00e9f\u00e9rencement). \u00c0 l&rsquo;inverse, on peut utiliser l&rsquo;option \u00ab\u00a0Casse standard\u00a0\u00bb dans un titre pour obtenir le r\u00e9sultat suivant :<\/p>\n<h2><span class=\"no-uppercase\">Ceci est un titre en casse standard.<\/span><\/h2>\n","protected":false},"excerpt":{"rendered":"<p>Formats de texte Au-dessus de l&rsquo;\u00e9diteur, \u00e0 droite du premier menu d\u00e9roulant, sont propos\u00e9es des options \u00e0 appliquer sur un extrait de texte s\u00e9lectionn\u00e9. Certaines de ces options se trouvent dans le second menu d\u00e9roulant \u00ab\u00a0Formats\u00a0\u00bb. Le bouton \u00ab\u00a0B\u00a0\u00bb (bold) permet de passer la s\u00e9lection en gras, le bouton \u00ab\u00a0I\u00a0\u00bb permet l&rsquo;italique. Ils peuvent \u00eatre [&hellip;]<\/p>\n","protected":false},"author":1,"featured_media":0,"parent":0,"menu_order":0,"comment_status":"closed","ping_status":"closed","template":"","meta":{"footnotes":""},"categories":[4],"class_list":["post-26","page","type-page","status-publish","hentry","category-mise-en-forme"],"acf":{"photo_gallery":{"gallery":[[]]}},"yoast_head":"<!-- This site is optimized with the Yoast SEO plugin v21.9.1 - https:\/\/yoast.com\/wordpress\/plugins\/seo\/ -->\n<title>Formats de texte - Demo<\/title>\n<meta name=\"robots\" content=\"index, follow, max-snippet:-1, max-image-preview:large, max-video-preview:-1\" \/>\n<link rel=\"canonical\" href=\"https:\/\/www.biennale-photo-mulhouse.com\/demo\/formats-texte\/\" \/>\n<meta property=\"og:locale\" content=\"fr_FR\" \/>\n<meta property=\"og:type\" content=\"article\" \/>\n<meta property=\"og:title\" content=\"Formats de texte - Demo\" \/>\n<meta property=\"og:description\" content=\"Formats de texte Au-dessus de l&rsquo;\u00e9diteur, \u00e0 droite du premier menu d\u00e9roulant, sont propos\u00e9es des options \u00e0 appliquer sur un extrait de texte s\u00e9lectionn\u00e9. Certaines de ces options se trouvent dans le second menu d\u00e9roulant \u00ab\u00a0Formats\u00a0\u00bb. Le bouton \u00ab\u00a0B\u00a0\u00bb (bold) permet de passer la s\u00e9lection en gras, le bouton \u00ab\u00a0I\u00a0\u00bb permet l&rsquo;italique. Ils peuvent \u00eatre [&hellip;]\" \/>\n<meta property=\"og:url\" content=\"https:\/\/www.biennale-photo-mulhouse.com\/demo\/formats-texte\/\" \/>\n<meta property=\"og:site_name\" content=\"Demo\" \/>\n<meta property=\"article:modified_time\" content=\"2024-01-04T15:46:35+00:00\" \/>\n<meta name=\"twitter:card\" content=\"summary_large_image\" \/>\n<meta name=\"twitter:label1\" content=\"Dur\u00e9e de lecture estim\u00e9e\" \/>\n\t<meta name=\"twitter:data1\" content=\"2 minutes\" \/>\n<script type=\"application\/ld+json\" class=\"yoast-schema-graph\">{\"@context\":\"https:\/\/schema.org\",\"@graph\":[{\"@type\":\"WebPage\",\"@id\":\"https:\/\/www.biennale-photo-mulhouse.com\/demo\/formats-texte\/\",\"url\":\"https:\/\/www.biennale-photo-mulhouse.com\/demo\/formats-texte\/\",\"name\":\"Formats de texte - Demo\",\"isPartOf\":{\"@id\":\"https:\/\/www.biennale-photo-mulhouse.com\/demo\/#website\"},\"datePublished\":\"2024-01-04T15:45:37+00:00\",\"dateModified\":\"2024-01-04T15:46:35+00:00\",\"breadcrumb\":{\"@id\":\"https:\/\/www.biennale-photo-mulhouse.com\/demo\/formats-texte\/#breadcrumb\"},\"inLanguage\":\"fr-FR\",\"potentialAction\":[{\"@type\":\"ReadAction\",\"target\":[\"https:\/\/www.biennale-photo-mulhouse.com\/demo\/formats-texte\/\"]}]},{\"@type\":\"BreadcrumbList\",\"@id\":\"https:\/\/www.biennale-photo-mulhouse.com\/demo\/formats-texte\/#breadcrumb\",\"itemListElement\":[{\"@type\":\"ListItem\",\"position\":1,\"name\":\"Accueil\",\"item\":\"https:\/\/www.biennale-photo-mulhouse.com\/demo\/\"},{\"@type\":\"ListItem\",\"position\":2,\"name\":\"Formats de texte\"}]},{\"@type\":\"WebSite\",\"@id\":\"https:\/\/www.biennale-photo-mulhouse.com\/demo\/#website\",\"url\":\"https:\/\/www.biennale-photo-mulhouse.com\/demo\/\",\"name\":\"Demo\",\"description\":\"\",\"potentialAction\":[{\"@type\":\"SearchAction\",\"target\":{\"@type\":\"EntryPoint\",\"urlTemplate\":\"https:\/\/www.biennale-photo-mulhouse.com\/demo\/?s={search_term_string}\"},\"query-input\":\"required name=search_term_string\"}],\"inLanguage\":\"fr-FR\"}]}<\/script>\n<!-- \/ Yoast SEO plugin. -->","yoast_head_json":{"title":"Formats de texte - Demo","robots":{"index":"index","follow":"follow","max-snippet":"max-snippet:-1","max-image-preview":"max-image-preview:large","max-video-preview":"max-video-preview:-1"},"canonical":"https:\/\/www.biennale-photo-mulhouse.com\/demo\/formats-texte\/","og_locale":"fr_FR","og_type":"article","og_title":"Formats de texte - Demo","og_description":"Formats de texte Au-dessus de l&rsquo;\u00e9diteur, \u00e0 droite du premier menu d\u00e9roulant, sont propos\u00e9es des options \u00e0 appliquer sur un extrait de texte s\u00e9lectionn\u00e9. Certaines de ces options se trouvent dans le second menu d\u00e9roulant \u00ab\u00a0Formats\u00a0\u00bb. Le bouton \u00ab\u00a0B\u00a0\u00bb (bold) permet de passer la s\u00e9lection en gras, le bouton \u00ab\u00a0I\u00a0\u00bb permet l&rsquo;italique. Ils peuvent \u00eatre [&hellip;]","og_url":"https:\/\/www.biennale-photo-mulhouse.com\/demo\/formats-texte\/","og_site_name":"Demo","article_modified_time":"2024-01-04T15:46:35+00:00","twitter_card":"summary_large_image","twitter_misc":{"Dur\u00e9e de lecture estim\u00e9e":"2 minutes"},"schema":{"@context":"https:\/\/schema.org","@graph":[{"@type":"WebPage","@id":"https:\/\/www.biennale-photo-mulhouse.com\/demo\/formats-texte\/","url":"https:\/\/www.biennale-photo-mulhouse.com\/demo\/formats-texte\/","name":"Formats de texte - Demo","isPartOf":{"@id":"https:\/\/www.biennale-photo-mulhouse.com\/demo\/#website"},"datePublished":"2024-01-04T15:45:37+00:00","dateModified":"2024-01-04T15:46:35+00:00","breadcrumb":{"@id":"https:\/\/www.biennale-photo-mulhouse.com\/demo\/formats-texte\/#breadcrumb"},"inLanguage":"fr-FR","potentialAction":[{"@type":"ReadAction","target":["https:\/\/www.biennale-photo-mulhouse.com\/demo\/formats-texte\/"]}]},{"@type":"BreadcrumbList","@id":"https:\/\/www.biennale-photo-mulhouse.com\/demo\/formats-texte\/#breadcrumb","itemListElement":[{"@type":"ListItem","position":1,"name":"Accueil","item":"https:\/\/www.biennale-photo-mulhouse.com\/demo\/"},{"@type":"ListItem","position":2,"name":"Formats de texte"}]},{"@type":"WebSite","@id":"https:\/\/www.biennale-photo-mulhouse.com\/demo\/#website","url":"https:\/\/www.biennale-photo-mulhouse.com\/demo\/","name":"Demo","description":"","potentialAction":[{"@type":"SearchAction","target":{"@type":"EntryPoint","urlTemplate":"https:\/\/www.biennale-photo-mulhouse.com\/demo\/?s={search_term_string}"},"query-input":"required name=search_term_string"}],"inLanguage":"fr-FR"}]}},"_links":{"self":[{"href":"https:\/\/www.biennale-photo-mulhouse.com\/demo\/wp-json\/wp\/v2\/pages\/26","targetHints":{"allow":["GET"]}}],"collection":[{"href":"https:\/\/www.biennale-photo-mulhouse.com\/demo\/wp-json\/wp\/v2\/pages"}],"about":[{"href":"https:\/\/www.biennale-photo-mulhouse.com\/demo\/wp-json\/wp\/v2\/types\/page"}],"author":[{"embeddable":true,"href":"https:\/\/www.biennale-photo-mulhouse.com\/demo\/wp-json\/wp\/v2\/users\/1"}],"replies":[{"embeddable":true,"href":"https:\/\/www.biennale-photo-mulhouse.com\/demo\/wp-json\/wp\/v2\/comments?post=26"}],"version-history":[{"count":3,"href":"https:\/\/www.biennale-photo-mulhouse.com\/demo\/wp-json\/wp\/v2\/pages\/26\/revisions"}],"predecessor-version":[{"id":60,"href":"https:\/\/www.biennale-photo-mulhouse.com\/demo\/wp-json\/wp\/v2\/pages\/26\/revisions\/60"}],"wp:attachment":[{"href":"https:\/\/www.biennale-photo-mulhouse.com\/demo\/wp-json\/wp\/v2\/media?parent=26"}],"wp:term":[{"taxonomy":"category","embeddable":true,"href":"https:\/\/www.biennale-photo-mulhouse.com\/demo\/wp-json\/wp\/v2\/categories?post=26"}],"curies":[{"name":"wp","href":"https:\/\/api.w.org\/{rel}","templated":true}]}}