{"id":1021,"date":"2025-09-08T10:26:44","date_gmt":"2025-09-08T08:26:44","guid":{"rendered":"https:\/\/www.biennale-photo-mulhouse.com\/2026en\/?page_id=1021"},"modified":"2025-09-15T10:36:09","modified_gmt":"2025-09-15T08:36:09","slug":"beyond-frontiers-exhibition-in-datz-museum-of-art","status":"publish","type":"page","link":"https:\/\/www.biennale-photo-mulhouse.com\/2026en\/beyond-frontiers-exhibition-in-datz-museum-of-art\/","title":{"rendered":"Beyond frontiers, exhibition in Datz Museum of Art"},"content":{"rendered":"<p><strong><span class=\"small\"> ENG\u2b62 <a href=\"https:\/\/www.biennale-photo-mulhouse.com\/2026\/hors-les-murs-exposition-au-datz-museum-of-art-nigel-baldacchino\/\">FR<\/a><\/span><\/strong><\/p>\n<h1><span class=\"theme_color\">Beyond frontiers<\/span><br \/>\nexhibition in Datz Museum of Art<\/h1>\n<p>At the invitation of Sangyon Joo, director of the DATZ Museum of Art and DATZ Press (Seoul), photographer Nigel Baldacchino and curator Anne Immel\u00e9 completed a one-month residency at the DATZ Museum of Art. This residency led to the production of the exhibition <span class=\"theme_color\"><em>Promise Litter \uc228\uaca8\uc9c4 \uc794\ud574<\/em><\/span>, created in partnership with the BPM-Biennale de la Photographie de Mulhouse and Arts Council Malta.<\/p>\n<h2><em><span class=\"theme_color\">Promise litter \uc228\uaca8\uc9c4 \uc794\ud574<\/span><\/em><br \/>\n<span class=\"small\">nigel baldacchino\u00a0<\/span><\/h2>\n<p><strong>DATZ MUSEUM OF ART \/ South Korea<\/strong><br \/>\n<strong>FRAME exhibition space<\/strong><br \/>\n<span class=\"theme_color\">September 13 &#8211; December 28 2025<\/span><\/p>\n<p>Curated by Anne Immel\u00e9<\/p>\n<p><span class=\"theme_color\"><em>Promise Litter \uc228\uaca8\uc9c4 \uc794\ud574<\/em><\/span> is a photographic installation that explores sparks of off-kilter energy embroidered in the nature of the photographer\u2019s own world, indiscriminately across vegetation and urban fabric alike. The series reflects on the cardinal regenerative and degenerative forces at play in nature being synonymous, lending them the same impartial eye. The photographs have their footing in the fringes of the observable, bubbling with a chaotic energy of fertility, germination, decay, stillness, calm, movement, scatter. With a felt emphasis on photographs looking downwards, <span class=\"theme_color\"><em>Promise Litter \uc228\uaca8\uc9c4 \uc794\ud574<\/em><\/span> seems to suggest buried lines connecting distant forms of life, accenting the physical ground beneath as if to feel its pulse.<\/p>\n<p><em>Nigel Baldacchino is an artist and designer based in Malta (EU) whose practice spans photography, sound, text, and spatial design. With Anne Immel\u00e9 and B\u00e9n\u00e9dicte Blondeau, he co-founded the photography-centred itinerant exhibition project <\/em><span class=\"theme_color\">those eyes &#8211; these eyes &#8211; they fade<\/span><em>, which exhibits photographers whose work tends to highlight the looking over the looked-at, and is often driven by personal reflections on witnessing and relating to one\u2019s immediate &amp; extended surroundings. Baldacchino also forms part of the team behind the Biennale de la Photographie de Mulhouse serving both as exhibition designer, curator and planner. After taking care of the exhibition &amp; lighting design of the main pavilion at the first edition of the MaltaBiennale featuring more than 70 artists, Baldacchino co-founded DAMS together with Brian J. Farrugia &#8211; a design and manufacturing company specialising in custom furniture, fitouts &amp; exhibition design. \u00a0Publications of his work include the found-image &amp; own-poetry collection <\/em><span class=\"theme_color\">Soon Out of Context<\/span><em>\u00a0\u00a0(Unsolicited Press, 2018) and the album <\/em><span class=\"theme_color\">Everything is Still Here <\/span><em>(Complex Holiday, 2021). His photography has been exhibited in numerous collective shows internationally, and in 2023 he attended the Long Term Photobook program by Penumbra Foundation &amp; Image Threads.\u00a0<\/em><\/p>\n<p><em>Anne Immel\u00e9 is a French photographer and curator whose work explores the connections between memory, territory, and hospitality. In her recent series <\/em><span class=\"theme_color\">Melita, Refuge<\/span><em>, she weaves a visual narrative between the ancient Phoenician routes and contemporary migratory trajectories across the Mediterranean. Her images, both poetic and politically engaged, question notions of refuge and displacement. Since 2013, she has been directing the Biennale de la Photographie de Mulhouse (BPM), a festival she co\u2011founded. Since completing her PhD on photo sequencing, she has been teaching photography at HEAR (Haute \u00e9cole des arts du Rhin) in France. For this edition of the FRAME exhibition, she participates as the curator on behalf of the Biennale de la Photographie de Mulhouse (BPM), furthering her exploration of associative dialogue in photographic presentation, as well as the idea of exhibition as a space of encounter.<\/em><\/p>\n<p><img loading=\"lazy\" decoding=\"async\" class=\"alignnone size-full wp-image-1026\" src=\"https:\/\/www.biennale-photo-mulhouse.com\/2026en\/wp-content\/uploads\/sites\/9\/2025\/09\/Nigel-Baldacchino-Promise-litter-1.jpg\" alt=\"\" width=\"896\" height=\"1102\" srcset=\"https:\/\/www.biennale-photo-mulhouse.com\/2026en\/wp-content\/uploads\/sites\/9\/2025\/09\/Nigel-Baldacchino-Promise-litter-1.jpg 896w, https:\/\/www.biennale-photo-mulhouse.com\/2026en\/wp-content\/uploads\/sites\/9\/2025\/09\/Nigel-Baldacchino-Promise-litter-1-768x945.jpg 768w\" sizes=\"auto, (max-width: 896px) 100vw, 896px\" \/><\/p>\n<p class=\"img_caption\">Nigel Baldacchino, <em>Promise Litter<\/em><\/p>\n<p class=\"offsetted with_color_diamond\"><span class=\"theme_color\"><strong>Nigel Baldacchino&rsquo;s statement :\u00a0<\/strong><\/span><\/p>\n<p>\u00a0In his story <span class=\"theme_color\"><em>Quaestio de Centauris<\/em><\/span> first published under a pseudonym in 1966 alongside a series of short fiction entitled <em><span class=\"theme_color\">Natural Histories<\/span><\/em>, author Primo Levi describes a reality whose origins are rooted in \u00ab\u00a0<em>a time, never to be repeated, of wild, ecstatic fecundity, in which the entire universe felt love, so intensely that it nearly returned to chaos<\/em>\u00a0\u00bb and how some surviving species are still tethered to its latent residue.<br \/>\nThe word \u2018litter\u2019 points towards a poignant set of meanings in the English language, containing regenerative and degenerative energies under one term:<\/p>\n<p class=\"offsetted\"><strong>1\u00a0 i.<\/strong> a covered and curtained couch provided with shafts and used for carrying a single passenger<br \/>\n<strong>ii.<\/strong> a device (such as a stretcher) for carrying a sick or injured person<\/p>\n<p class=\"offsetted\"><strong>2\u00a0 i.<\/strong> material used as bedding for animals<br \/>\n<strong>ii.<\/strong> material used to absorb the urine and feces of animals<br \/>\n<strong>iii.<\/strong> the uppermost slightly decayed layer of organic matter on the forest floor<\/p>\n<p class=\"offsetted\"><strong>3 i<\/strong>. the offspring at one birth of a multiparous animal<\/p>\n<p class=\"offsetted\"><strong>4\u00a0 i<\/strong>. trash, wastepaper, or garbage lying scattered about<br \/>\n<strong>ii.<\/strong> an untidy accumulation of objects<\/p>\n<p class=\"offsetted\"><em>&#8211; Litter (definition *Merriam-Webster dictionary)<\/em><\/p>\n<p><span class=\"theme_color\"><em>Promise Litter<\/em><\/span> draws sparingly from this confluence of references, mapping onto them the photographer&rsquo;s felt experience.<\/p>\n<p><img loading=\"lazy\" decoding=\"async\" class=\"alignnone size-full wp-image-1024\" src=\"https:\/\/www.biennale-photo-mulhouse.com\/2026en\/wp-content\/uploads\/sites\/9\/2025\/09\/Nigel-Baldacchino-Promise-litter-2.jpg\" alt=\"\" width=\"938\" height=\"1102\" srcset=\"https:\/\/www.biennale-photo-mulhouse.com\/2026en\/wp-content\/uploads\/sites\/9\/2025\/09\/Nigel-Baldacchino-Promise-litter-2.jpg 938w, https:\/\/www.biennale-photo-mulhouse.com\/2026en\/wp-content\/uploads\/sites\/9\/2025\/09\/Nigel-Baldacchino-Promise-litter-2-768x902.jpg 768w\" sizes=\"auto, (max-width: 938px) 100vw, 938px\" \/><\/p>\n<p class=\"img_caption\">Nigel Baldacchino, <em>Promise Litter<\/em><\/p>\n<h2>datz museum of art<\/h2>\n<p><a href=\"https:\/\/datzmuseum.org\/\" target=\"_blank\" rel=\"noopener\">Datz Museum of Art<\/a> opened in October of 2010 in Jinsaegol, Gwangju, Gyeonggi-do, South Korea, with a mission to help rejuvenate artistically creative spirits. It presents an organic space in nature where one can spend self-reflective time away from the busy city. It is the museum&rsquo;s hope that those who visit will encounter true beauty and reclaim their personal imaginations, sensibilities, and perspectives to breathe anew fresh life into their daily lives. Datz Museum wishes for a community in which life is shared through art.<\/p>\n<p><img loading=\"lazy\" decoding=\"async\" class=\"alignnone size-full wp-image-1035\" src=\"https:\/\/www.biennale-photo-mulhouse.com\/2026en\/wp-content\/uploads\/sites\/9\/2025\/09\/Page_06-scaled.jpg\" alt=\"\" width=\"2048\" height=\"2560\" srcset=\"https:\/\/www.biennale-photo-mulhouse.com\/2026en\/wp-content\/uploads\/sites\/9\/2025\/09\/Page_06-scaled.jpg 2048w, https:\/\/www.biennale-photo-mulhouse.com\/2026en\/wp-content\/uploads\/sites\/9\/2025\/09\/Page_06-768x960.jpg 768w, https:\/\/www.biennale-photo-mulhouse.com\/2026en\/wp-content\/uploads\/sites\/9\/2025\/09\/Page_06-1229x1536.jpg 1229w, https:\/\/www.biennale-photo-mulhouse.com\/2026en\/wp-content\/uploads\/sites\/9\/2025\/09\/Page_06-1638x2048.jpg 1638w\" sizes=\"auto, (max-width: 2048px) 100vw, 2048px\" \/><\/p>\n<p class=\"img_caption\"><em>Promise Litter \uc228\uaca8\uc9c4 \uc794\ud574<\/em>, exhibition view<\/p>\n","protected":false},"excerpt":{"rendered":"<p>ENG\u2b62 FR Beyond frontiers exhibition in Datz Museum of Art At the invitation of Sangyon Joo, director of the DATZ Museum of Art and DATZ Press (Seoul), photographer Nigel Baldacchino and curator Anne Immel\u00e9 completed a one-month residency at the DATZ Museum of Art. This residency led to the production of the exhibition Promise Litter [&hellip;]<\/p>\n","protected":false},"author":3,"featured_media":0,"parent":0,"menu_order":0,"comment_status":"closed","ping_status":"closed","template":"","meta":{"footnotes":""},"categories":[1],"class_list":["post-1021","page","type-page","status-publish","hentry","category-non-classe"],"acf":{"photo_gallery":{"gallery":[[{"id":1022,"title":"Nigel-Baldacchino-Promise-litter-00","caption":"Nigel Baldacchino, <i> Promise Litter <\/i>","full_image_url":"https:\/\/www.biennale-photo-mulhouse.com\/2026en\/wp-content\/uploads\/sites\/9\/2025\/09\/Nigel-Baldacchino-Promise-litter-00.jpg","thumbnail_image_url":"https:\/\/www.biennale-photo-mulhouse.com\/2026en\/wp-content\/uploads\/sites\/9\/2025\/09\/Nigel-Baldacchino-Promise-litter-00.jpg","large_srcset":"https:\/\/www.biennale-photo-mulhouse.com\/2026en\/wp-content\/uploads\/sites\/9\/2025\/09\/Nigel-Baldacchino-Promise-litter-00.jpg 907w, https:\/\/www.biennale-photo-mulhouse.com\/2026en\/wp-content\/uploads\/sites\/9\/2025\/09\/Nigel-Baldacchino-Promise-litter-00-768x933.jpg 768w","medium_srcset":"https:\/\/www.biennale-photo-mulhouse.com\/2026en\/wp-content\/uploads\/sites\/9\/2025\/09\/Nigel-Baldacchino-Promise-litter-00.jpg 907w, https:\/\/www.biennale-photo-mulhouse.com\/2026en\/wp-content\/uploads\/sites\/9\/2025\/09\/Nigel-Baldacchino-Promise-litter-00-768x933.jpg 768w","media_details":{"width":907,"height":1102,"sizes":{"medium_large":{"file":"Nigel-Baldacchino-Promise-litter-00-768x933.jpg","width":768,"height":933,"mime-type":"image\/jpeg","filesize":177091,"source_url":"https:\/\/www.biennale-photo-mulhouse.com\/2026en\/wp-content\/uploads\/sites\/9\/2025\/09\/Nigel-Baldacchino-Promise-litter-00-768x933.jpg"}}},"alt_text":"","url":"","target":""}]]}},"yoast_head":"<!-- This site is optimized with the Yoast SEO plugin v21.9.1 - https:\/\/yoast.com\/wordpress\/plugins\/seo\/ -->\n<title>Beyond frontiers, exhibition in Datz Museum of Art - 2026 Mulhouse Photography Biennial<\/title>\n<meta name=\"description\" content=\"Promise Litter \uc228\uaca8\uc9c4 \uc794\ud574 is Nigel Baldacchino&#039;s first solo show, hosted by Datz Museum of Art, South Korea.\" \/>\n<meta name=\"robots\" content=\"index, follow, max-snippet:-1, max-image-preview:large, max-video-preview:-1\" \/>\n<link rel=\"canonical\" href=\"https:\/\/www.biennale-photo-mulhouse.com\/2026en\/beyond-frontiers-exhibition-in-datz-museum-of-art\/\" \/>\n<meta property=\"og:locale\" content=\"fr_FR\" \/>\n<meta property=\"og:type\" content=\"article\" \/>\n<meta property=\"og:title\" content=\"Beyond frontiers, exhibition in Datz Museum of Art - 2026 Mulhouse Photography Biennial\" \/>\n<meta property=\"og:description\" content=\"Promise Litter \uc228\uaca8\uc9c4 \uc794\ud574 is Nigel Baldacchino&#039;s first solo show, hosted by Datz Museum of Art, South Korea.\" \/>\n<meta property=\"og:url\" content=\"https:\/\/www.biennale-photo-mulhouse.com\/2026en\/beyond-frontiers-exhibition-in-datz-museum-of-art\/\" \/>\n<meta property=\"og:site_name\" content=\"2026 Mulhouse Photography Biennial\" \/>\n<meta property=\"article:publisher\" content=\"https:\/\/www.facebook.com\/BiennaleDeLaPhotographieDeMulhouse\" \/>\n<meta property=\"article:modified_time\" content=\"2025-09-15T08:36:09+00:00\" \/>\n<meta property=\"og:image\" content=\"https:\/\/www.biennale-photo-mulhouse.com\/2026en\/wp-content\/uploads\/sites\/9\/2025\/09\/Nigel-Baldacchino-Promise-litter-1.jpg\" \/>\n<meta name=\"twitter:card\" content=\"summary_large_image\" \/>\n<meta name=\"twitter:label1\" content=\"Dur\u00e9e de lecture estim\u00e9e\" \/>\n\t<meta name=\"twitter:data1\" content=\"5 minutes\" \/>\n<script type=\"application\/ld+json\" class=\"yoast-schema-graph\">{\"@context\":\"https:\/\/schema.org\",\"@graph\":[{\"@type\":\"WebPage\",\"@id\":\"https:\/\/www.biennale-photo-mulhouse.com\/2026en\/beyond-frontiers-exhibition-in-datz-museum-of-art\/\",\"url\":\"https:\/\/www.biennale-photo-mulhouse.com\/2026en\/beyond-frontiers-exhibition-in-datz-museum-of-art\/\",\"name\":\"Beyond frontiers, exhibition in Datz Museum of Art - 2026 Mulhouse Photography Biennial\",\"isPartOf\":{\"@id\":\"https:\/\/www.biennale-photo-mulhouse.com\/2026en\/#website\"},\"datePublished\":\"2025-09-08T08:26:44+00:00\",\"dateModified\":\"2025-09-15T08:36:09+00:00\",\"description\":\"Promise Litter \uc228\uaca8\uc9c4 \uc794\ud574 is Nigel Baldacchino's first solo show, hosted by Datz Museum of Art, South Korea.\",\"breadcrumb\":{\"@id\":\"https:\/\/www.biennale-photo-mulhouse.com\/2026en\/beyond-frontiers-exhibition-in-datz-museum-of-art\/#breadcrumb\"},\"inLanguage\":\"fr-FR\",\"potentialAction\":[{\"@type\":\"ReadAction\",\"target\":[\"https:\/\/www.biennale-photo-mulhouse.com\/2026en\/beyond-frontiers-exhibition-in-datz-museum-of-art\/\"]}]},{\"@type\":\"BreadcrumbList\",\"@id\":\"https:\/\/www.biennale-photo-mulhouse.com\/2026en\/beyond-frontiers-exhibition-in-datz-museum-of-art\/#breadcrumb\",\"itemListElement\":[{\"@type\":\"ListItem\",\"position\":1,\"name\":\"Accueil\",\"item\":\"https:\/\/www.biennale-photo-mulhouse.com\/2026en\/\"},{\"@type\":\"ListItem\",\"position\":2,\"name\":\"Beyond frontiers, exhibition in Datz Museum of Art\"}]},{\"@type\":\"WebSite\",\"@id\":\"https:\/\/www.biennale-photo-mulhouse.com\/2026en\/#website\",\"url\":\"https:\/\/www.biennale-photo-mulhouse.com\/2026en\/\",\"name\":\"Biennale de la Photographie de Mulhouse\",\"description\":\"\",\"potentialAction\":[{\"@type\":\"SearchAction\",\"target\":{\"@type\":\"EntryPoint\",\"urlTemplate\":\"https:\/\/www.biennale-photo-mulhouse.com\/2026en\/?s={search_term_string}\"},\"query-input\":\"required name=search_term_string\"}],\"inLanguage\":\"fr-FR\"}]}<\/script>\n<!-- \/ Yoast SEO plugin. -->","yoast_head_json":{"title":"Beyond frontiers, exhibition in Datz Museum of Art - 2026 Mulhouse Photography Biennial","description":"Promise Litter \uc228\uaca8\uc9c4 \uc794\ud574 is Nigel Baldacchino's first solo show, hosted by Datz Museum of Art, South Korea.","robots":{"index":"index","follow":"follow","max-snippet":"max-snippet:-1","max-image-preview":"max-image-preview:large","max-video-preview":"max-video-preview:-1"},"canonical":"https:\/\/www.biennale-photo-mulhouse.com\/2026en\/beyond-frontiers-exhibition-in-datz-museum-of-art\/","og_locale":"fr_FR","og_type":"article","og_title":"Beyond frontiers, exhibition in Datz Museum of Art - 2026 Mulhouse Photography Biennial","og_description":"Promise Litter \uc228\uaca8\uc9c4 \uc794\ud574 is Nigel Baldacchino's first solo show, hosted by Datz Museum of Art, South Korea.","og_url":"https:\/\/www.biennale-photo-mulhouse.com\/2026en\/beyond-frontiers-exhibition-in-datz-museum-of-art\/","og_site_name":"2026 Mulhouse Photography Biennial","article_publisher":"https:\/\/www.facebook.com\/BiennaleDeLaPhotographieDeMulhouse","article_modified_time":"2025-09-15T08:36:09+00:00","og_image":[{"url":"https:\/\/www.biennale-photo-mulhouse.com\/2026en\/wp-content\/uploads\/sites\/9\/2025\/09\/Nigel-Baldacchino-Promise-litter-1.jpg"}],"twitter_card":"summary_large_image","twitter_misc":{"Dur\u00e9e de lecture estim\u00e9e":"5 minutes"},"schema":{"@context":"https:\/\/schema.org","@graph":[{"@type":"WebPage","@id":"https:\/\/www.biennale-photo-mulhouse.com\/2026en\/beyond-frontiers-exhibition-in-datz-museum-of-art\/","url":"https:\/\/www.biennale-photo-mulhouse.com\/2026en\/beyond-frontiers-exhibition-in-datz-museum-of-art\/","name":"Beyond frontiers, exhibition in Datz Museum of Art - 2026 Mulhouse Photography Biennial","isPartOf":{"@id":"https:\/\/www.biennale-photo-mulhouse.com\/2026en\/#website"},"datePublished":"2025-09-08T08:26:44+00:00","dateModified":"2025-09-15T08:36:09+00:00","description":"Promise Litter \uc228\uaca8\uc9c4 \uc794\ud574 is Nigel Baldacchino's first solo show, hosted by Datz Museum of Art, South Korea.","breadcrumb":{"@id":"https:\/\/www.biennale-photo-mulhouse.com\/2026en\/beyond-frontiers-exhibition-in-datz-museum-of-art\/#breadcrumb"},"inLanguage":"fr-FR","potentialAction":[{"@type":"ReadAction","target":["https:\/\/www.biennale-photo-mulhouse.com\/2026en\/beyond-frontiers-exhibition-in-datz-museum-of-art\/"]}]},{"@type":"BreadcrumbList","@id":"https:\/\/www.biennale-photo-mulhouse.com\/2026en\/beyond-frontiers-exhibition-in-datz-museum-of-art\/#breadcrumb","itemListElement":[{"@type":"ListItem","position":1,"name":"Accueil","item":"https:\/\/www.biennale-photo-mulhouse.com\/2026en\/"},{"@type":"ListItem","position":2,"name":"Beyond frontiers, exhibition in Datz Museum of Art"}]},{"@type":"WebSite","@id":"https:\/\/www.biennale-photo-mulhouse.com\/2026en\/#website","url":"https:\/\/www.biennale-photo-mulhouse.com\/2026en\/","name":"Biennale de la Photographie de Mulhouse","description":"","potentialAction":[{"@type":"SearchAction","target":{"@type":"EntryPoint","urlTemplate":"https:\/\/www.biennale-photo-mulhouse.com\/2026en\/?s={search_term_string}"},"query-input":"required name=search_term_string"}],"inLanguage":"fr-FR"}]}},"_links":{"self":[{"href":"https:\/\/www.biennale-photo-mulhouse.com\/2026en\/wp-json\/wp\/v2\/pages\/1021","targetHints":{"allow":["GET"]}}],"collection":[{"href":"https:\/\/www.biennale-photo-mulhouse.com\/2026en\/wp-json\/wp\/v2\/pages"}],"about":[{"href":"https:\/\/www.biennale-photo-mulhouse.com\/2026en\/wp-json\/wp\/v2\/types\/page"}],"author":[{"embeddable":true,"href":"https:\/\/www.biennale-photo-mulhouse.com\/2026en\/wp-json\/wp\/v2\/users\/3"}],"replies":[{"embeddable":true,"href":"https:\/\/www.biennale-photo-mulhouse.com\/2026en\/wp-json\/wp\/v2\/comments?post=1021"}],"version-history":[{"count":8,"href":"https:\/\/www.biennale-photo-mulhouse.com\/2026en\/wp-json\/wp\/v2\/pages\/1021\/revisions"}],"predecessor-version":[{"id":1036,"href":"https:\/\/www.biennale-photo-mulhouse.com\/2026en\/wp-json\/wp\/v2\/pages\/1021\/revisions\/1036"}],"wp:attachment":[{"href":"https:\/\/www.biennale-photo-mulhouse.com\/2026en\/wp-json\/wp\/v2\/media?parent=1021"}],"wp:term":[{"taxonomy":"category","embeddable":true,"href":"https:\/\/www.biennale-photo-mulhouse.com\/2026en\/wp-json\/wp\/v2\/categories?post=1021"}],"curies":[{"name":"wp","href":"https:\/\/api.w.org\/{rel}","templated":true}]}}