{"id":929,"date":"2025-05-13T14:15:04","date_gmt":"2025-05-13T12:15:04","guid":{"rendered":"https:\/\/www.biennale-photo-mulhouse.com\/2026\/?page_id=929"},"modified":"2025-10-15T11:43:34","modified_gmt":"2025-10-15T09:43:34","slug":"soutenir-la-bpm","status":"publish","type":"page","link":"https:\/\/www.biennale-photo-mulhouse.com\/2026\/soutenir-la-bpm\/","title":{"rendered":"Soutenir la BPM"},"content":{"rendered":"<p><span class=\"small\"><strong>FR \u2b62 <a href=\"https:\/\/www.biennale-photo-mulhouse.com\/2026en\/support-the-festival\/\">ENG<\/a><\/strong><\/span><\/p>\n<h1>Soutenir la BPM<\/h1>\n<p>Port\u00e9e par l&rsquo;association l&rsquo;Agrandisseur, la Biennale de la Photographie de Mulhouse organise depuis 2013 des expositions et des \u00e9v\u00e8nements aussi exigeants en terme de qualit\u00e9 qu&rsquo;accessibles au plus grand nombre. La gratuit\u00e9 du festival pour le public t\u00e9moigne d&rsquo;un engagement fort pris en faveur de la d\u00e9mocratisation culturelle.\u00a0<\/p>\n<p>En soutenant le festival, vous permettez le maintien d&rsquo;une manifestation porteuse de sens dans son territoire, ouverte \u00e0 toutes et tous.\u00a0<\/p>\n<p class=\"cancel_mt\">\u00a0<\/p>\n<p class=\"offsetted\"><span class=\"theme_color\"><strong>Devenir m\u00e9c\u00e8ne de la Biennale de la Photographie de Mulhouse, c&rsquo;est :<\/strong> <\/span><\/p>\n<p class=\"offsetted with_color_arrow\">vous associer \u00e0 un festival de photographie unique en Grand Est<\/p>\n<p class=\"offsetted with_color_arrow\">marquer votre engagement en faveur de l\u2019exp\u00e9rience de la photographie par le plus large public<\/p>\n<p class=\"offsetted with_color_arrow\">soutenir des jeunes artistes de talent<\/p>\n<p class=\"offsetted with_color_arrow\">contribuer au rayonnement national et transfrontalier du territoire<\/p>\n<p>&nbsp;<\/p>\n<hr \/>\n<h2>Vous \u00eates une entreprise<\/h2>\n<p><span class=\"theme_color\">T\u00e9l\u00e9chargez le document de pr\u00e9sentation :<\/span>\u00a0<a class=\"btn pdf\" href=\"https:\/\/www.biennale-photo-mulhouse.com\/2026\/wp-content\/uploads\/sites\/7\/2025\/05\/mecenat-entreprises-BPM-2026-1.pdf\">M\u00e9c\u00e9nat d&rsquo;entreprise BPM 2026<\/a>\u00a0<\/p>\n<p><strong>Contacts m\u00e9c\u00e9nat :<\/strong> <br \/>\n&#8211; Fran\u00e7ois Diserens, Pr\u00e9sident de l\u2019Agrandisseur et Directeur G\u00e9n\u00e9ral de Tetrascreen, 06 74 97 03 96<br \/>\n&#8211; Anne Immel\u00e9, Directrice de la BPM, 06 99 73 81 80<\/p>\n<p><a href=\"mailto:agrandisseur@gmail.com\">agrandisseur@gmail.com<\/a><\/p>\n<h2>Vous \u00eates un particulier<\/h2>\n<p><span class=\"theme_color\">Vous pouvez soutenir le festival en faisant un don, de mani\u00e8re s\u00e9curis\u00e9e, sur notre plateforme HelloAsso :\u00a0<\/span><\/p>\n<p><iframe id=\"haWidget\" style=\"width: 100%; height: 70px; border: none;\" src=\"https:\/\/www.helloasso.com\/associations\/l-agrandisseur\/formulaires\/1\/widget-bouton\"> { const dataHeight = e.data.height; const haWidgetElement = document.getElementById(&lsquo;haWidget&rsquo;); haWidge<span style=\"display: inline-block; width: 0px; overflow: hidden; line-height: 0;\" data-mce-type=\"bookmark\" class=\"mce_SELRES_start\">\ufeff<\/span>tElement.height = dataHeight + &lsquo;px&rsquo;; } )\u00a0\u00bb &gt;<\/iframe><\/p>\n<p><span class=\"theme_color\">Vous pouvez \u00e9galement adh\u00e9rer \u00e0 l&rsquo;association l&rsquo;Agrandisseur pour participer activement \u00e0 ses projets :\u00a0<\/span><\/p>\n<p><iframe id=\"haWidget\" style=\"width: 100%; height: 70px; border: none;\" src=\"https:\/\/www.helloasso.com\/associations\/l-agrandisseur\/adhesions\/adhesion-2025\/widget-bouton\"><\/iframe><\/p>\n","protected":false},"excerpt":{"rendered":"<p>FR \u2b62 ENG Soutenir la BPM Port\u00e9e par l&rsquo;association l&rsquo;Agrandisseur, la Biennale de la Photographie de Mulhouse organise depuis 2013 des expositions et des \u00e9v\u00e8nements aussi exigeants en terme de qualit\u00e9 qu&rsquo;accessibles au plus grand nombre. La gratuit\u00e9 du festival pour le public t\u00e9moigne d&rsquo;un engagement fort pris en faveur de la d\u00e9mocratisation culturelle.\u00a0 En [&hellip;]<\/p>\n","protected":false},"author":3,"featured_media":0,"parent":0,"menu_order":0,"comment_status":"closed","ping_status":"closed","template":"","meta":{"footnotes":""},"categories":[1],"class_list":["post-929","page","type-page","status-publish","hentry","category-non-classe"],"acf":{"photo_gallery":{"gallery":[[{"id":930,"title":"Vue d'exposition, Taiyo Onorato & Nico Krebs, BPM 2022","caption":"Vue d'exposition, Taiyo Onorato & Nico Krebs, BPM 2022","full_image_url":"https:\/\/www.biennale-photo-mulhouse.com\/2026\/wp-content\/uploads\/sites\/7\/2025\/05\/Taiyo-Onorato-Nico-Krebs-BPM_2022-scaled.jpeg","thumbnail_image_url":"https:\/\/www.biennale-photo-mulhouse.com\/2026\/wp-content\/uploads\/sites\/7\/2025\/05\/Taiyo-Onorato-Nico-Krebs-BPM_2022-scaled.jpeg","large_srcset":"https:\/\/www.biennale-photo-mulhouse.com\/2026\/wp-content\/uploads\/sites\/7\/2025\/05\/Taiyo-Onorato-Nico-Krebs-BPM_2022-scaled.jpeg 2560w, https:\/\/www.biennale-photo-mulhouse.com\/2026\/wp-content\/uploads\/sites\/7\/2025\/05\/Taiyo-Onorato-Nico-Krebs-BPM_2022-768x512.jpeg 768w, https:\/\/www.biennale-photo-mulhouse.com\/2026\/wp-content\/uploads\/sites\/7\/2025\/05\/Taiyo-Onorato-Nico-Krebs-BPM_2022-1536x1024.jpeg 1536w, https:\/\/www.biennale-photo-mulhouse.com\/2026\/wp-content\/uploads\/sites\/7\/2025\/05\/Taiyo-Onorato-Nico-Krebs-BPM_2022-2048x1365.jpeg 2048w","medium_srcset":"https:\/\/www.biennale-photo-mulhouse.com\/2026\/wp-content\/uploads\/sites\/7\/2025\/05\/Taiyo-Onorato-Nico-Krebs-BPM_2022-scaled.jpeg 2560w, https:\/\/www.biennale-photo-mulhouse.com\/2026\/wp-content\/uploads\/sites\/7\/2025\/05\/Taiyo-Onorato-Nico-Krebs-BPM_2022-768x512.jpeg 768w, https:\/\/www.biennale-photo-mulhouse.com\/2026\/wp-content\/uploads\/sites\/7\/2025\/05\/Taiyo-Onorato-Nico-Krebs-BPM_2022-1536x1024.jpeg 1536w, https:\/\/www.biennale-photo-mulhouse.com\/2026\/wp-content\/uploads\/sites\/7\/2025\/05\/Taiyo-Onorato-Nico-Krebs-BPM_2022-2048x1365.jpeg 2048w","media_details":{"width":2560,"height":1707,"sizes":{"medium_large":{"file":"Taiyo-Onorato-Nico-Krebs-BPM_2022-768x512.jpeg","width":768,"height":512,"mime-type":"image\/jpeg","filesize":48443,"source_url":"https:\/\/www.biennale-photo-mulhouse.com\/2026\/wp-content\/uploads\/sites\/7\/2025\/05\/Taiyo-Onorato-Nico-Krebs-BPM_2022-768x512.jpeg"},"1536x1536":{"file":"Taiyo-Onorato-Nico-Krebs-BPM_2022-1536x1024.jpeg","width":1536,"height":1024,"mime-type":"image\/jpeg","filesize":138549,"source_url":"https:\/\/www.biennale-photo-mulhouse.com\/2026\/wp-content\/uploads\/sites\/7\/2025\/05\/Taiyo-Onorato-Nico-Krebs-BPM_2022-1536x1024.jpeg"},"2048x2048":{"file":"Taiyo-Onorato-Nico-Krebs-BPM_2022-2048x1365.jpeg","width":2048,"height":1365,"mime-type":"image\/jpeg","filesize":229853,"source_url":"https:\/\/www.biennale-photo-mulhouse.com\/2026\/wp-content\/uploads\/sites\/7\/2025\/05\/Taiyo-Onorato-Nico-Krebs-BPM_2022-2048x1365.jpeg"}}},"alt_text":"","url":"","target":""}]]}},"yoast_head":"<!-- This site is optimized with the Yoast SEO plugin v21.9.1 - https:\/\/yoast.com\/wordpress\/plugins\/seo\/ -->\n<title>Soutenir la BPM - BPM 2026 - Biennale de la Photographie de Mulhouse 2026<\/title>\n<meta name=\"description\" content=\"En soutenant la BPM, vous permettez le maintien d&#039;une manifestation ouverte \u00e0 toutes et tous et porteuse de sens dans son territoire.\" \/>\n<meta name=\"robots\" content=\"index, follow, max-snippet:-1, max-image-preview:large, max-video-preview:-1\" \/>\n<link rel=\"canonical\" href=\"https:\/\/www.biennale-photo-mulhouse.com\/2026\/soutenir-la-bpm\/\" \/>\n<meta property=\"og:locale\" content=\"fr_FR\" \/>\n<meta property=\"og:type\" content=\"article\" \/>\n<meta property=\"og:title\" content=\"Soutenir la BPM - BPM 2026 - Biennale de la Photographie de Mulhouse 2026\" \/>\n<meta property=\"og:description\" content=\"En soutenant la BPM, vous permettez le maintien d&#039;une manifestation ouverte \u00e0 toutes et tous et porteuse de sens dans son territoire.\" \/>\n<meta property=\"og:url\" content=\"https:\/\/www.biennale-photo-mulhouse.com\/2026\/soutenir-la-bpm\/\" \/>\n<meta property=\"og:site_name\" content=\"BPM 2026 - Biennale de la Photographie de Mulhouse 2026\" \/>\n<meta property=\"article:publisher\" content=\"https:\/\/www.facebook.com\/BiennaleDeLaPhotographieDeMulhouse\" \/>\n<meta property=\"article:modified_time\" content=\"2025-10-15T09:43:34+00:00\" \/>\n<meta name=\"twitter:card\" content=\"summary_large_image\" \/>\n<meta name=\"twitter:label1\" content=\"Dur\u00e9e de lecture estim\u00e9e\" \/>\n\t<meta name=\"twitter:data1\" content=\"2 minutes\" \/>\n<script type=\"application\/ld+json\" class=\"yoast-schema-graph\">{\"@context\":\"https:\/\/schema.org\",\"@graph\":[{\"@type\":\"WebPage\",\"@id\":\"https:\/\/www.biennale-photo-mulhouse.com\/2026\/soutenir-la-bpm\/\",\"url\":\"https:\/\/www.biennale-photo-mulhouse.com\/2026\/soutenir-la-bpm\/\",\"name\":\"Soutenir la BPM - BPM 2026 - Biennale de la Photographie de Mulhouse 2026\",\"isPartOf\":{\"@id\":\"https:\/\/www.biennale-photo-mulhouse.com\/2026\/#website\"},\"datePublished\":\"2025-05-13T12:15:04+00:00\",\"dateModified\":\"2025-10-15T09:43:34+00:00\",\"description\":\"En soutenant la BPM, vous permettez le maintien d'une manifestation ouverte \u00e0 toutes et tous et porteuse de sens dans son territoire.\",\"breadcrumb\":{\"@id\":\"https:\/\/www.biennale-photo-mulhouse.com\/2026\/soutenir-la-bpm\/#breadcrumb\"},\"inLanguage\":\"fr-FR\",\"potentialAction\":[{\"@type\":\"ReadAction\",\"target\":[\"https:\/\/www.biennale-photo-mulhouse.com\/2026\/soutenir-la-bpm\/\"]}]},{\"@type\":\"BreadcrumbList\",\"@id\":\"https:\/\/www.biennale-photo-mulhouse.com\/2026\/soutenir-la-bpm\/#breadcrumb\",\"itemListElement\":[{\"@type\":\"ListItem\",\"position\":1,\"name\":\"Accueil\",\"item\":\"https:\/\/www.biennale-photo-mulhouse.com\/2026\/\"},{\"@type\":\"ListItem\",\"position\":2,\"name\":\"Soutenir la BPM\"}]},{\"@type\":\"WebSite\",\"@id\":\"https:\/\/www.biennale-photo-mulhouse.com\/2026\/#website\",\"url\":\"https:\/\/www.biennale-photo-mulhouse.com\/2026\/\",\"name\":\"Biennale de la Photographie de Mulhouse\",\"description\":\"\",\"potentialAction\":[{\"@type\":\"SearchAction\",\"target\":{\"@type\":\"EntryPoint\",\"urlTemplate\":\"https:\/\/www.biennale-photo-mulhouse.com\/2026\/?s={search_term_string}\"},\"query-input\":\"required name=search_term_string\"}],\"inLanguage\":\"fr-FR\"}]}<\/script>\n<!-- \/ Yoast SEO plugin. -->","yoast_head_json":{"title":"Soutenir la BPM - BPM 2026 - Biennale de la Photographie de Mulhouse 2026","description":"En soutenant la BPM, vous permettez le maintien d'une manifestation ouverte \u00e0 toutes et tous et porteuse de sens dans son territoire.","robots":{"index":"index","follow":"follow","max-snippet":"max-snippet:-1","max-image-preview":"max-image-preview:large","max-video-preview":"max-video-preview:-1"},"canonical":"https:\/\/www.biennale-photo-mulhouse.com\/2026\/soutenir-la-bpm\/","og_locale":"fr_FR","og_type":"article","og_title":"Soutenir la BPM - BPM 2026 - Biennale de la Photographie de Mulhouse 2026","og_description":"En soutenant la BPM, vous permettez le maintien d'une manifestation ouverte \u00e0 toutes et tous et porteuse de sens dans son territoire.","og_url":"https:\/\/www.biennale-photo-mulhouse.com\/2026\/soutenir-la-bpm\/","og_site_name":"BPM 2026 - Biennale de la Photographie de Mulhouse 2026","article_publisher":"https:\/\/www.facebook.com\/BiennaleDeLaPhotographieDeMulhouse","article_modified_time":"2025-10-15T09:43:34+00:00","twitter_card":"summary_large_image","twitter_misc":{"Dur\u00e9e de lecture estim\u00e9e":"2 minutes"},"schema":{"@context":"https:\/\/schema.org","@graph":[{"@type":"WebPage","@id":"https:\/\/www.biennale-photo-mulhouse.com\/2026\/soutenir-la-bpm\/","url":"https:\/\/www.biennale-photo-mulhouse.com\/2026\/soutenir-la-bpm\/","name":"Soutenir la BPM - BPM 2026 - Biennale de la Photographie de Mulhouse 2026","isPartOf":{"@id":"https:\/\/www.biennale-photo-mulhouse.com\/2026\/#website"},"datePublished":"2025-05-13T12:15:04+00:00","dateModified":"2025-10-15T09:43:34+00:00","description":"En soutenant la BPM, vous permettez le maintien d'une manifestation ouverte \u00e0 toutes et tous et porteuse de sens dans son territoire.","breadcrumb":{"@id":"https:\/\/www.biennale-photo-mulhouse.com\/2026\/soutenir-la-bpm\/#breadcrumb"},"inLanguage":"fr-FR","potentialAction":[{"@type":"ReadAction","target":["https:\/\/www.biennale-photo-mulhouse.com\/2026\/soutenir-la-bpm\/"]}]},{"@type":"BreadcrumbList","@id":"https:\/\/www.biennale-photo-mulhouse.com\/2026\/soutenir-la-bpm\/#breadcrumb","itemListElement":[{"@type":"ListItem","position":1,"name":"Accueil","item":"https:\/\/www.biennale-photo-mulhouse.com\/2026\/"},{"@type":"ListItem","position":2,"name":"Soutenir la BPM"}]},{"@type":"WebSite","@id":"https:\/\/www.biennale-photo-mulhouse.com\/2026\/#website","url":"https:\/\/www.biennale-photo-mulhouse.com\/2026\/","name":"Biennale de la Photographie de Mulhouse","description":"","potentialAction":[{"@type":"SearchAction","target":{"@type":"EntryPoint","urlTemplate":"https:\/\/www.biennale-photo-mulhouse.com\/2026\/?s={search_term_string}"},"query-input":"required name=search_term_string"}],"inLanguage":"fr-FR"}]}},"_links":{"self":[{"href":"https:\/\/www.biennale-photo-mulhouse.com\/2026\/wp-json\/wp\/v2\/pages\/929","targetHints":{"allow":["GET"]}}],"collection":[{"href":"https:\/\/www.biennale-photo-mulhouse.com\/2026\/wp-json\/wp\/v2\/pages"}],"about":[{"href":"https:\/\/www.biennale-photo-mulhouse.com\/2026\/wp-json\/wp\/v2\/types\/page"}],"author":[{"embeddable":true,"href":"https:\/\/www.biennale-photo-mulhouse.com\/2026\/wp-json\/wp\/v2\/users\/3"}],"replies":[{"embeddable":true,"href":"https:\/\/www.biennale-photo-mulhouse.com\/2026\/wp-json\/wp\/v2\/comments?post=929"}],"version-history":[{"count":16,"href":"https:\/\/www.biennale-photo-mulhouse.com\/2026\/wp-json\/wp\/v2\/pages\/929\/revisions"}],"predecessor-version":[{"id":1068,"href":"https:\/\/www.biennale-photo-mulhouse.com\/2026\/wp-json\/wp\/v2\/pages\/929\/revisions\/1068"}],"wp:attachment":[{"href":"https:\/\/www.biennale-photo-mulhouse.com\/2026\/wp-json\/wp\/v2\/media?parent=929"}],"wp:term":[{"taxonomy":"category","embeddable":true,"href":"https:\/\/www.biennale-photo-mulhouse.com\/2026\/wp-json\/wp\/v2\/categories?post=929"}],"curies":[{"name":"wp","href":"https:\/\/api.w.org\/{rel}","templated":true}]}}