{"id":827,"date":"2025-03-12T10:13:21","date_gmt":"2025-03-12T09:13:21","guid":{"rendered":"https:\/\/www.biennale-photo-mulhouse.com\/2026\/?page_id=827"},"modified":"2026-04-24T11:51:19","modified_gmt":"2026-04-24T09:51:19","slug":"pablo-castilla-altiplano","status":"publish","type":"page","link":"https:\/\/www.biennale-photo-mulhouse.com\/2026\/pablo-castilla-altiplano\/","title":{"rendered":"Altiplano, Pablo Castilla"},"content":{"rendered":"<p><span class=\"small\"><strong>FR \u2b62 <a href=\"https:\/\/www.biennale-photo-mulhouse.com\/2026en\/pablo-castilla-altiplano\/\">EN<\/a><\/strong><\/span><\/p>\n<h1><span class=\"theme_color\"><em>Altiplano<\/em><\/span><\/h1>\n<h2>Pablo Castilla<\/h2>\n<p class=\"offsetted\"><strong>Berges de l\u2019Ill\/ Quai des Cigognes (autour de la Maison des Berges), Mulhouse\u00a0<\/strong><br \/>\n<span class=\"theme_color\">15 juin 2025 &#8211; juillet 2026<\/span><br \/>\n<strong><span class=\"theme_color\">Visite guid\u00e9e le dimanche 7 juin \u00e0 12h\u00a0<\/span><\/strong><\/p>\n<p>En f\u00e9vrier 2025, la Biennale de la Photographie de Mulhouse et <a href=\"https:\/\/www.mulhouse-art-contemporain.fr\/\" target=\"_blank\" rel=\"noopener\">Mulhouse Art Contemporain<\/a> ont lanc\u00e9 un appel \u00e0 candidature commun pour une exposition individuelle. Avec sa s\u00e9rie <em>Altiplano<\/em>, Pablo Castilla en est le laur\u00e9at.<\/p>\n<p>L\u2019Altiplano est l\u2019une des r\u00e9gions les moins peupl\u00e9es du sud de l\u2019Espagne, une zone vaste et aride que le photographe explore depuis 2015. Or, ce territoire accueillait il y a plusieurs millions d\u2019ann\u00e9es un \u00e9cosyst\u00e8me d\u2019une richesse absolue, rassembl\u00e9 autour d\u2019une lagune. Des fouilles arch\u00e9ologiques ont permis d\u2019y mettre au jour les traces d\u2019esp\u00e8ces animales d\u00e9sormais disparues (comme des mammouths ou des tigres \u00e0 dents de sabre) mais aussi celles des premi\u00e8res communaut\u00e9s humaines install\u00e9es en Europe. En effet, la d\u00e9couverte de la dent d\u2019un jeune gar\u00e7on ayant v\u00e9cu il y a 1.4 million d\u2019ann\u00e9es constitue une r\u00e9v\u00e9lation scientifique majeure. Aujourd\u2019hui d\u00e9sertifi\u00e9e, cette \u00e9tendue r\u00e9v\u00e8le de nombreuses fissures et grottes propices \u00e0 l\u2019imagination de ces vestiges du pass\u00e9. Un temps si lointain qu\u2019il est difficile \u00e0 concevoir et appartient presque au domaine du merveilleux.<\/p>\n<p>D\u00e8s ses premiers pas dans cet espace, Pablo Castilla a \u00e9t\u00e9 attir\u00e9 par le potentiel po\u00e9tique des cavit\u00e9s qui le parcourent, comme si elles \u00e9taient des portes d\u2019entr\u00e9e vers un autre univers. Guid\u00e9 par un chaman dans le monde souterrain autant que spirituel, il a souhait\u00e9 mettre en dialogue le paysage de surface avec cet autre niveau de r\u00e9alit\u00e9. Les visions re\u00e7ues lors de ces voyages chamaniques ont autant model\u00e9 son exp\u00e9rience du lieu que ses confrontations avec le r\u00e9el, parfois \u00e9trange, ont marqu\u00e9 son inconscient. Sur la toile de fond qu\u2019est ce d\u00e9sert espagnol, il cr\u00e9e des compositions o\u00f9 le min\u00e9ral pr\u00e9vaut, parfois teint\u00e9es d\u2019un certain regard surr\u00e9aliste. Ses photographies rendent visible ce que le temps et les forces g\u00e9ologiques ont enfoui, autant que les croyances n\u00e9es de ces myst\u00e8res. Ainsi, les strates temporelles et symboliques se superposent en permettant une compr\u00e9hension plus riche de la r\u00e9alit\u00e9.<\/p>\n<p><em>N\u00e9 en Espagne en 1980, Pablo Castilla vit et travaille en Norv\u00e8ge. Son travail photographique, cin\u00e9matographique ou de performance se situe dans l\u2019exploration directe de la r\u00e9alit\u00e9 selon un langage documentaire. Il a \u00e9t\u00e9 conservateur de la photographie \u00e0 la Biblioth\u00e8que Nationale de Norv\u00e8ge et y a men\u00e9 un projet pour la pr\u00e9servation de photographies d\u2019observation solaire. Il b\u00e9n\u00e9ficie actuellement d\u2019une bourse d\u2019un an attribu\u00e9e par la Direction norv\u00e9gienne de la Culture.<br \/>\n<\/em><\/p>\n<p><a href=\"https:\/\/www.pablocastilla.net\/\" target=\"_blank\" rel=\"noopener\">https:\/\/www.pablocastilla.net\/<\/a><\/p>\n<p><img loading=\"lazy\" decoding=\"async\" class=\"alignnone size-full wp-image-861\" src=\"https:\/\/www.biennale-photo-mulhouse.com\/2026\/wp-content\/uploads\/sites\/7\/2025\/04\/Altiplano_4.jpg\" alt=\"\" width=\"2000\" height=\"1607\" srcset=\"https:\/\/www.biennale-photo-mulhouse.com\/2026\/wp-content\/uploads\/sites\/7\/2025\/04\/Altiplano_4.jpg 2000w, https:\/\/www.biennale-photo-mulhouse.com\/2026\/wp-content\/uploads\/sites\/7\/2025\/04\/Altiplano_4-768x617.jpg 768w, https:\/\/www.biennale-photo-mulhouse.com\/2026\/wp-content\/uploads\/sites\/7\/2025\/04\/Altiplano_4-1536x1234.jpg 1536w\" sizes=\"auto, (max-width: 2000px) 100vw, 2000px\" \/><\/p>\n<p class=\"img_caption\">Pablo Castilla, <em>Altiplano,<\/em> 2015 &#8211; en cours<\/p>\n","protected":false},"excerpt":{"rendered":"<p>FR \u2b62 EN Altiplano Pablo Castilla Berges de l\u2019Ill\/ Quai des Cigognes (autour de la Maison des Berges), Mulhouse\u00a0 15 juin 2025 &#8211; juillet 2026 Visite guid\u00e9e le dimanche 7 juin \u00e0 12h\u00a0 En f\u00e9vrier 2025, la Biennale de la Photographie de Mulhouse et Mulhouse Art Contemporain ont lanc\u00e9 un appel \u00e0 candidature commun pour [&hellip;]<\/p>\n","protected":false},"author":3,"featured_media":0,"parent":0,"menu_order":0,"comment_status":"closed","ping_status":"closed","template":"","meta":{"footnotes":""},"categories":[1],"class_list":["post-827","page","type-page","status-publish","hentry","category-non-classe"],"acf":{"photo_gallery":{"gallery":[[{"id":877,"title":"Altiplano_6","caption":"Pablo Castilla, <i> Altiplano <\/i>","full_image_url":"https:\/\/www.biennale-photo-mulhouse.com\/2026\/wp-content\/uploads\/sites\/7\/2025\/04\/Altiplano_6.jpg","thumbnail_image_url":"https:\/\/www.biennale-photo-mulhouse.com\/2026\/wp-content\/uploads\/sites\/7\/2025\/04\/Altiplano_6.jpg","large_srcset":"https:\/\/www.biennale-photo-mulhouse.com\/2026\/wp-content\/uploads\/sites\/7\/2025\/04\/Altiplano_6.jpg 2000w, https:\/\/www.biennale-photo-mulhouse.com\/2026\/wp-content\/uploads\/sites\/7\/2025\/04\/Altiplano_6-768x616.jpg 768w, https:\/\/www.biennale-photo-mulhouse.com\/2026\/wp-content\/uploads\/sites\/7\/2025\/04\/Altiplano_6-1536x1232.jpg 1536w","medium_srcset":"https:\/\/www.biennale-photo-mulhouse.com\/2026\/wp-content\/uploads\/sites\/7\/2025\/04\/Altiplano_6.jpg 2000w, https:\/\/www.biennale-photo-mulhouse.com\/2026\/wp-content\/uploads\/sites\/7\/2025\/04\/Altiplano_6-768x616.jpg 768w, https:\/\/www.biennale-photo-mulhouse.com\/2026\/wp-content\/uploads\/sites\/7\/2025\/04\/Altiplano_6-1536x1232.jpg 1536w","media_details":{"width":2000,"height":1604,"sizes":{"medium_large":{"file":"Altiplano_6-768x616.jpg","width":768,"height":616,"mime-type":"image\/jpeg","filesize":115523,"source_url":"https:\/\/www.biennale-photo-mulhouse.com\/2026\/wp-content\/uploads\/sites\/7\/2025\/04\/Altiplano_6-768x616.jpg"},"1536x1536":{"file":"Altiplano_6-1536x1232.jpg","width":1536,"height":1232,"mime-type":"image\/jpeg","filesize":392947,"source_url":"https:\/\/www.biennale-photo-mulhouse.com\/2026\/wp-content\/uploads\/sites\/7\/2025\/04\/Altiplano_6-1536x1232.jpg"}}},"alt_text":"","url":"","target":""}]]}},"yoast_head":"<!-- This site is optimized with the Yoast SEO plugin v21.9.1 - https:\/\/yoast.com\/wordpress\/plugins\/seo\/ -->\n<title>Altiplano, Pablo Castilla - BPM 2026 - Biennale de la Photographie de Mulhouse 2026<\/title>\n<meta name=\"description\" content=\"L\u2019Altiplano est l\u2019une des r\u00e9gions les moins peupl\u00e9es du sud de l\u2019Espagne, une zone vaste et aride que le photographe explore depuis 2015\" \/>\n<meta name=\"robots\" content=\"index, follow, max-snippet:-1, max-image-preview:large, max-video-preview:-1\" \/>\n<link rel=\"canonical\" href=\"https:\/\/www.biennale-photo-mulhouse.com\/2026\/pablo-castilla-altiplano\/\" \/>\n<meta property=\"og:locale\" content=\"fr_FR\" \/>\n<meta property=\"og:type\" content=\"article\" \/>\n<meta property=\"og:title\" content=\"Altiplano, Pablo Castilla - BPM 2026 - Biennale de la Photographie de Mulhouse 2026\" \/>\n<meta property=\"og:description\" content=\"L\u2019Altiplano est l\u2019une des r\u00e9gions les moins peupl\u00e9es du sud de l\u2019Espagne, une zone vaste et aride que le photographe explore depuis 2015\" \/>\n<meta property=\"og:url\" content=\"https:\/\/www.biennale-photo-mulhouse.com\/2026\/pablo-castilla-altiplano\/\" \/>\n<meta property=\"og:site_name\" content=\"BPM 2026 - Biennale de la Photographie de Mulhouse 2026\" \/>\n<meta property=\"article:publisher\" content=\"https:\/\/www.facebook.com\/BiennaleDeLaPhotographieDeMulhouse\" \/>\n<meta property=\"article:modified_time\" content=\"2026-04-24T09:51:19+00:00\" \/>\n<meta property=\"og:image\" content=\"https:\/\/www.biennale-photo-mulhouse.com\/2026\/wp-content\/uploads\/sites\/7\/2025\/04\/Altiplano_4.jpg\" \/>\n<meta name=\"twitter:card\" content=\"summary_large_image\" \/>\n<meta name=\"twitter:label1\" content=\"Dur\u00e9e de lecture estim\u00e9e\" \/>\n\t<meta name=\"twitter:data1\" content=\"3 minutes\" \/>\n<script type=\"application\/ld+json\" class=\"yoast-schema-graph\">{\"@context\":\"https:\/\/schema.org\",\"@graph\":[{\"@type\":\"WebPage\",\"@id\":\"https:\/\/www.biennale-photo-mulhouse.com\/2026\/pablo-castilla-altiplano\/\",\"url\":\"https:\/\/www.biennale-photo-mulhouse.com\/2026\/pablo-castilla-altiplano\/\",\"name\":\"Altiplano, Pablo Castilla - BPM 2026 - Biennale de la Photographie de Mulhouse 2026\",\"isPartOf\":{\"@id\":\"https:\/\/www.biennale-photo-mulhouse.com\/2026\/#website\"},\"datePublished\":\"2025-03-12T09:13:21+00:00\",\"dateModified\":\"2026-04-24T09:51:19+00:00\",\"description\":\"L\u2019Altiplano est l\u2019une des r\u00e9gions les moins peupl\u00e9es du sud de l\u2019Espagne, une zone vaste et aride que le photographe explore depuis 2015\",\"breadcrumb\":{\"@id\":\"https:\/\/www.biennale-photo-mulhouse.com\/2026\/pablo-castilla-altiplano\/#breadcrumb\"},\"inLanguage\":\"fr-FR\",\"potentialAction\":[{\"@type\":\"ReadAction\",\"target\":[\"https:\/\/www.biennale-photo-mulhouse.com\/2026\/pablo-castilla-altiplano\/\"]}]},{\"@type\":\"BreadcrumbList\",\"@id\":\"https:\/\/www.biennale-photo-mulhouse.com\/2026\/pablo-castilla-altiplano\/#breadcrumb\",\"itemListElement\":[{\"@type\":\"ListItem\",\"position\":1,\"name\":\"Accueil\",\"item\":\"https:\/\/www.biennale-photo-mulhouse.com\/2026\/\"},{\"@type\":\"ListItem\",\"position\":2,\"name\":\"Altiplano, Pablo Castilla\"}]},{\"@type\":\"WebSite\",\"@id\":\"https:\/\/www.biennale-photo-mulhouse.com\/2026\/#website\",\"url\":\"https:\/\/www.biennale-photo-mulhouse.com\/2026\/\",\"name\":\"Biennale de la Photographie de Mulhouse\",\"description\":\"\",\"potentialAction\":[{\"@type\":\"SearchAction\",\"target\":{\"@type\":\"EntryPoint\",\"urlTemplate\":\"https:\/\/www.biennale-photo-mulhouse.com\/2026\/?s={search_term_string}\"},\"query-input\":\"required name=search_term_string\"}],\"inLanguage\":\"fr-FR\"}]}<\/script>\n<!-- \/ Yoast SEO plugin. -->","yoast_head_json":{"title":"Altiplano, Pablo Castilla - BPM 2026 - Biennale de la Photographie de Mulhouse 2026","description":"L\u2019Altiplano est l\u2019une des r\u00e9gions les moins peupl\u00e9es du sud de l\u2019Espagne, une zone vaste et aride que le photographe explore depuis 2015","robots":{"index":"index","follow":"follow","max-snippet":"max-snippet:-1","max-image-preview":"max-image-preview:large","max-video-preview":"max-video-preview:-1"},"canonical":"https:\/\/www.biennale-photo-mulhouse.com\/2026\/pablo-castilla-altiplano\/","og_locale":"fr_FR","og_type":"article","og_title":"Altiplano, Pablo Castilla - BPM 2026 - Biennale de la Photographie de Mulhouse 2026","og_description":"L\u2019Altiplano est l\u2019une des r\u00e9gions les moins peupl\u00e9es du sud de l\u2019Espagne, une zone vaste et aride que le photographe explore depuis 2015","og_url":"https:\/\/www.biennale-photo-mulhouse.com\/2026\/pablo-castilla-altiplano\/","og_site_name":"BPM 2026 - Biennale de la Photographie de Mulhouse 2026","article_publisher":"https:\/\/www.facebook.com\/BiennaleDeLaPhotographieDeMulhouse","article_modified_time":"2026-04-24T09:51:19+00:00","og_image":[{"url":"https:\/\/www.biennale-photo-mulhouse.com\/2026\/wp-content\/uploads\/sites\/7\/2025\/04\/Altiplano_4.jpg"}],"twitter_card":"summary_large_image","twitter_misc":{"Dur\u00e9e de lecture estim\u00e9e":"3 minutes"},"schema":{"@context":"https:\/\/schema.org","@graph":[{"@type":"WebPage","@id":"https:\/\/www.biennale-photo-mulhouse.com\/2026\/pablo-castilla-altiplano\/","url":"https:\/\/www.biennale-photo-mulhouse.com\/2026\/pablo-castilla-altiplano\/","name":"Altiplano, Pablo Castilla - BPM 2026 - Biennale de la Photographie de Mulhouse 2026","isPartOf":{"@id":"https:\/\/www.biennale-photo-mulhouse.com\/2026\/#website"},"datePublished":"2025-03-12T09:13:21+00:00","dateModified":"2026-04-24T09:51:19+00:00","description":"L\u2019Altiplano est l\u2019une des r\u00e9gions les moins peupl\u00e9es du sud de l\u2019Espagne, une zone vaste et aride que le photographe explore depuis 2015","breadcrumb":{"@id":"https:\/\/www.biennale-photo-mulhouse.com\/2026\/pablo-castilla-altiplano\/#breadcrumb"},"inLanguage":"fr-FR","potentialAction":[{"@type":"ReadAction","target":["https:\/\/www.biennale-photo-mulhouse.com\/2026\/pablo-castilla-altiplano\/"]}]},{"@type":"BreadcrumbList","@id":"https:\/\/www.biennale-photo-mulhouse.com\/2026\/pablo-castilla-altiplano\/#breadcrumb","itemListElement":[{"@type":"ListItem","position":1,"name":"Accueil","item":"https:\/\/www.biennale-photo-mulhouse.com\/2026\/"},{"@type":"ListItem","position":2,"name":"Altiplano, Pablo Castilla"}]},{"@type":"WebSite","@id":"https:\/\/www.biennale-photo-mulhouse.com\/2026\/#website","url":"https:\/\/www.biennale-photo-mulhouse.com\/2026\/","name":"Biennale de la Photographie de Mulhouse","description":"","potentialAction":[{"@type":"SearchAction","target":{"@type":"EntryPoint","urlTemplate":"https:\/\/www.biennale-photo-mulhouse.com\/2026\/?s={search_term_string}"},"query-input":"required name=search_term_string"}],"inLanguage":"fr-FR"}]}},"_links":{"self":[{"href":"https:\/\/www.biennale-photo-mulhouse.com\/2026\/wp-json\/wp\/v2\/pages\/827","targetHints":{"allow":["GET"]}}],"collection":[{"href":"https:\/\/www.biennale-photo-mulhouse.com\/2026\/wp-json\/wp\/v2\/pages"}],"about":[{"href":"https:\/\/www.biennale-photo-mulhouse.com\/2026\/wp-json\/wp\/v2\/types\/page"}],"author":[{"embeddable":true,"href":"https:\/\/www.biennale-photo-mulhouse.com\/2026\/wp-json\/wp\/v2\/users\/3"}],"replies":[{"embeddable":true,"href":"https:\/\/www.biennale-photo-mulhouse.com\/2026\/wp-json\/wp\/v2\/comments?post=827"}],"version-history":[{"count":32,"href":"https:\/\/www.biennale-photo-mulhouse.com\/2026\/wp-json\/wp\/v2\/pages\/827\/revisions"}],"predecessor-version":[{"id":1402,"href":"https:\/\/www.biennale-photo-mulhouse.com\/2026\/wp-json\/wp\/v2\/pages\/827\/revisions\/1402"}],"wp:attachment":[{"href":"https:\/\/www.biennale-photo-mulhouse.com\/2026\/wp-json\/wp\/v2\/media?parent=827"}],"wp:term":[{"taxonomy":"category","embeddable":true,"href":"https:\/\/www.biennale-photo-mulhouse.com\/2026\/wp-json\/wp\/v2\/categories?post=827"}],"curies":[{"name":"wp","href":"https:\/\/api.w.org\/{rel}","templated":true}]}}