{"id":2,"date":"2023-12-28T20:53:51","date_gmt":"2023-12-28T19:53:51","guid":{"rendered":"https:\/\/www.biennale-photo-mulhouse.com\/en2024\/?page_id=2"},"modified":"2026-03-27T09:12:34","modified_gmt":"2026-03-27T08:12:34","slug":"accueil","status":"publish","type":"page","link":"https:\/\/www.biennale-photo-mulhouse.com\/2026\/","title":{"rendered":"Accueil"},"content":{"rendered":"<p><strong><em>FR\/<a href=\"https:\/\/www.biennale-photo-mulhouse.com\/2026en\/\">EN<\/a><\/em><\/strong><\/p>\n<h1><span class=\"theme_color\"><em>s\u00e9dimentation(s)<\/em> <br \/>\n<\/span><\/h1>\n<p class=\"cancel_mt\">7\u00e8me \u00e9dition de la Biennale de la Photographie de Mulhouse<br \/>\n<span class=\"theme_color\"><strong>5 juin &#8211; 5 juillet 2026<\/strong><\/span><\/p>\n<p class=\"cancel_mt\"><span class=\"theme_color\"><br \/>\nJourn\u00e9es inaugurales les 5-6-7 juin<\/span><\/p>\n<p>&nbsp;<\/p>\n<p>Cette \u00e9dition de la Biennale de la Photographie de Mulhouse invite \u00e0 explorer des g\u00e9ographies terrestres et mentales, en s&rsquo;appuyant sur des notions de s\u00e9dimentation, de stratification, de mati\u00e8re-flux et de plasticit\u00e9 des m\u00e9moires collectives et individuelles.<\/p>\n<p class=\"offsetted with_color_arrow\"><span class=\"theme_color\"><strong>D\u00e9couvrez <a href=\"https:\/\/www.biennale-photo-mulhouse.com\/2026\/toutes-les-expositions\/\">les expositions<\/a> et <a href=\"https:\/\/www.biennale-photo-mulhouse.com\/2026\/commissaires-dexposition\/\">leurs commissaires<\/a>\u00a0<\/strong><\/span><\/p>\n<p><a class=\"btn pdf\" href=\"https:\/\/www.biennale-photo-mulhouse.com\/2026\/wp-content\/uploads\/sites\/7\/2026\/03\/DP-BPM-2026.pdf\">Dossier de presse<\/a><\/p>\n<p>&nbsp;<\/p>\n<p>&nbsp;<\/p>\n<p>&nbsp;<\/p>\n","protected":false},"excerpt":{"rendered":"<p>FR\/EN s\u00e9dimentation(s) 7\u00e8me \u00e9dition de la Biennale de la Photographie de Mulhouse 5 juin &#8211; 5 juillet 2026 Journ\u00e9es inaugurales les 5-6-7 juin &nbsp; Cette \u00e9dition de la Biennale de la Photographie de Mulhouse invite \u00e0 explorer des g\u00e9ographies terrestres et mentales, en s&rsquo;appuyant sur des notions de s\u00e9dimentation, de stratification, de mati\u00e8re-flux et de [&hellip;]<\/p>\n","protected":false},"author":1,"featured_media":0,"parent":0,"menu_order":0,"comment_status":"closed","ping_status":"open","template":"","meta":{"footnotes":""},"categories":[4],"class_list":["post-2","page","type-page","status-publish","hentry","category-archives"],"acf":{"photo_gallery":{"gallery":[[{"id":1121,"title":"Fran\u00e7ois Jonquet, Forage, 2023","caption":"Fran\u00e7ois Jonquet, <i>Forage<\/i>, 2023","full_image_url":"https:\/\/www.biennale-photo-mulhouse.com\/2026\/wp-content\/uploads\/sites\/7\/2026\/02\/Francois-Jonquet-Forage-2023.jpg","thumbnail_image_url":"https:\/\/www.biennale-photo-mulhouse.com\/2026\/wp-content\/uploads\/sites\/7\/2026\/02\/Francois-Jonquet-Forage-2023.jpg","large_srcset":"https:\/\/www.biennale-photo-mulhouse.com\/2026\/wp-content\/uploads\/sites\/7\/2026\/02\/Francois-Jonquet-Forage-2023.jpg 1198w, https:\/\/www.biennale-photo-mulhouse.com\/2026\/wp-content\/uploads\/sites\/7\/2026\/02\/Francois-Jonquet-Forage-2023-768x1068.jpg 768w, https:\/\/www.biennale-photo-mulhouse.com\/2026\/wp-content\/uploads\/sites\/7\/2026\/02\/Francois-Jonquet-Forage-2023-1105x1536.jpg 1105w","medium_srcset":"https:\/\/www.biennale-photo-mulhouse.com\/2026\/wp-content\/uploads\/sites\/7\/2026\/02\/Francois-Jonquet-Forage-2023.jpg 1198w, https:\/\/www.biennale-photo-mulhouse.com\/2026\/wp-content\/uploads\/sites\/7\/2026\/02\/Francois-Jonquet-Forage-2023-768x1068.jpg 768w, https:\/\/www.biennale-photo-mulhouse.com\/2026\/wp-content\/uploads\/sites\/7\/2026\/02\/Francois-Jonquet-Forage-2023-1105x1536.jpg 1105w","media_details":{"width":1198,"height":1666,"sizes":{"medium_large":{"file":"Francois-Jonquet-Forage-2023-768x1068.jpg","width":768,"height":1068,"mime-type":"image\/jpeg","filesize":228380,"source_url":"https:\/\/www.biennale-photo-mulhouse.com\/2026\/wp-content\/uploads\/sites\/7\/2026\/02\/Francois-Jonquet-Forage-2023-768x1068.jpg"},"1536x1536":{"file":"Francois-Jonquet-Forage-2023-1105x1536.jpg","width":1105,"height":1536,"mime-type":"image\/jpeg","filesize":465837,"source_url":"https:\/\/www.biennale-photo-mulhouse.com\/2026\/wp-content\/uploads\/sites\/7\/2026\/02\/Francois-Jonquet-Forage-2023-1105x1536.jpg"}}},"alt_text":"","url":"","target":""},{"id":1133,"title":"LauerManenti_10","caption":"Ruth Lauer Manenti, <i>4 Sides of The Table<\/i>, 2022-2024","full_image_url":"https:\/\/www.biennale-photo-mulhouse.com\/2026\/wp-content\/uploads\/sites\/7\/2026\/02\/LauerManenti_10.jpg","thumbnail_image_url":"https:\/\/www.biennale-photo-mulhouse.com\/2026\/wp-content\/uploads\/sites\/7\/2026\/02\/LauerManenti_10.jpg","large_srcset":"https:\/\/www.biennale-photo-mulhouse.com\/2026\/wp-content\/uploads\/sites\/7\/2026\/02\/LauerManenti_10.jpg 1800w, https:\/\/www.biennale-photo-mulhouse.com\/2026\/wp-content\/uploads\/sites\/7\/2026\/02\/LauerManenti_10-768x614.jpg 768w, https:\/\/www.biennale-photo-mulhouse.com\/2026\/wp-content\/uploads\/sites\/7\/2026\/02\/LauerManenti_10-1536x1229.jpg 1536w","medium_srcset":"https:\/\/www.biennale-photo-mulhouse.com\/2026\/wp-content\/uploads\/sites\/7\/2026\/02\/LauerManenti_10.jpg 1800w, https:\/\/www.biennale-photo-mulhouse.com\/2026\/wp-content\/uploads\/sites\/7\/2026\/02\/LauerManenti_10-768x614.jpg 768w, https:\/\/www.biennale-photo-mulhouse.com\/2026\/wp-content\/uploads\/sites\/7\/2026\/02\/LauerManenti_10-1536x1229.jpg 1536w","media_details":{"width":1800,"height":1440,"sizes":{"medium_large":{"file":"LauerManenti_10-768x614.jpg","width":768,"height":614,"mime-type":"image\/jpeg","filesize":43063,"source_url":"https:\/\/www.biennale-photo-mulhouse.com\/2026\/wp-content\/uploads\/sites\/7\/2026\/02\/LauerManenti_10-768x614.jpg"},"1536x1536":{"file":"LauerManenti_10-1536x1229.jpg","width":1536,"height":1229,"mime-type":"image\/jpeg","filesize":91074,"source_url":"https:\/\/www.biennale-photo-mulhouse.com\/2026\/wp-content\/uploads\/sites\/7\/2026\/02\/LauerManenti_10-1536x1229.jpg"}}},"alt_text":"","url":"","target":""},{"id":1136,"title":"03_2025_MariliaDestot_MEMORYSCAPES_Sedimentations_ed1-5_web","caption":"Marilia Destot, <i>S\u00e9dimentations<\/i> de la s\u00e9rie <i>Memoryscapes<\/i>, 2025 \u00a9 Courtesy galerie Sit Down.","full_image_url":"https:\/\/www.biennale-photo-mulhouse.com\/2026\/wp-content\/uploads\/sites\/7\/2026\/02\/03_2025_MariliaDestot_MEMORYSCAPES_Sedimentations_ed1-5_web.jpg","thumbnail_image_url":"https:\/\/www.biennale-photo-mulhouse.com\/2026\/wp-content\/uploads\/sites\/7\/2026\/02\/03_2025_MariliaDestot_MEMORYSCAPES_Sedimentations_ed1-5_web.jpg","large_srcset":"https:\/\/www.biennale-photo-mulhouse.com\/2026\/wp-content\/uploads\/sites\/7\/2026\/02\/03_2025_MariliaDestot_MEMORYSCAPES_Sedimentations_ed1-5_web.jpg 1665w, https:\/\/www.biennale-photo-mulhouse.com\/2026\/wp-content\/uploads\/sites\/7\/2026\/02\/03_2025_MariliaDestot_MEMORYSCAPES_Sedimentations_ed1-5_web-768x523.jpg 768w, https:\/\/www.biennale-photo-mulhouse.com\/2026\/wp-content\/uploads\/sites\/7\/2026\/02\/03_2025_MariliaDestot_MEMORYSCAPES_Sedimentations_ed1-5_web-1536x1046.jpg 1536w","medium_srcset":"https:\/\/www.biennale-photo-mulhouse.com\/2026\/wp-content\/uploads\/sites\/7\/2026\/02\/03_2025_MariliaDestot_MEMORYSCAPES_Sedimentations_ed1-5_web.jpg 1665w, https:\/\/www.biennale-photo-mulhouse.com\/2026\/wp-content\/uploads\/sites\/7\/2026\/02\/03_2025_MariliaDestot_MEMORYSCAPES_Sedimentations_ed1-5_web-768x523.jpg 768w, https:\/\/www.biennale-photo-mulhouse.com\/2026\/wp-content\/uploads\/sites\/7\/2026\/02\/03_2025_MariliaDestot_MEMORYSCAPES_Sedimentations_ed1-5_web-1536x1046.jpg 1536w","media_details":{"width":1665,"height":1134,"sizes":{"medium_large":{"file":"03_2025_MariliaDestot_MEMORYSCAPES_Sedimentations_ed1-5_web-768x523.jpg","width":768,"height":523,"mime-type":"image\/jpeg","filesize":96589,"source_url":"https:\/\/www.biennale-photo-mulhouse.com\/2026\/wp-content\/uploads\/sites\/7\/2026\/02\/03_2025_MariliaDestot_MEMORYSCAPES_Sedimentations_ed1-5_web-768x523.jpg"},"1536x1536":{"file":"03_2025_MariliaDestot_MEMORYSCAPES_Sedimentations_ed1-5_web-1536x1046.jpg","width":1536,"height":1046,"mime-type":"image\/jpeg","filesize":324554,"source_url":"https:\/\/www.biennale-photo-mulhouse.com\/2026\/wp-content\/uploads\/sites\/7\/2026\/02\/03_2025_MariliaDestot_MEMORYSCAPES_Sedimentations_ed1-5_web-1536x1046.jpg"}}},"alt_text":"","url":"","target":""},{"id":880,"title":"Altiplano_1","caption":"Pablo Castilla, <i> Altiplano <\/i>","full_image_url":"https:\/\/www.biennale-photo-mulhouse.com\/2026\/wp-content\/uploads\/sites\/7\/2025\/04\/Altiplano_1-scaled.jpg","thumbnail_image_url":"https:\/\/www.biennale-photo-mulhouse.com\/2026\/wp-content\/uploads\/sites\/7\/2025\/04\/Altiplano_1-scaled.jpg","large_srcset":"https:\/\/www.biennale-photo-mulhouse.com\/2026\/wp-content\/uploads\/sites\/7\/2025\/04\/Altiplano_1-scaled.jpg 2560w, https:\/\/www.biennale-photo-mulhouse.com\/2026\/wp-content\/uploads\/sites\/7\/2025\/04\/Altiplano_1-768x615.jpg 768w, https:\/\/www.biennale-photo-mulhouse.com\/2026\/wp-content\/uploads\/sites\/7\/2025\/04\/Altiplano_1-1536x1231.jpg 1536w, https:\/\/www.biennale-photo-mulhouse.com\/2026\/wp-content\/uploads\/sites\/7\/2025\/04\/Altiplano_1-2048x1641.jpg 2048w","medium_srcset":"https:\/\/www.biennale-photo-mulhouse.com\/2026\/wp-content\/uploads\/sites\/7\/2025\/04\/Altiplano_1-scaled.jpg 2560w, https:\/\/www.biennale-photo-mulhouse.com\/2026\/wp-content\/uploads\/sites\/7\/2025\/04\/Altiplano_1-768x615.jpg 768w, https:\/\/www.biennale-photo-mulhouse.com\/2026\/wp-content\/uploads\/sites\/7\/2025\/04\/Altiplano_1-1536x1231.jpg 1536w, https:\/\/www.biennale-photo-mulhouse.com\/2026\/wp-content\/uploads\/sites\/7\/2025\/04\/Altiplano_1-2048x1641.jpg 2048w","media_details":{"width":2560,"height":2052,"sizes":{"medium_large":{"file":"Altiplano_1-768x615.jpg","width":768,"height":615,"mime-type":"image\/jpeg","filesize":102096,"source_url":"https:\/\/www.biennale-photo-mulhouse.com\/2026\/wp-content\/uploads\/sites\/7\/2025\/04\/Altiplano_1-768x615.jpg"},"1536x1536":{"file":"Altiplano_1-1536x1231.jpg","width":1536,"height":1231,"mime-type":"image\/jpeg","filesize":354489,"source_url":"https:\/\/www.biennale-photo-mulhouse.com\/2026\/wp-content\/uploads\/sites\/7\/2025\/04\/Altiplano_1-1536x1231.jpg"},"2048x2048":{"file":"Altiplano_1-2048x1641.jpg","width":2048,"height":1641,"mime-type":"image\/jpeg","filesize":638099,"source_url":"https:\/\/www.biennale-photo-mulhouse.com\/2026\/wp-content\/uploads\/sites\/7\/2025\/04\/Altiplano_1-2048x1641.jpg"}}},"alt_text":"","url":"","target":""},{"id":1140,"title":"Manuela-Marques-Passage 1, 2022, impression pigmentaire sur papier baryte\u0301, encadre\u0301, verre muse\u0301e, 56 X 84 cm, Ed. 3 + 2 EA","caption":"Manuela Marques, <i>Passage 1<\/i>, 2022","full_image_url":"https:\/\/www.biennale-photo-mulhouse.com\/2026\/wp-content\/uploads\/sites\/7\/2026\/02\/Manuela-Marques-Passage-1-2022-impression-pigmentaire-sur-papier-baryte-encadre-verre-musee-56-X-84-cm-Ed.-3-2-EA.jpg","thumbnail_image_url":"https:\/\/www.biennale-photo-mulhouse.com\/2026\/wp-content\/uploads\/sites\/7\/2026\/02\/Manuela-Marques-Passage-1-2022-impression-pigmentaire-sur-papier-baryte-encadre-verre-musee-56-X-84-cm-Ed.-3-2-EA.jpg","large_srcset":"https:\/\/www.biennale-photo-mulhouse.com\/2026\/wp-content\/uploads\/sites\/7\/2026\/02\/Manuela-Marques-Passage-1-2022-impression-pigmentaire-sur-papier-baryte-encadre-verre-musee-56-X-84-cm-Ed.-3-2-EA.jpg 860w, https:\/\/www.biennale-photo-mulhouse.com\/2026\/wp-content\/uploads\/sites\/7\/2026\/02\/Manuela-Marques-Passage-1-2022-impression-pigmentaire-sur-papier-baryte-encadre-verre-musee-56-X-84-cm-Ed.-3-2-EA-768x512.jpg 768w","medium_srcset":"https:\/\/www.biennale-photo-mulhouse.com\/2026\/wp-content\/uploads\/sites\/7\/2026\/02\/Manuela-Marques-Passage-1-2022-impression-pigmentaire-sur-papier-baryte-encadre-verre-musee-56-X-84-cm-Ed.-3-2-EA.jpg 860w, https:\/\/www.biennale-photo-mulhouse.com\/2026\/wp-content\/uploads\/sites\/7\/2026\/02\/Manuela-Marques-Passage-1-2022-impression-pigmentaire-sur-papier-baryte-encadre-verre-musee-56-X-84-cm-Ed.-3-2-EA-768x512.jpg 768w","media_details":{"width":860,"height":573,"sizes":{"medium_large":{"file":"Manuela-Marques-Passage-1-2022-impression-pigmentaire-sur-papier-baryte-encadre-verre-musee-56-X-84-cm-Ed.-3-2-EA-768x512.jpg","width":768,"height":512,"mime-type":"image\/jpeg","filesize":119012,"source_url":"https:\/\/www.biennale-photo-mulhouse.com\/2026\/wp-content\/uploads\/sites\/7\/2026\/02\/Manuela-Marques-Passage-1-2022-impression-pigmentaire-sur-papier-baryte-encadre-verre-musee-56-X-84-cm-Ed.-3-2-EA-768x512.jpg"}}},"alt_text":"","url":"","target":""},{"id":1137,"title":"Jean-Claude-fingenwald-Los-Angeles-1981-BD","caption":"Jean-Claude Figenwald, Los Angeles, 1981","full_image_url":"https:\/\/www.biennale-photo-mulhouse.com\/2026\/wp-content\/uploads\/sites\/7\/2026\/02\/Jean-Claude-fingenwald-Los-Angeles-1981-BD.jpg","thumbnail_image_url":"https:\/\/www.biennale-photo-mulhouse.com\/2026\/wp-content\/uploads\/sites\/7\/2026\/02\/Jean-Claude-fingenwald-Los-Angeles-1981-BD.jpg","large_srcset":"https:\/\/www.biennale-photo-mulhouse.com\/2026\/wp-content\/uploads\/sites\/7\/2026\/02\/Jean-Claude-fingenwald-Los-Angeles-1981-BD.jpg 1134w, https:\/\/www.biennale-photo-mulhouse.com\/2026\/wp-content\/uploads\/sites\/7\/2026\/02\/Jean-Claude-fingenwald-Los-Angeles-1981-BD-768x519.jpg 768w","medium_srcset":"https:\/\/www.biennale-photo-mulhouse.com\/2026\/wp-content\/uploads\/sites\/7\/2026\/02\/Jean-Claude-fingenwald-Los-Angeles-1981-BD.jpg 1134w, https:\/\/www.biennale-photo-mulhouse.com\/2026\/wp-content\/uploads\/sites\/7\/2026\/02\/Jean-Claude-fingenwald-Los-Angeles-1981-BD-768x519.jpg 768w","media_details":{"width":1134,"height":767,"sizes":{"medium_large":{"file":"Jean-Claude-fingenwald-Los-Angeles-1981-BD-768x519.jpg","width":768,"height":519,"mime-type":"image\/jpeg","filesize":77387,"source_url":"https:\/\/www.biennale-photo-mulhouse.com\/2026\/wp-content\/uploads\/sites\/7\/2026\/02\/Jean-Claude-fingenwald-Los-Angeles-1981-BD-768x519.jpg"}}},"alt_text":"","url":"","target":""}]]}},"yoast_head":"<!-- This site is optimized with the Yoast SEO plugin v21.9.1 - https:\/\/yoast.com\/wordpress\/plugins\/seo\/ -->\n<title>Biennale de la Photographie de Mulhouse 2026<\/title>\n<meta name=\"description\" content=\"En 2026, la 7\u00e8me \u00e9dition de la BPM-Biennale de la Photographie de Mulhouse invite \u00e0 explorer des g\u00e9ographies terrestres et mentales.\" \/>\n<meta name=\"robots\" content=\"index, follow, max-snippet:-1, max-image-preview:large, max-video-preview:-1\" \/>\n<link rel=\"canonical\" href=\"https:\/\/www.biennale-photo-mulhouse.com\/2026\/\" \/>\n<meta property=\"og:locale\" content=\"fr_FR\" \/>\n<meta property=\"og:type\" content=\"article\" \/>\n<meta property=\"og:title\" content=\"Biennale de la Photographie de Mulhouse 2026\" \/>\n<meta property=\"og:description\" content=\"En 2026, la 7\u00e8me \u00e9dition de la BPM-Biennale de la Photographie de Mulhouse invite \u00e0 explorer des g\u00e9ographies terrestres et mentales.\" \/>\n<meta property=\"og:url\" content=\"https:\/\/www.biennale-photo-mulhouse.com\/2026\/\" \/>\n<meta property=\"og:site_name\" content=\"BPM 2026 - Biennale de la Photographie de Mulhouse 2026\" \/>\n<meta property=\"article:publisher\" content=\"https:\/\/www.facebook.com\/BiennaleDeLaPhotographieDeMulhouse\" \/>\n<meta property=\"article:modified_time\" content=\"2026-03-27T08:12:34+00:00\" \/>\n<meta name=\"twitter:card\" content=\"summary_large_image\" \/>\n<meta name=\"twitter:label1\" content=\"Dur\u00e9e de lecture estim\u00e9e\" \/>\n\t<meta name=\"twitter:data1\" content=\"1 minute\" \/>\n<script type=\"application\/ld+json\" class=\"yoast-schema-graph\">{\"@context\":\"https:\/\/schema.org\",\"@graph\":[{\"@type\":\"WebPage\",\"@id\":\"https:\/\/www.biennale-photo-mulhouse.com\/2026\/\",\"url\":\"https:\/\/www.biennale-photo-mulhouse.com\/2026\/\",\"name\":\"Biennale de la Photographie de Mulhouse 2026\",\"isPartOf\":{\"@id\":\"https:\/\/www.biennale-photo-mulhouse.com\/2026\/#website\"},\"datePublished\":\"2023-12-28T19:53:51+00:00\",\"dateModified\":\"2026-03-27T08:12:34+00:00\",\"description\":\"En 2026, la 7\u00e8me \u00e9dition de la BPM-Biennale de la Photographie de Mulhouse invite \u00e0 explorer des g\u00e9ographies terrestres et mentales.\",\"breadcrumb\":{\"@id\":\"https:\/\/www.biennale-photo-mulhouse.com\/2026\/#breadcrumb\"},\"inLanguage\":\"fr-FR\",\"potentialAction\":[{\"@type\":\"ReadAction\",\"target\":[\"https:\/\/www.biennale-photo-mulhouse.com\/2026\/\"]}]},{\"@type\":\"BreadcrumbList\",\"@id\":\"https:\/\/www.biennale-photo-mulhouse.com\/2026\/#breadcrumb\",\"itemListElement\":[{\"@type\":\"ListItem\",\"position\":1,\"name\":\"Accueil\",\"item\":\"https:\/\/www.biennale-photo-mulhouse.com\/2026\/\"},{\"@type\":\"ListItem\",\"position\":2,\"name\":\"Accueil\"}]},{\"@type\":\"WebSite\",\"@id\":\"https:\/\/www.biennale-photo-mulhouse.com\/2026\/#website\",\"url\":\"https:\/\/www.biennale-photo-mulhouse.com\/2026\/\",\"name\":\"Biennale de la Photographie de Mulhouse\",\"description\":\"\",\"potentialAction\":[{\"@type\":\"SearchAction\",\"target\":{\"@type\":\"EntryPoint\",\"urlTemplate\":\"https:\/\/www.biennale-photo-mulhouse.com\/2026\/?s={search_term_string}\"},\"query-input\":\"required name=search_term_string\"}],\"inLanguage\":\"fr-FR\"}]}<\/script>\n<!-- \/ Yoast SEO plugin. -->","yoast_head_json":{"title":"Biennale de la Photographie de Mulhouse 2026","description":"En 2026, la 7\u00e8me \u00e9dition de la BPM-Biennale de la Photographie de Mulhouse invite \u00e0 explorer des g\u00e9ographies terrestres et mentales.","robots":{"index":"index","follow":"follow","max-snippet":"max-snippet:-1","max-image-preview":"max-image-preview:large","max-video-preview":"max-video-preview:-1"},"canonical":"https:\/\/www.biennale-photo-mulhouse.com\/2026\/","og_locale":"fr_FR","og_type":"article","og_title":"Biennale de la Photographie de Mulhouse 2026","og_description":"En 2026, la 7\u00e8me \u00e9dition de la BPM-Biennale de la Photographie de Mulhouse invite \u00e0 explorer des g\u00e9ographies terrestres et mentales.","og_url":"https:\/\/www.biennale-photo-mulhouse.com\/2026\/","og_site_name":"BPM 2026 - Biennale de la Photographie de Mulhouse 2026","article_publisher":"https:\/\/www.facebook.com\/BiennaleDeLaPhotographieDeMulhouse","article_modified_time":"2026-03-27T08:12:34+00:00","twitter_card":"summary_large_image","twitter_misc":{"Dur\u00e9e de lecture estim\u00e9e":"1 minute"},"schema":{"@context":"https:\/\/schema.org","@graph":[{"@type":"WebPage","@id":"https:\/\/www.biennale-photo-mulhouse.com\/2026\/","url":"https:\/\/www.biennale-photo-mulhouse.com\/2026\/","name":"Biennale de la Photographie de Mulhouse 2026","isPartOf":{"@id":"https:\/\/www.biennale-photo-mulhouse.com\/2026\/#website"},"datePublished":"2023-12-28T19:53:51+00:00","dateModified":"2026-03-27T08:12:34+00:00","description":"En 2026, la 7\u00e8me \u00e9dition de la BPM-Biennale de la Photographie de Mulhouse invite \u00e0 explorer des g\u00e9ographies terrestres et mentales.","breadcrumb":{"@id":"https:\/\/www.biennale-photo-mulhouse.com\/2026\/#breadcrumb"},"inLanguage":"fr-FR","potentialAction":[{"@type":"ReadAction","target":["https:\/\/www.biennale-photo-mulhouse.com\/2026\/"]}]},{"@type":"BreadcrumbList","@id":"https:\/\/www.biennale-photo-mulhouse.com\/2026\/#breadcrumb","itemListElement":[{"@type":"ListItem","position":1,"name":"Accueil","item":"https:\/\/www.biennale-photo-mulhouse.com\/2026\/"},{"@type":"ListItem","position":2,"name":"Accueil"}]},{"@type":"WebSite","@id":"https:\/\/www.biennale-photo-mulhouse.com\/2026\/#website","url":"https:\/\/www.biennale-photo-mulhouse.com\/2026\/","name":"Biennale de la Photographie de Mulhouse","description":"","potentialAction":[{"@type":"SearchAction","target":{"@type":"EntryPoint","urlTemplate":"https:\/\/www.biennale-photo-mulhouse.com\/2026\/?s={search_term_string}"},"query-input":"required name=search_term_string"}],"inLanguage":"fr-FR"}]}},"_links":{"self":[{"href":"https:\/\/www.biennale-photo-mulhouse.com\/2026\/wp-json\/wp\/v2\/pages\/2","targetHints":{"allow":["GET"]}}],"collection":[{"href":"https:\/\/www.biennale-photo-mulhouse.com\/2026\/wp-json\/wp\/v2\/pages"}],"about":[{"href":"https:\/\/www.biennale-photo-mulhouse.com\/2026\/wp-json\/wp\/v2\/types\/page"}],"author":[{"embeddable":true,"href":"https:\/\/www.biennale-photo-mulhouse.com\/2026\/wp-json\/wp\/v2\/users\/1"}],"replies":[{"embeddable":true,"href":"https:\/\/www.biennale-photo-mulhouse.com\/2026\/wp-json\/wp\/v2\/comments?post=2"}],"version-history":[{"count":55,"href":"https:\/\/www.biennale-photo-mulhouse.com\/2026\/wp-json\/wp\/v2\/pages\/2\/revisions"}],"predecessor-version":[{"id":1292,"href":"https:\/\/www.biennale-photo-mulhouse.com\/2026\/wp-json\/wp\/v2\/pages\/2\/revisions\/1292"}],"wp:attachment":[{"href":"https:\/\/www.biennale-photo-mulhouse.com\/2026\/wp-json\/wp\/v2\/media?parent=2"}],"wp:term":[{"taxonomy":"category","embeddable":true,"href":"https:\/\/www.biennale-photo-mulhouse.com\/2026\/wp-json\/wp\/v2\/categories?post=2"}],"curies":[{"name":"wp","href":"https:\/\/api.w.org\/{rel}","templated":true}]}}