{"id":1022,"date":"2025-09-06T08:20:15","date_gmt":"2025-09-06T06:20:15","guid":{"rendered":"https:\/\/www.biennale-photo-mulhouse.com\/2026\/?page_id=1022"},"modified":"2025-09-15T10:34:49","modified_gmt":"2025-09-15T08:34:49","slug":"hors-les-murs-exposition-au-datz-museum-of-art-nigel-baldacchino","status":"publish","type":"page","link":"https:\/\/www.biennale-photo-mulhouse.com\/2026\/hors-les-murs-exposition-au-datz-museum-of-art-nigel-baldacchino\/","title":{"rendered":"Hors les murs, exposition au Datz Museum of Art"},"content":{"rendered":"<p><strong><span class=\"small\">FR \u2b62 <a href=\"https:\/\/www.biennale-photo-mulhouse.com\/2026en\/beyond-frontiers-exhibition-in-datz-museum-of-art\/\">ENG<\/a><\/span><\/strong><\/p>\n<h1><span class=\"theme_color\">hors les murs<\/span><br \/>\nexposition au Datz Museum of Art<\/h1>\n<p>\u00c0 l\u2019invitation de Sangyon Joo, directrice du Mus\u00e9e d\u2019art DATZ et de DATZ Press (S\u00e9oul), le photographe Nigel Baldacchino et la commissaire Anne Immel\u00e9 ont effectu\u00e9 une r\u00e9sidence d\u2019un mois au Mus\u00e9e d\u2019art DATZ. Cette r\u00e9sidence a donn\u00e9 lieu \u00e0 la production de l\u2019exposition <em><span class=\"theme_color\">Promise Litter \uc228\uaca8\uc9c4 \uc794\ud574<\/span><\/em>, r\u00e9alis\u00e9e en partenariat avec la BPM-Biennale de la Photographie de Mulhouse et Arts Council Malta.<\/p>\n<h2><span class=\"theme_color\"><em>Promise litter \uc228\uaca8\uc9c4 \uc794\ud574<br \/>\n<\/em><\/span><span class=\"small\">nigel baldacchino<\/span>\u00a0<\/h2>\n<p><strong>DATZ MUSEUM OF ART \/ Cor\u00e9e du Sud<\/strong><br \/>\n<strong>Espace d\u2019exposition FRAME<br \/>\n<\/strong><span class=\"theme_color\">13 septembre &#8211; 28 d\u00e9cembre 2025<\/span><\/p>\n<p>Commissaire de l&rsquo;exposition : Anne Immel\u00e9\u00a0<\/p>\n<p><em><span class=\"theme_color\">Promise Litter \uc228\uaca8\uc9c4 \uc794\ud574<\/span><\/em> est une installation photographique qui explore les \u00e9clats d\u2019une \u00e9nergie singuli\u00e8re et dissonante, inscrite dans la nature propre au regard du photographe, qu\u2019il s\u2019agisse du monde v\u00e9g\u00e9tal ou du tissu urbain. La s\u00e9rie interroge les forces cardinales de r\u00e9g\u00e9n\u00e9ration et de d\u00e9g\u00e9n\u00e9rescence \u00e0 l\u2019\u0153uvre dans la nature, les consid\u00e9rant comme synonymes et leur accordant le m\u00eame regard impartial. Ces photographies s\u2019ancrent aux marges du visible, bouillonnant d\u2019une \u00e9nergie chaotique faite de fertilit\u00e9, de germination, de d\u00e9composition, d\u2019immobilit\u00e9, de calme, de mouvement et de dispersion. Avec un accent sensible port\u00e9 aux prises de vue orient\u00e9es vers le sol, <em><span class=\"theme_color\">Promise Litter \uc228\uaca8\uc9c4 \uc794\ud574<\/span> <\/em>semble sugg\u00e9rer l\u2019existence de lignes enfouies reliant des formes de vie \u00e9loign\u00e9es, mettant en relief le sol physique comme pour en sentir le pouls.<\/p>\n<p><em>Nigel Baldacchino est un artiste et designer bas\u00e9 \u00e0 Malte, dont la pratique s\u2019\u00e9tend de la photographie au son, en passant par le texte et le design spatial. Avec Anne Immel\u00e9 et B\u00e9n\u00e9dicte Blondeau, il a co-fond\u00e9 le projet d\u2019exposition <span class=\"theme_color\">those eyes &#8211; these eyes &#8211; they fade<\/span>. Ce projet itin\u00e9rant et \u00e9volutif met en avant des photographes dont le travail tend \u00e0 souligner l\u2019acte de regarder plut\u00f4t que l\u2019objet regard\u00e9, et s\u2019ancre souvent dans une r\u00e9flexion personnelle sur l\u2019exp\u00e9rience de la vision. Baldacchino fait \u00e9galement partie de l\u2019\u00e9quipe de la Biennale de la Photographie de Mulhouse pour les questions de sc\u00e9nographie. Ses publications incluent le recueil d\u2019images trouv\u00e9es et de po\u00e8mes personnels <span class=\"theme_color\">Soon Out of Context<\/span> (Unsolicited Press, 2018), ainsi que l\u2019album <span class=\"theme_color\">Everything is Still Here<\/span> (Complex Holiday, 2021). Son travail photographique a \u00e9t\u00e9 pr\u00e9sent\u00e9 dans de nombreuses expositions collectives \u00e0 l\u2019international, et en 2023 il a particip\u00e9 au programme Long Term Photobook de la Penumbra Foundation et d\u2019Image Threads.<\/em><\/p>\n<p><em>Anne Immel\u00e9 est une photographe et commissaire d&rsquo;exposition fran\u00e7aise dont le travail explore les liens entre m\u00e9moire, territoire et hospitalit\u00e9. Dans sa r\u00e9cente s\u00e9rie <span class=\"theme_color\">Melita, Refuge<\/span>, elle tisse un r\u00e9cit visuel entre les anciennes routes ph\u00e9niciennes et les trajectoires migratoires contemporaines \u00e0 travers la M\u00e9diterran\u00e9e. Ses images, \u00e0 la fois po\u00e9tiques et politiquement engag\u00e9es, interrogent les notions de refuge et de d\u00e9placement. Depuis 2013, elle dirige la <span class=\"theme_color\">BPM-Biennale de la Photographie de Mulhouse<\/span>, un festival qu&rsquo;elle a cofond\u00e9. Depuis l&rsquo;obtention de son doctorat sur le s\u00e9quen\u00e7age photographique, elle enseigne la photographie \u00e0 la <span class=\"theme_color\">HEAR<\/span> (Haute \u00c9cole des Arts du Rhin) en France. Pour l&rsquo;exposition dans l&rsquo;espace <span class=\"theme_color\">FRAME du DATZ Museum<\/span>, elle participe en tant que commissaire au nom de la <span class=\"theme_color\">BPM &#8211; Biennale de la Photographie de Mulhouse<\/span>, poursuivant son exploration du dialogue associatif dans la pr\u00e9sentation photographique, ainsi que l&rsquo;id\u00e9e de l&rsquo;exposition comme espace de rencontre. <\/em><\/p>\n<p><img loading=\"lazy\" decoding=\"async\" class=\"alignnone size-full wp-image-1032\" src=\"https:\/\/www.biennale-photo-mulhouse.com\/2026\/wp-content\/uploads\/sites\/7\/2025\/09\/Nigel-Baldacchino-Promise-litter-1.jpg\" alt=\"\" width=\"896\" height=\"1102\" srcset=\"https:\/\/www.biennale-photo-mulhouse.com\/2026\/wp-content\/uploads\/sites\/7\/2025\/09\/Nigel-Baldacchino-Promise-litter-1.jpg 896w, https:\/\/www.biennale-photo-mulhouse.com\/2026\/wp-content\/uploads\/sites\/7\/2025\/09\/Nigel-Baldacchino-Promise-litter-1-768x945.jpg 768w\" sizes=\"auto, (max-width: 896px) 100vw, 896px\" \/><\/p>\n<p class=\"img_caption\">Nigel Baldacchino, <em>Promise Litter<\/em><\/p>\n<p class=\"offsetted with_color_diamond\"><span class=\"theme_color\"><strong><em>Promise Litter \uc228\uaca8\uc9c4 \uc794\ud574, \u00a0<\/em>note d&rsquo;intention de Nigel Baldacchino\u00a0<\/strong><\/span><\/p>\n<p>Dans son r\u00e9cit <em><span class=\"theme_color\">Quaestio de Centauris<\/span><\/em>, publi\u00e9 pour la premi\u00e8re fois sous pseudonyme en 1966 dans le recueil <em><span class=\"theme_color\">Histoires naturelles<\/span><\/em>, Primo Levi d\u00e9crit une r\u00e9alit\u00e9 dont les origines remontent \u00e0 \u00ab un temps, \u00e0 jamais r\u00e9volu, de f\u00e9condit\u00e9 sauvage et extatique, o\u00f9 l\u2019univers entier ressentit l\u2019amour, si intens\u00e9ment qu\u2019il faillit retourner au chaos \u00bb, et comment certaines esp\u00e8ces survivantes restent encore li\u00e9es \u00e0 ce r\u00e9sidu latent. Le mot \u00ab litter \u00bb renvoie en anglais \u00e0 un ensemble saisissant de significations, qui contiennent \u00e0 la fois des \u00e9nergies r\u00e9g\u00e9n\u00e9ratrices et d\u00e9g\u00e9n\u00e9ratrices r\u00e9unies sous un m\u00eame terme :<\/p>\n<ol>\n<li>i. un palanquin &#8211; sorte de si\u00e8ge ou de couchette couvert(e) et parfois orn\u00e9(e), avec rideaux, mont\u00e9(e) sur des brancards.<br \/>\nii. un dispositif (comme une civi\u00e8re) servant \u00e0 transporter une personne malade ou bless\u00e9e<\/li>\n<li>i. mat\u00e9riau utilis\u00e9 comme liti\u00e8re pour les animaux<br \/>\nii. mat\u00e9riau destin\u00e9 \u00e0 absorber l\u2019urine et les excr\u00e9ments des animaux<br \/>\niii. la couche superficielle, l\u00e9g\u00e8rement d\u00e9compos\u00e9e, de mati\u00e8re organique sur le sol forestier<\/li>\n<li>i. La port\u00e9e &#8211; l\u2019ensemble des petits, n\u00e9s lors d\u2019une m\u00eame port\u00e9e chez un animal multipare<\/li>\n<li>i. des d\u00e9tritus, papiers ou ordures \u00e9parpill\u00e9s<br \/>\nii. un amas d\u00e9sordonn\u00e9 d\u2019objets<\/li>\n<\/ol>\n<p>\u2014 Litter (d\u00e9finition, Merriam-Webster Dictionary)<\/p>\n<p><em><span class=\"theme_color\">Promise Litter<\/span> <\/em>puise avec parcimonie dans cette confluence de r\u00e9f\u00e9rences, en les r\u00e9inscrivant dans l\u2019exp\u00e9rience sensible du photographe.<\/p>\n<p>&nbsp;<\/p>\n<p><img loading=\"lazy\" decoding=\"async\" class=\"alignnone size-full wp-image-1052\" src=\"https:\/\/www.biennale-photo-mulhouse.com\/2026\/wp-content\/uploads\/sites\/7\/2025\/09\/image_1756880732219_1000.jpg\" alt=\"\" width=\"1000\" height=\"980\" srcset=\"https:\/\/www.biennale-photo-mulhouse.com\/2026\/wp-content\/uploads\/sites\/7\/2025\/09\/image_1756880732219_1000.jpg 1000w, https:\/\/www.biennale-photo-mulhouse.com\/2026\/wp-content\/uploads\/sites\/7\/2025\/09\/image_1756880732219_1000-768x753.jpg 768w\" sizes=\"auto, (max-width: 1000px) 100vw, 1000px\" \/><\/p>\n<p class=\"img_caption\">Nigel Baldacchino, <em>Promise Litter<\/em><\/p>\n<h2>datz museum of art\u00a0<\/h2>\n<p>Le <a href=\"https:\/\/datzmuseum.org\/\" target=\"_blank\" rel=\"noopener\">Datz Museum of Art<\/a> a ouvert ses portes en octobre 2010 \u00e0 Jinsaegol, Gwangju, dans la province de Gyeonggi-do, Cor\u00e9e du Sud avec pour mission de contribuer \u00e0 la r\u00e9g\u00e9n\u00e9ration d&rsquo;esprits artistiques et cr\u00e9atifs. Il offre un espace organique en pleine nature o\u00f9 il est possible de passer un moment d&rsquo;introspection loin de l&rsquo;agitation de la ville. Le mus\u00e9e souhaite que ses visiteur\u00b7euses y d\u00e9couvrent une forme de beaut\u00e9 plus authentique et retrouvent leurs propres imagination, sensibilit\u00e9 et perspectives afin de donner un nouveau souffle \u00e0 leur vie quotidienne. Le Datz Museum of Art aspire \u00e0 cr\u00e9er une communaut\u00e9 o\u00f9 la vie est v\u00e9cue \u00e0 travers l&rsquo;art.<\/p>\n<p><img loading=\"lazy\" decoding=\"async\" class=\"alignnone size-full wp-image-1060\" src=\"https:\/\/www.biennale-photo-mulhouse.com\/2026\/wp-content\/uploads\/sites\/7\/2025\/09\/Page_06-scaled.jpg\" alt=\"\" width=\"2048\" height=\"2560\" srcset=\"https:\/\/www.biennale-photo-mulhouse.com\/2026\/wp-content\/uploads\/sites\/7\/2025\/09\/Page_06-scaled.jpg 2048w, https:\/\/www.biennale-photo-mulhouse.com\/2026\/wp-content\/uploads\/sites\/7\/2025\/09\/Page_06-768x960.jpg 768w, https:\/\/www.biennale-photo-mulhouse.com\/2026\/wp-content\/uploads\/sites\/7\/2025\/09\/Page_06-1229x1536.jpg 1229w, https:\/\/www.biennale-photo-mulhouse.com\/2026\/wp-content\/uploads\/sites\/7\/2025\/09\/Page_06-1638x2048.jpg 1638w\" sizes=\"auto, (max-width: 2048px) 100vw, 2048px\" \/><\/p>\n<p class=\"cancel_mt img_caption\"><span class=\"theme_color\">Vue de l&rsquo;exposition <em>Promise Litter \uc228\uaca8\uc9c4 \uc794\ud574<\/em><\/span><\/p>\n","protected":false},"excerpt":{"rendered":"<p>FR \u2b62 ENG hors les murs exposition au Datz Museum of Art \u00c0 l\u2019invitation de Sangyon Joo, directrice du Mus\u00e9e d\u2019art DATZ et de DATZ Press (S\u00e9oul), le photographe Nigel Baldacchino et la commissaire Anne Immel\u00e9 ont effectu\u00e9 une r\u00e9sidence d\u2019un mois au Mus\u00e9e d\u2019art DATZ. Cette r\u00e9sidence a donn\u00e9 lieu \u00e0 la production de [&hellip;]<\/p>\n","protected":false},"author":3,"featured_media":0,"parent":0,"menu_order":0,"comment_status":"closed","ping_status":"closed","template":"","meta":{"footnotes":""},"categories":[13],"class_list":["post-1022","page","type-page","status-publish","hentry","category-actualites"],"acf":{"photo_gallery":{"gallery":[[{"id":1023,"title":"Nigel-Baldacchino-Promise-litter-00","caption":"Nigel Baldacchino, <i> Promise Litter <\/i>","full_image_url":"https:\/\/www.biennale-photo-mulhouse.com\/2026\/wp-content\/uploads\/sites\/7\/2025\/09\/Nigel-Baldacchino-Promise-litter-00.jpg","thumbnail_image_url":"https:\/\/www.biennale-photo-mulhouse.com\/2026\/wp-content\/uploads\/sites\/7\/2025\/09\/Nigel-Baldacchino-Promise-litter-00.jpg","large_srcset":"https:\/\/www.biennale-photo-mulhouse.com\/2026\/wp-content\/uploads\/sites\/7\/2025\/09\/Nigel-Baldacchino-Promise-litter-00.jpg 907w, https:\/\/www.biennale-photo-mulhouse.com\/2026\/wp-content\/uploads\/sites\/7\/2025\/09\/Nigel-Baldacchino-Promise-litter-00-768x933.jpg 768w","medium_srcset":"https:\/\/www.biennale-photo-mulhouse.com\/2026\/wp-content\/uploads\/sites\/7\/2025\/09\/Nigel-Baldacchino-Promise-litter-00.jpg 907w, https:\/\/www.biennale-photo-mulhouse.com\/2026\/wp-content\/uploads\/sites\/7\/2025\/09\/Nigel-Baldacchino-Promise-litter-00-768x933.jpg 768w","media_details":{"width":907,"height":1102,"sizes":{"medium_large":{"file":"Nigel-Baldacchino-Promise-litter-00-768x933.jpg","width":768,"height":933,"mime-type":"image\/jpeg","filesize":177091,"source_url":"https:\/\/www.biennale-photo-mulhouse.com\/2026\/wp-content\/uploads\/sites\/7\/2025\/09\/Nigel-Baldacchino-Promise-litter-00-768x933.jpg"}}},"alt_text":"","url":"","target":""}]]}},"yoast_head":"<!-- This site is optimized with the Yoast SEO plugin v21.9.1 - https:\/\/yoast.com\/wordpress\/plugins\/seo\/ -->\n<title>Hors les murs, exposition au Datz Museum of Art - BPM 2026 - Biennale de la Photographie de Mulhouse 2026<\/title>\n<meta name=\"description\" content=\"Promise Litter \uc228\uaca8\uc9c4 \uc794\ud574 est la premi\u00e8re exposition monographique de Nigel Baldacchino, pr\u00e9sent\u00e9e au Datz Museum of Art, Cor\u00e9e du Sud.\" \/>\n<meta name=\"robots\" content=\"index, follow, max-snippet:-1, max-image-preview:large, max-video-preview:-1\" \/>\n<link rel=\"canonical\" href=\"https:\/\/www.biennale-photo-mulhouse.com\/2026\/hors-les-murs-exposition-au-datz-museum-of-art-nigel-baldacchino\/\" \/>\n<meta property=\"og:locale\" content=\"fr_FR\" \/>\n<meta property=\"og:type\" content=\"article\" \/>\n<meta property=\"og:title\" content=\"Hors les murs, exposition au Datz Museum of Art - BPM 2026 - Biennale de la Photographie de Mulhouse 2026\" \/>\n<meta property=\"og:description\" content=\"Promise Litter \uc228\uaca8\uc9c4 \uc794\ud574 est la premi\u00e8re exposition monographique de Nigel Baldacchino, pr\u00e9sent\u00e9e au Datz Museum of Art, Cor\u00e9e du Sud.\" \/>\n<meta property=\"og:url\" content=\"https:\/\/www.biennale-photo-mulhouse.com\/2026\/hors-les-murs-exposition-au-datz-museum-of-art-nigel-baldacchino\/\" \/>\n<meta property=\"og:site_name\" content=\"BPM 2026 - Biennale de la Photographie de Mulhouse 2026\" \/>\n<meta property=\"article:publisher\" content=\"https:\/\/www.facebook.com\/BiennaleDeLaPhotographieDeMulhouse\" \/>\n<meta property=\"article:modified_time\" content=\"2025-09-15T08:34:49+00:00\" \/>\n<meta property=\"og:image\" content=\"https:\/\/www.biennale-photo-mulhouse.com\/2026\/wp-content\/uploads\/sites\/7\/2025\/09\/Nigel-Baldacchino-Promise-litter-1.jpg\" \/>\n<meta name=\"twitter:card\" content=\"summary_large_image\" \/>\n<meta name=\"twitter:label1\" content=\"Dur\u00e9e de lecture estim\u00e9e\" \/>\n\t<meta name=\"twitter:data1\" content=\"6 minutes\" \/>\n<script type=\"application\/ld+json\" class=\"yoast-schema-graph\">{\"@context\":\"https:\/\/schema.org\",\"@graph\":[{\"@type\":\"WebPage\",\"@id\":\"https:\/\/www.biennale-photo-mulhouse.com\/2026\/hors-les-murs-exposition-au-datz-museum-of-art-nigel-baldacchino\/\",\"url\":\"https:\/\/www.biennale-photo-mulhouse.com\/2026\/hors-les-murs-exposition-au-datz-museum-of-art-nigel-baldacchino\/\",\"name\":\"Hors les murs, exposition au Datz Museum of Art - BPM 2026 - Biennale de la Photographie de Mulhouse 2026\",\"isPartOf\":{\"@id\":\"https:\/\/www.biennale-photo-mulhouse.com\/2026\/#website\"},\"datePublished\":\"2025-09-06T06:20:15+00:00\",\"dateModified\":\"2025-09-15T08:34:49+00:00\",\"description\":\"Promise Litter \uc228\uaca8\uc9c4 \uc794\ud574 est la premi\u00e8re exposition monographique de Nigel Baldacchino, pr\u00e9sent\u00e9e au Datz Museum of Art, Cor\u00e9e du Sud.\",\"breadcrumb\":{\"@id\":\"https:\/\/www.biennale-photo-mulhouse.com\/2026\/hors-les-murs-exposition-au-datz-museum-of-art-nigel-baldacchino\/#breadcrumb\"},\"inLanguage\":\"fr-FR\",\"potentialAction\":[{\"@type\":\"ReadAction\",\"target\":[\"https:\/\/www.biennale-photo-mulhouse.com\/2026\/hors-les-murs-exposition-au-datz-museum-of-art-nigel-baldacchino\/\"]}]},{\"@type\":\"BreadcrumbList\",\"@id\":\"https:\/\/www.biennale-photo-mulhouse.com\/2026\/hors-les-murs-exposition-au-datz-museum-of-art-nigel-baldacchino\/#breadcrumb\",\"itemListElement\":[{\"@type\":\"ListItem\",\"position\":1,\"name\":\"Accueil\",\"item\":\"https:\/\/www.biennale-photo-mulhouse.com\/2026\/\"},{\"@type\":\"ListItem\",\"position\":2,\"name\":\"Hors les murs, exposition au Datz Museum of Art\"}]},{\"@type\":\"WebSite\",\"@id\":\"https:\/\/www.biennale-photo-mulhouse.com\/2026\/#website\",\"url\":\"https:\/\/www.biennale-photo-mulhouse.com\/2026\/\",\"name\":\"Biennale de la Photographie de Mulhouse\",\"description\":\"\",\"potentialAction\":[{\"@type\":\"SearchAction\",\"target\":{\"@type\":\"EntryPoint\",\"urlTemplate\":\"https:\/\/www.biennale-photo-mulhouse.com\/2026\/?s={search_term_string}\"},\"query-input\":\"required name=search_term_string\"}],\"inLanguage\":\"fr-FR\"}]}<\/script>\n<!-- \/ Yoast SEO plugin. -->","yoast_head_json":{"title":"Hors les murs, exposition au Datz Museum of Art - BPM 2026 - Biennale de la Photographie de Mulhouse 2026","description":"Promise Litter \uc228\uaca8\uc9c4 \uc794\ud574 est la premi\u00e8re exposition monographique de Nigel Baldacchino, pr\u00e9sent\u00e9e au Datz Museum of Art, Cor\u00e9e du Sud.","robots":{"index":"index","follow":"follow","max-snippet":"max-snippet:-1","max-image-preview":"max-image-preview:large","max-video-preview":"max-video-preview:-1"},"canonical":"https:\/\/www.biennale-photo-mulhouse.com\/2026\/hors-les-murs-exposition-au-datz-museum-of-art-nigel-baldacchino\/","og_locale":"fr_FR","og_type":"article","og_title":"Hors les murs, exposition au Datz Museum of Art - BPM 2026 - Biennale de la Photographie de Mulhouse 2026","og_description":"Promise Litter \uc228\uaca8\uc9c4 \uc794\ud574 est la premi\u00e8re exposition monographique de Nigel Baldacchino, pr\u00e9sent\u00e9e au Datz Museum of Art, Cor\u00e9e du Sud.","og_url":"https:\/\/www.biennale-photo-mulhouse.com\/2026\/hors-les-murs-exposition-au-datz-museum-of-art-nigel-baldacchino\/","og_site_name":"BPM 2026 - Biennale de la Photographie de Mulhouse 2026","article_publisher":"https:\/\/www.facebook.com\/BiennaleDeLaPhotographieDeMulhouse","article_modified_time":"2025-09-15T08:34:49+00:00","og_image":[{"url":"https:\/\/www.biennale-photo-mulhouse.com\/2026\/wp-content\/uploads\/sites\/7\/2025\/09\/Nigel-Baldacchino-Promise-litter-1.jpg"}],"twitter_card":"summary_large_image","twitter_misc":{"Dur\u00e9e de lecture estim\u00e9e":"6 minutes"},"schema":{"@context":"https:\/\/schema.org","@graph":[{"@type":"WebPage","@id":"https:\/\/www.biennale-photo-mulhouse.com\/2026\/hors-les-murs-exposition-au-datz-museum-of-art-nigel-baldacchino\/","url":"https:\/\/www.biennale-photo-mulhouse.com\/2026\/hors-les-murs-exposition-au-datz-museum-of-art-nigel-baldacchino\/","name":"Hors les murs, exposition au Datz Museum of Art - BPM 2026 - Biennale de la Photographie de Mulhouse 2026","isPartOf":{"@id":"https:\/\/www.biennale-photo-mulhouse.com\/2026\/#website"},"datePublished":"2025-09-06T06:20:15+00:00","dateModified":"2025-09-15T08:34:49+00:00","description":"Promise Litter \uc228\uaca8\uc9c4 \uc794\ud574 est la premi\u00e8re exposition monographique de Nigel Baldacchino, pr\u00e9sent\u00e9e au Datz Museum of Art, Cor\u00e9e du Sud.","breadcrumb":{"@id":"https:\/\/www.biennale-photo-mulhouse.com\/2026\/hors-les-murs-exposition-au-datz-museum-of-art-nigel-baldacchino\/#breadcrumb"},"inLanguage":"fr-FR","potentialAction":[{"@type":"ReadAction","target":["https:\/\/www.biennale-photo-mulhouse.com\/2026\/hors-les-murs-exposition-au-datz-museum-of-art-nigel-baldacchino\/"]}]},{"@type":"BreadcrumbList","@id":"https:\/\/www.biennale-photo-mulhouse.com\/2026\/hors-les-murs-exposition-au-datz-museum-of-art-nigel-baldacchino\/#breadcrumb","itemListElement":[{"@type":"ListItem","position":1,"name":"Accueil","item":"https:\/\/www.biennale-photo-mulhouse.com\/2026\/"},{"@type":"ListItem","position":2,"name":"Hors les murs, exposition au Datz Museum of Art"}]},{"@type":"WebSite","@id":"https:\/\/www.biennale-photo-mulhouse.com\/2026\/#website","url":"https:\/\/www.biennale-photo-mulhouse.com\/2026\/","name":"Biennale de la Photographie de Mulhouse","description":"","potentialAction":[{"@type":"SearchAction","target":{"@type":"EntryPoint","urlTemplate":"https:\/\/www.biennale-photo-mulhouse.com\/2026\/?s={search_term_string}"},"query-input":"required name=search_term_string"}],"inLanguage":"fr-FR"}]}},"_links":{"self":[{"href":"https:\/\/www.biennale-photo-mulhouse.com\/2026\/wp-json\/wp\/v2\/pages\/1022","targetHints":{"allow":["GET"]}}],"collection":[{"href":"https:\/\/www.biennale-photo-mulhouse.com\/2026\/wp-json\/wp\/v2\/pages"}],"about":[{"href":"https:\/\/www.biennale-photo-mulhouse.com\/2026\/wp-json\/wp\/v2\/types\/page"}],"author":[{"embeddable":true,"href":"https:\/\/www.biennale-photo-mulhouse.com\/2026\/wp-json\/wp\/v2\/users\/3"}],"replies":[{"embeddable":true,"href":"https:\/\/www.biennale-photo-mulhouse.com\/2026\/wp-json\/wp\/v2\/comments?post=1022"}],"version-history":[{"count":29,"href":"https:\/\/www.biennale-photo-mulhouse.com\/2026\/wp-json\/wp\/v2\/pages\/1022\/revisions"}],"predecessor-version":[{"id":1054,"href":"https:\/\/www.biennale-photo-mulhouse.com\/2026\/wp-json\/wp\/v2\/pages\/1022\/revisions\/1054"}],"wp:attachment":[{"href":"https:\/\/www.biennale-photo-mulhouse.com\/2026\/wp-json\/wp\/v2\/media?parent=1022"}],"wp:term":[{"taxonomy":"category","embeddable":true,"href":"https:\/\/www.biennale-photo-mulhouse.com\/2026\/wp-json\/wp\/v2\/categories?post=1022"}],"curies":[{"name":"wp","href":"https:\/\/api.w.org\/{rel}","templated":true}]}}