{"id":827,"date":"2025-03-12T10:13:21","date_gmt":"2025-03-12T09:13:21","guid":{"rendered":"https:\/\/www.biennale-photo-mulhouse.com\/2024\/?page_id=827"},"modified":"2025-04-08T17:55:05","modified_gmt":"2025-04-08T15:55:05","slug":"appel-a-candidature-sedimentations","status":"publish","type":"page","link":"https:\/\/www.biennale-photo-mulhouse.com\/2024\/appel-a-candidature-sedimentations\/","title":{"rendered":"Appel \u00e0 candidature, S\u00e9dimentation(s)"},"content":{"rendered":"<p><span class=\"small\"><strong>FR\/ENG<\/strong> <strong>\u2193\u00a0<br \/>\n<\/strong><\/span><\/p>\n<h1>APpel \u00e0 candidature, s\u00e9dimentation(s)<\/h1>\n<p>En f\u00e9vrier 2025, la Biennale de la Photographie de Mulhouse et Mulhouse Art Contemporain ont lanc\u00e9 un appel \u00e0 candidature pour une exposition individuelle. Celle-ci aura lieu de juin 2025 \u00e0 juillet 2026 dans l\u2019espace public d\u2019un parc urbain \u00e0 Mulhouse et fera partie de la programmation de la 7\u00e8me \u00e9dition de la BPM, <span class=\"theme_color\"><em>S\u00e9dimentation(s)<\/em><\/span>. Lors des pr\u00e9c\u00e9dentes \u00e9ditions du festival, ce lieu a accueilli les photographies de C\u00e9line Clanet, Jessica Auer, Manon Lanjou\u00e8re, David de Beyter, Geert Goiris, Matthew Genitempo, Rebecca Topakian\u2026<\/p>\n<p>L&rsquo;appel invitait \u00e0 participer les photographes qui explorent le pass\u00e9 et le pr\u00e9sent, ceux et celles int\u00e9ress\u00e9\u00b7es par les excavations g\u00e9ologiques tout autant que m\u00e9morielles. \u00c9taient demand\u00e9s des travaux qui parcourent des g\u00e9ographies terrestres et mentales, en s&rsquo;appuyant sur des notions de s\u00e9dimentation, de stratification, de mati\u00e8re-flux, et de plasticit\u00e9 des m\u00e9moires collectives et individuelles. Les propositions pouvaient entrelacer les histoires individuelles et collectives, humaines et non humaines.<\/p>\n<h2>finalistes<\/h2>\n<p>Parmi les 386 propositions re\u00e7ues, 20 artistes ont \u00e9t\u00e9 pr\u00e9s\u00e9lectionn\u00e9\u00b7es :\u00a0<\/p>\n<p class=\"offsetted with_color_diamond\">Sophie Alyz, Alex Cabrera , Lucas Castel, Pablo Castilla, Fran\u00e7ois Deladerri\u00e8re, Marilia Destot, Marjorie Gosset, Julie Hasco\u00ebt, Ilanit Illouz, Helen Jones, Fran\u00e7ois Jonquet, Coline Jourdan, Ruth Lauer-Manenti, Duy-Phuong Le Nguyen, Yvette Monahan, Chrystel Mukeba, Dalmonia Rognean, Alnis Stakle, Roselyne Titaud, Margot Wallard<\/p>\n<p>Nous saluons la grande qualit\u00e9 de leurs dossiers, ainsi que leur r\u00e9sonance avec le th\u00e8me de la prochaine \u00e9dition de la Biennale de la Photographie de Mulhouse.\u00a0 Bravo \u00e0 elles et eux, ainsi qu\u2019\u00e0 tous\u00b7tes les candidat\u00b7es de l\u2019appel !<\/p>\n<h2>laur\u00e9at<\/h2>\n<p><strong><span class=\"theme_color\">Pablo Castilla<\/span> a \u00e9t\u00e9 d\u00e9sign\u00e9 laur\u00e9at de l\u2019appel \u00e0 candidature, avec sa s\u00e9rie <em>Altiplano<\/em>. <br \/>\n<\/strong><\/p>\n<p><strong>Vernissage de l&rsquo;exposition le dimanche 15 juin 2025 \u00e0 11h !<\/strong> <br \/>\nBerges de l\u2019Ill\/ Quai des Cigognes, Mulhouse (autour de la Maison des Berges)<\/p>\n<p>L\u2019Altiplano est l\u2019une des r\u00e9gions les moins peupl\u00e9es du sud de l\u2019Espagne, une zone vaste et aride que le photographe explore depuis 2015. Aujourd\u2019hui d\u00e9sertifi\u00e9, ce territoire accueillait il y a plusieurs millions d\u2019ann\u00e9es un \u00e9cosyst\u00e8me d\u2019une richesse absolue. Des fouilles arch\u00e9ologiques ont permis d\u2019y mettre au jour les traces d\u2019esp\u00e8ces animales d\u00e9sormais disparues mais aussi celles des premi\u00e8res communaut\u00e9s humaines install\u00e9es en Europe. Guid\u00e9 par un chaman dans le monde souterrain autant que spirituel, Pablo Castilla a souhait\u00e9 mettre en dialogue le paysage de surface avec cette autre strate de r\u00e9alit\u00e9.\u00a0\u00a0<\/p>\n<p><em>N\u00e9 en Espagne en 1980, Pablo Castilla vit et travaille en Norv\u00e8ge. Son travail photographique, cin\u00e9matographique ou de performance se situe dans l\u2019exploration directe de la r\u00e9alit\u00e9 selon un langage documentaire. Il est actuellement conservateur de la photographie \u00e0 la Biblioth\u00e8que Nationale de Norv\u00e8ge et m\u00e8ne un projet pour la pr\u00e9servation de photographies d\u2019observation solaire.\u00a0<\/em><\/p>\n<p class=\"offsetted with_color_arrow\">Le jury \u00e9tait compos\u00e9 de :<\/p>\n<p class=\"offsetted\">&#8211; Aur\u00e9lia Marcadier, historienne de l\u2019art, directrice de PhotoSaintGermain, membre des Filles de la Photo<br \/>\n&#8211; Matthieu Leli\u00e8vre, historien de l\u2019art et commissaire d\u2019expositions, responsable du service des collections du Mus\u00e9e d\u2019Art Contemporain de Lyon<br \/>\n&#8211; Terri Weifenbach, photographe<br \/>\n&#8211; Philippe Schweyer, \u00e9diteur chez M\u00e9diapop<br \/>\n&#8211; Dominique Bannwarth, pr\u00e9sident de Mulhouse Art Contemporain<br \/>\n&#8211; Anne Immel\u00e9, docteure en art, directrice artistique de la BPM<\/p>\n<p><img loading=\"lazy\" decoding=\"async\" class=\"alignnone size-full wp-image-861\" src=\"https:\/\/www.biennale-photo-mulhouse.com\/2024\/wp-content\/uploads\/sites\/6\/2025\/04\/Altiplano_4.jpg\" alt=\"\" width=\"2000\" height=\"1607\" srcset=\"https:\/\/www.biennale-photo-mulhouse.com\/2024\/wp-content\/uploads\/sites\/6\/2025\/04\/Altiplano_4.jpg 2000w, https:\/\/www.biennale-photo-mulhouse.com\/2024\/wp-content\/uploads\/sites\/6\/2025\/04\/Altiplano_4-768x617.jpg 768w, https:\/\/www.biennale-photo-mulhouse.com\/2024\/wp-content\/uploads\/sites\/6\/2025\/04\/Altiplano_4-1536x1234.jpg 1536w\" sizes=\"auto, (max-width: 2000px) 100vw, 2000px\" \/><\/p>\n<p class=\"img_caption\">Pablo Castilla, <em>Altiplano<\/em><\/p>\n<hr \/>\n<h1><em><span class=\"theme_color\">OPEN CALL, sedimentation(s)<\/span><\/em><\/h1>\n<p><span class=\"theme_color\"><em>In February 2025, Mulhouse Photography Biennial and Mulhouse Art Contemporain launched a call for entries for a solo exhibition. The exhibition will take place from June 2025 to July 2026 in the public space of an urban park in Mulhouse, and will be part of the 7th edition of the BPM, <\/em>Sedimentation(s)<em>. In previous editions of the festival, this site has hosted photographs by C\u00e9line Clanet, Jessica Auer, Manon Lanjou\u00e8re, David de Beyter, Geert Goiris, Matthew Genitempo, Rebecca Topakian&#8230;<\/em><\/span><\/p>\n<p><span class=\"theme_color\"><em>The call for entries invited photographers who explore the past and present, and those interested in both\u00a0 geological and memorial excavations. Works were requested to cover terrestrial and mental geographies, drawing on notions of sedimentation, stratification, matter-flux, and the plasticity of collective and individual memories. Proposals could interweave individual and collective, human and non-human narratives.<\/em><\/span><\/p>\n<h2><em><span class=\"theme_color\">shortlist<\/span><\/em><\/h2>\n<p><em><span class=\"theme_color\">Out of 386 proposals, 20 artists have been pre-selected :\u00a0<\/span><\/em><\/p>\n<p class=\"offsetted with_color_diamond\"><em><span class=\"theme_color\">Sophie Alyz, Alex Cabrera , Lucas Castel, Pablo Castilla, Fran\u00e7ois Deladerri\u00e8re, Marilia Destot, Marjorie Gosset, Julie Hasco\u00ebt, Ilanit Illouz, Helen Jones, Fran\u00e7ois Jonquet, Coline Jourdan, Ruth Lauer-Manenti, Duy-Phuong Le Nguyen, Yvette Monahan, Chrystel Mukeba, Dalmonia Rognean, Alnis Stakle, Roselyne Titaud, Margot Wallard<\/span> <\/em><\/p>\n<p><em><span class=\"theme_color\">We applaud the high quality of their work, and their resonance with the festival&rsquo;s next edition theme. <\/span><\/em><br \/>\n<em><span class=\"theme_color\">Congratulations to them, and to all the other applicants!<\/span><\/em><\/p>\n<h2><em><span class=\"theme_color\">WINNER<\/span> <\/em><\/h2>\n<p><em><span class=\"theme_color\"><strong>Pablo Castilla was chosen as the winner of the call with his series <\/strong><\/span><\/em><span class=\"theme_color\"><strong>Altiplano<\/strong><\/span><em><span class=\"theme_color\"><strong>. <br \/>\n<\/strong><\/span><\/em><\/p>\n<p><span class=\"theme_color\"><em><strong>Exhibition&rsquo;s opening on Sunday, June 15 2025 at 11 am !<br \/>\n<\/strong>Berges de l\u2019Ill\/ Quai des Cigognes, Mulhouse (near \u00a0\u00bb la Maison des Berges\u00a0\u00bb)<strong><br \/>\n<\/strong><\/em><\/span><\/p>\n<p><em><span class=\"theme_color\">The \u201cAltiplano\u201d is one of the least populated areas in South Spain, a vast and arid region that the photographer has been exploring since 2015. Today desertified, this territory was home to a rich ecosystem millions of years ago. Archaeological digs have uncovered traces of animal species that are now extinct, as well as those of the first human communities to settle in Europe. Guided by a shaman through the underground and spiritual world, Pablo Castilla wanted to put the surface landscape into dialogue with this other layer of reality.<\/span><\/em><\/p>\n<p><span class=\"theme_color\">Born in Spain in 1980, Pablo Castilla lives and works in Norway. His work is based on the direct exploration of reality and encoded in a documentary-based language through various disciplines such as cinema, performing arts and photography. He is currently working as photo conservator at the National Library of Norway, leading a project for the preservation of the historical solar observation photographs.<\/span><\/p>\n<p class=\"offsetted with_arrow\"><em><span class=\"theme_color\">The jury&rsquo;s members : <\/span><\/em><\/p>\n<p><em><span class=\"theme_color\">-Aur\u00e9lia Marcadier, art historian, director of PhotoSaintGermain, member of Les Filles de la Photo <\/span><\/em><br \/>\n<em><span class=\"theme_color\">&#8211; Matthieu Leli\u00e8vre, art historian and curator, head of collections at Mus\u00e9e d\u2019Art Contemporain de Lyon (macLYON)<\/span><\/em><br \/>\n<em><span class=\"theme_color\">&#8211; Terri Weifenbach, photographer <\/span><\/em><br \/>\n<em><span class=\"theme_color\">&#8211; Philippe Schweyer, editor at Mediapop <\/span><\/em><br \/>\n<em><span class=\"theme_color\">&#8211; Dominique Bannwarth, president of Mulhouse Art Contemporain <\/span><\/em><br \/>\n<em><span class=\"theme_color\">&#8211; Anne Immel\u00e9, PhD, director of BPM<\/span><\/em><\/p>\n<p><img loading=\"lazy\" decoding=\"async\" class=\"alignnone size-full wp-image-841\" src=\"https:\/\/www.biennale-photo-mulhouse.com\/2024\/wp-content\/uploads\/sites\/6\/2025\/03\/Open-Call-Pascal-Amoyel.jpg\" alt=\"\" width=\"1748\" height=\"2220\" srcset=\"https:\/\/www.biennale-photo-mulhouse.com\/2024\/wp-content\/uploads\/sites\/6\/2025\/03\/Open-Call-Pascal-Amoyel.jpg 1748w, https:\/\/www.biennale-photo-mulhouse.com\/2024\/wp-content\/uploads\/sites\/6\/2025\/03\/Open-Call-Pascal-Amoyel-768x975.jpg 768w, https:\/\/www.biennale-photo-mulhouse.com\/2024\/wp-content\/uploads\/sites\/6\/2025\/03\/Open-Call-Pascal-Amoyel-1209x1536.jpg 1209w, https:\/\/www.biennale-photo-mulhouse.com\/2024\/wp-content\/uploads\/sites\/6\/2025\/03\/Open-Call-Pascal-Amoyel-1613x2048.jpg 1613w\" sizes=\"auto, (max-width: 1748px) 100vw, 1748px\" \/><\/p>\n<p>&nbsp;<\/p>\n<hr \/>\n<h2>BPM 2026<br \/>\n<span class=\"theme_color\"><em>S\u00c9DIMENTATION(S)<\/em><\/span><\/h2>\n<p class=\"cancel_mt\"><span class=\"title_font\">Juin 2026<\/span><\/p>\n<p>En 2026, la 7\u00e8me \u00e9dition de la BPM-Biennale de la Photographie de Mulhouse invite \u00e0 explorer des g\u00e9ographies terrestres et mentales, en s&rsquo;appuyant sur des notions de s\u00e9dimentation, de stratification, de mati\u00e8re-flux et de plasticit\u00e9 des m\u00e9moires collectives et individuelles.<\/p>\n<p>La th\u00e9matique est li\u00e9e \u00e0 la situation g\u00e9ographique de Mulhouse, ville du festival. Il y a 33 millions d&rsquo;ann\u00e9es, la plaine d\u2019Alsace \u00e9tait un fond marin. Cette mer a d\u00e9pos\u00e9 d\u2019\u00e9paisses couches de calcaires et de marnes autour de Mulhouse. Cette action perp\u00e9tuelle de flux et de s\u00e9diments combin\u00e9s, cet organisme g\u00e9ologique vivant a marqu\u00e9 le territoire et ses habitant\u00b7es dans son expression topographique, en toile de fond de nombreuses vies. Ces ph\u00e9nom\u00e8nes de s\u00e9dimentation participent d\u2019une histoire vivante, collective et culturelle. Les habitant\u00b7es les exploitent comme ressources min\u00e9rales, pour cr\u00e9er leurs abris, mais aussi pour explorer leurs propres histoires et r\u00e9cits au fil des mill\u00e9naires.<\/p>\n<p>\u00c0 l\u2019instar de ces ph\u00e9nom\u00e8nes de s\u00e9dimentation, cette 7\u00e8me \u00e9dition de la BPM r\u00e9unit des photographes qui explorent le pass\u00e9, int\u00e9ress\u00e9\u00b7es par les excavations g\u00e9ologiques tout autant que m\u00e9morielles. Miner, excaver, fouiller sont autant de m\u00e9thodologies d\u2019investigation, permettant l\u2019exploration de la terre mais aussi de l\u2019esprit. Les expositions entrelacent les narrations collectives et les interconnexions entre les histoires individuelles et collectives, humaines et non humaines.<\/p>\n<p><span class=\"theme_color\"><em>In June 2026, the 7th edition of the Mulhouse Photography Biennial invites to explore geological and mental geographies, drawing on the notions of sedimentation, matter-flux, and the plasticity of collective and individual memories. <\/em><\/span><\/p>\n<p><span class=\"theme_color\"><em>This theme is linked to the location of the city of Mulhouse in Alsace, where the festival is taking place. 33 million years ago, the Alsace plain was a seabed. The sea deposited thick layers of limestone and marl what now is Mulhouse. This perpetual action of combined flux and sediment, this animate geological organism, propagates a living collective, cultural history of a region and its inhabitants in its topographical expression, as a backdrop to innumerable lives. Its inhabitants excavate it for shelter, mineral resources, and to explore <\/em><\/span><span class=\"theme_color\"><em>their own histories and narratives over the millennia.<\/em><\/span><\/p>\n<p><span class=\"theme_color\"><em>In the same way as these sedimentation phenomena, the 2026 edition of the MPB brings together photographers who explore the past, interested in excavations both geological and memorial. Mining, excavating, and digging serve as methodologies of investigation, enabling the exploration of both Earth and mind. The exhibitions intertwine individual and collective stories, both human and non-human.<\/em><\/span><\/p>\n","protected":false},"excerpt":{"rendered":"<p>FR\/ENG \u2193\u00a0 APpel \u00e0 candidature, s\u00e9dimentation(s) En f\u00e9vrier 2025, la Biennale de la Photographie de Mulhouse et Mulhouse Art Contemporain ont lanc\u00e9 un appel \u00e0 candidature pour une exposition individuelle. Celle-ci aura lieu de juin 2025 \u00e0 juillet 2026 dans l\u2019espace public d\u2019un parc urbain \u00e0 Mulhouse et fera partie de la programmation de la [&hellip;]<\/p>\n","protected":false},"author":3,"featured_media":0,"parent":0,"menu_order":0,"comment_status":"closed","ping_status":"closed","template":"","meta":{"footnotes":""},"categories":[1],"class_list":["post-827","page","type-page","status-publish","hentry","category-non-classe"],"acf":{"photo_gallery":{"gallery":[[{"id":835,"title":"Vue d'exposition sur les Berges de l'Ill, 2024, photographie de Paul Gaffney \u00a9 Malo le Bayon","caption":"Vue d'exposition sur les Berges de l'Ill, 2024, photographie de Paul Gaffney \u00a9 Malo le Bayon","full_image_url":"https:\/\/www.biennale-photo-mulhouse.com\/2024\/wp-content\/uploads\/sites\/6\/2025\/03\/EXPO_BERGES_DE_LILL_BPM_2024_@MALO_LE_BAYON-1-scaled.jpg","thumbnail_image_url":"https:\/\/www.biennale-photo-mulhouse.com\/2024\/wp-content\/uploads\/sites\/6\/2025\/03\/EXPO_BERGES_DE_LILL_BPM_2024_@MALO_LE_BAYON-1-scaled.jpg","large_srcset":"https:\/\/www.biennale-photo-mulhouse.com\/2024\/wp-content\/uploads\/sites\/6\/2025\/03\/EXPO_BERGES_DE_LILL_BPM_2024_@MALO_LE_BAYON-1-scaled.jpg 2560w, https:\/\/www.biennale-photo-mulhouse.com\/2024\/wp-content\/uploads\/sites\/6\/2025\/03\/EXPO_BERGES_DE_LILL_BPM_2024_@MALO_LE_BAYON-1-768x512.jpg 768w, https:\/\/www.biennale-photo-mulhouse.com\/2024\/wp-content\/uploads\/sites\/6\/2025\/03\/EXPO_BERGES_DE_LILL_BPM_2024_@MALO_LE_BAYON-1-1536x1024.jpg 1536w, https:\/\/www.biennale-photo-mulhouse.com\/2024\/wp-content\/uploads\/sites\/6\/2025\/03\/EXPO_BERGES_DE_LILL_BPM_2024_@MALO_LE_BAYON-1-2048x1365.jpg 2048w","medium_srcset":"https:\/\/www.biennale-photo-mulhouse.com\/2024\/wp-content\/uploads\/sites\/6\/2025\/03\/EXPO_BERGES_DE_LILL_BPM_2024_@MALO_LE_BAYON-1-scaled.jpg 2560w, https:\/\/www.biennale-photo-mulhouse.com\/2024\/wp-content\/uploads\/sites\/6\/2025\/03\/EXPO_BERGES_DE_LILL_BPM_2024_@MALO_LE_BAYON-1-768x512.jpg 768w, https:\/\/www.biennale-photo-mulhouse.com\/2024\/wp-content\/uploads\/sites\/6\/2025\/03\/EXPO_BERGES_DE_LILL_BPM_2024_@MALO_LE_BAYON-1-1536x1024.jpg 1536w, https:\/\/www.biennale-photo-mulhouse.com\/2024\/wp-content\/uploads\/sites\/6\/2025\/03\/EXPO_BERGES_DE_LILL_BPM_2024_@MALO_LE_BAYON-1-2048x1365.jpg 2048w","media_details":{"width":2560,"height":1707,"sizes":{"medium_large":{"file":"EXPO_BERGES_DE_LILL_BPM_2024_@MALO_LE_BAYON-1-768x512.jpg","width":768,"height":512,"mime-type":"image\/jpeg","filesize":145765,"source_url":"https:\/\/www.biennale-photo-mulhouse.com\/2024\/wp-content\/uploads\/sites\/6\/2025\/03\/EXPO_BERGES_DE_LILL_BPM_2024_@MALO_LE_BAYON-1-768x512.jpg"},"1536x1536":{"file":"EXPO_BERGES_DE_LILL_BPM_2024_@MALO_LE_BAYON-1-1536x1024.jpg","width":1536,"height":1024,"mime-type":"image\/jpeg","filesize":540992,"source_url":"https:\/\/www.biennale-photo-mulhouse.com\/2024\/wp-content\/uploads\/sites\/6\/2025\/03\/EXPO_BERGES_DE_LILL_BPM_2024_@MALO_LE_BAYON-1-1536x1024.jpg"},"2048x2048":{"file":"EXPO_BERGES_DE_LILL_BPM_2024_@MALO_LE_BAYON-1-2048x1365.jpg","width":2048,"height":1365,"mime-type":"image\/jpeg","filesize":926086,"source_url":"https:\/\/www.biennale-photo-mulhouse.com\/2024\/wp-content\/uploads\/sites\/6\/2025\/03\/EXPO_BERGES_DE_LILL_BPM_2024_@MALO_LE_BAYON-1-2048x1365.jpg"}}},"alt_text":"","url":"","target":""}]]}},"yoast_head":"<!-- This site is optimized with the Yoast SEO plugin v21.9.1 - https:\/\/yoast.com\/wordpress\/plugins\/seo\/ -->\n<title>Appel \u00e0 candidature, S\u00e9dimentation(s) - BPM 2024 - Biennale de la Photographie de Mulhouse 2024<\/title>\n<meta name=\"description\" content=\"La BPM et MAC ont lan\u00e9c\u00e9 un appel \u00e0 candidature pour une exposition individuelle, qui aura lieu de juin 2025 \u00e0 juillet 2026.\" \/>\n<meta name=\"robots\" content=\"index, follow, max-snippet:-1, max-image-preview:large, max-video-preview:-1\" \/>\n<link rel=\"canonical\" href=\"https:\/\/www.biennale-photo-mulhouse.com\/2024\/appel-a-candidature-sedimentations\/\" \/>\n<meta property=\"og:locale\" content=\"fr_FR\" \/>\n<meta property=\"og:type\" content=\"article\" \/>\n<meta property=\"og:title\" content=\"Appel \u00e0 candidature, S\u00e9dimentation(s) - BPM 2024 - Biennale de la Photographie de Mulhouse 2024\" \/>\n<meta property=\"og:description\" content=\"La BPM et MAC ont lan\u00e9c\u00e9 un appel \u00e0 candidature pour une exposition individuelle, qui aura lieu de juin 2025 \u00e0 juillet 2026.\" \/>\n<meta property=\"og:url\" content=\"https:\/\/www.biennale-photo-mulhouse.com\/2024\/appel-a-candidature-sedimentations\/\" \/>\n<meta property=\"og:site_name\" content=\"BPM 2024 - Biennale de la Photographie de Mulhouse 2024\" \/>\n<meta property=\"article:publisher\" content=\"https:\/\/www.facebook.com\/BiennaleDeLaPhotographieDeMulhouse\" \/>\n<meta property=\"article:modified_time\" content=\"2025-04-08T15:55:05+00:00\" \/>\n<meta property=\"og:image\" content=\"https:\/\/www.biennale-photo-mulhouse.com\/2024\/wp-content\/uploads\/sites\/6\/2025\/04\/Altiplano_4.jpg\" \/>\n<meta name=\"twitter:card\" content=\"summary_large_image\" \/>\n<meta name=\"twitter:label1\" content=\"Dur\u00e9e de lecture estim\u00e9e\" \/>\n\t<meta name=\"twitter:data1\" content=\"8 minutes\" \/>\n<script type=\"application\/ld+json\" class=\"yoast-schema-graph\">{\"@context\":\"https:\/\/schema.org\",\"@graph\":[{\"@type\":\"WebPage\",\"@id\":\"https:\/\/www.biennale-photo-mulhouse.com\/2024\/appel-a-candidature-sedimentations\/\",\"url\":\"https:\/\/www.biennale-photo-mulhouse.com\/2024\/appel-a-candidature-sedimentations\/\",\"name\":\"Appel \u00e0 candidature, S\u00e9dimentation(s) - BPM 2024 - Biennale de la Photographie de Mulhouse 2024\",\"isPartOf\":{\"@id\":\"https:\/\/www.biennale-photo-mulhouse.com\/2024\/#website\"},\"datePublished\":\"2025-03-12T09:13:21+00:00\",\"dateModified\":\"2025-04-08T15:55:05+00:00\",\"description\":\"La BPM et MAC ont lan\u00e9c\u00e9 un appel \u00e0 candidature pour une exposition individuelle, qui aura lieu de juin 2025 \u00e0 juillet 2026.\",\"breadcrumb\":{\"@id\":\"https:\/\/www.biennale-photo-mulhouse.com\/2024\/appel-a-candidature-sedimentations\/#breadcrumb\"},\"inLanguage\":\"fr-FR\",\"potentialAction\":[{\"@type\":\"ReadAction\",\"target\":[\"https:\/\/www.biennale-photo-mulhouse.com\/2024\/appel-a-candidature-sedimentations\/\"]}]},{\"@type\":\"BreadcrumbList\",\"@id\":\"https:\/\/www.biennale-photo-mulhouse.com\/2024\/appel-a-candidature-sedimentations\/#breadcrumb\",\"itemListElement\":[{\"@type\":\"ListItem\",\"position\":1,\"name\":\"Accueil\",\"item\":\"https:\/\/www.biennale-photo-mulhouse.com\/2024\/\"},{\"@type\":\"ListItem\",\"position\":2,\"name\":\"Appel \u00e0 candidature, S\u00e9dimentation(s)\"}]},{\"@type\":\"WebSite\",\"@id\":\"https:\/\/www.biennale-photo-mulhouse.com\/2024\/#website\",\"url\":\"https:\/\/www.biennale-photo-mulhouse.com\/2024\/\",\"name\":\"Biennale de la Photographie de Mulhouse\",\"description\":\"\",\"potentialAction\":[{\"@type\":\"SearchAction\",\"target\":{\"@type\":\"EntryPoint\",\"urlTemplate\":\"https:\/\/www.biennale-photo-mulhouse.com\/2024\/?s={search_term_string}\"},\"query-input\":\"required name=search_term_string\"}],\"inLanguage\":\"fr-FR\"}]}<\/script>\n<!-- \/ Yoast SEO plugin. -->","yoast_head_json":{"title":"Appel \u00e0 candidature, S\u00e9dimentation(s) - BPM 2024 - Biennale de la Photographie de Mulhouse 2024","description":"La BPM et MAC ont lan\u00e9c\u00e9 un appel \u00e0 candidature pour une exposition individuelle, qui aura lieu de juin 2025 \u00e0 juillet 2026.","robots":{"index":"index","follow":"follow","max-snippet":"max-snippet:-1","max-image-preview":"max-image-preview:large","max-video-preview":"max-video-preview:-1"},"canonical":"https:\/\/www.biennale-photo-mulhouse.com\/2024\/appel-a-candidature-sedimentations\/","og_locale":"fr_FR","og_type":"article","og_title":"Appel \u00e0 candidature, S\u00e9dimentation(s) - BPM 2024 - Biennale de la Photographie de Mulhouse 2024","og_description":"La BPM et MAC ont lan\u00e9c\u00e9 un appel \u00e0 candidature pour une exposition individuelle, qui aura lieu de juin 2025 \u00e0 juillet 2026.","og_url":"https:\/\/www.biennale-photo-mulhouse.com\/2024\/appel-a-candidature-sedimentations\/","og_site_name":"BPM 2024 - Biennale de la Photographie de Mulhouse 2024","article_publisher":"https:\/\/www.facebook.com\/BiennaleDeLaPhotographieDeMulhouse","article_modified_time":"2025-04-08T15:55:05+00:00","og_image":[{"url":"https:\/\/www.biennale-photo-mulhouse.com\/2024\/wp-content\/uploads\/sites\/6\/2025\/04\/Altiplano_4.jpg"}],"twitter_card":"summary_large_image","twitter_misc":{"Dur\u00e9e de lecture estim\u00e9e":"8 minutes"},"schema":{"@context":"https:\/\/schema.org","@graph":[{"@type":"WebPage","@id":"https:\/\/www.biennale-photo-mulhouse.com\/2024\/appel-a-candidature-sedimentations\/","url":"https:\/\/www.biennale-photo-mulhouse.com\/2024\/appel-a-candidature-sedimentations\/","name":"Appel \u00e0 candidature, S\u00e9dimentation(s) - BPM 2024 - Biennale de la Photographie de Mulhouse 2024","isPartOf":{"@id":"https:\/\/www.biennale-photo-mulhouse.com\/2024\/#website"},"datePublished":"2025-03-12T09:13:21+00:00","dateModified":"2025-04-08T15:55:05+00:00","description":"La BPM et MAC ont lan\u00e9c\u00e9 un appel \u00e0 candidature pour une exposition individuelle, qui aura lieu de juin 2025 \u00e0 juillet 2026.","breadcrumb":{"@id":"https:\/\/www.biennale-photo-mulhouse.com\/2024\/appel-a-candidature-sedimentations\/#breadcrumb"},"inLanguage":"fr-FR","potentialAction":[{"@type":"ReadAction","target":["https:\/\/www.biennale-photo-mulhouse.com\/2024\/appel-a-candidature-sedimentations\/"]}]},{"@type":"BreadcrumbList","@id":"https:\/\/www.biennale-photo-mulhouse.com\/2024\/appel-a-candidature-sedimentations\/#breadcrumb","itemListElement":[{"@type":"ListItem","position":1,"name":"Accueil","item":"https:\/\/www.biennale-photo-mulhouse.com\/2024\/"},{"@type":"ListItem","position":2,"name":"Appel \u00e0 candidature, S\u00e9dimentation(s)"}]},{"@type":"WebSite","@id":"https:\/\/www.biennale-photo-mulhouse.com\/2024\/#website","url":"https:\/\/www.biennale-photo-mulhouse.com\/2024\/","name":"Biennale de la Photographie de Mulhouse","description":"","potentialAction":[{"@type":"SearchAction","target":{"@type":"EntryPoint","urlTemplate":"https:\/\/www.biennale-photo-mulhouse.com\/2024\/?s={search_term_string}"},"query-input":"required name=search_term_string"}],"inLanguage":"fr-FR"}]}},"_links":{"self":[{"href":"https:\/\/www.biennale-photo-mulhouse.com\/2024\/wp-json\/wp\/v2\/pages\/827","targetHints":{"allow":["GET"]}}],"collection":[{"href":"https:\/\/www.biennale-photo-mulhouse.com\/2024\/wp-json\/wp\/v2\/pages"}],"about":[{"href":"https:\/\/www.biennale-photo-mulhouse.com\/2024\/wp-json\/wp\/v2\/types\/page"}],"author":[{"embeddable":true,"href":"https:\/\/www.biennale-photo-mulhouse.com\/2024\/wp-json\/wp\/v2\/users\/3"}],"replies":[{"embeddable":true,"href":"https:\/\/www.biennale-photo-mulhouse.com\/2024\/wp-json\/wp\/v2\/comments?post=827"}],"version-history":[{"count":23,"href":"https:\/\/www.biennale-photo-mulhouse.com\/2024\/wp-json\/wp\/v2\/pages\/827\/revisions"}],"predecessor-version":[{"id":868,"href":"https:\/\/www.biennale-photo-mulhouse.com\/2024\/wp-json\/wp\/v2\/pages\/827\/revisions\/868"}],"wp:attachment":[{"href":"https:\/\/www.biennale-photo-mulhouse.com\/2024\/wp-json\/wp\/v2\/media?parent=827"}],"wp:term":[{"taxonomy":"category","embeddable":true,"href":"https:\/\/www.biennale-photo-mulhouse.com\/2024\/wp-json\/wp\/v2\/categories?post=827"}],"curies":[{"name":"wp","href":"https:\/\/api.w.org\/{rel}","templated":true}]}}