{"id":779,"date":"2024-10-23T12:04:54","date_gmt":"2024-10-23T10:04:54","guid":{"rendered":"https:\/\/www.biennale-photo-mulhouse.com\/2024\/?page_id=779"},"modified":"2024-11-19T13:54:57","modified_gmt":"2024-11-19T12:54:57","slug":"bernard-plossu-photo-mulhouse","status":"publish","type":"page","link":"https:\/\/www.biennale-photo-mulhouse.com\/2024\/bernard-plossu-photo-mulhouse\/","title":{"rendered":"Discussion publique avec Bernard Plossu"},"content":{"rendered":"<h1><span class=\"theme_color\">Discussion publique avec Bernard Plossu<\/span><\/h1>\n<p class=\"cancel_mt\">dans le cadre de l\u2019exposition <a href=\"https:\/\/www.biennale-photo-mulhouse.com\/2024\/those-eyes-these-eyes-they-fade\/\" target=\"_blank\" rel=\"noopener\"><span class=\"theme_color\"><em>Those eyes, these eyes, they fade<\/em><\/span><\/a><\/p>\n<p class=\"cancel_mt\">Rencontre anim\u00e9e par Nicolas B\u00e9zard<\/p>\n<p>&nbsp;<\/p>\n<p class=\"cancel_mt\"><strong>Mus\u00e9e des Beaux Arts de Mulhouse<\/strong><\/p>\n<p class=\"cancel_mt\"><strong>7 d\u00e9cembre \u00e0 18:30 <\/strong><\/p>\n<p>Introduction par Anne Immel\u00e9, commissaire de la Biennale de la Photographie de Mulhouse. \u00a0<\/p>\n<p>&nbsp;<\/p>\n<p class=\"cancel_mt\">Prenant pour point de d\u00e9part la pratique photographique de Bernard Plossu, la conversation abordera diff\u00e9rents th\u00e8mes li\u00e9s aux photographies expos\u00e9es, dont La nature prisonni\u00e8re s\u00e9rie r\u00e9alis\u00e9e dans les ann\u00e9es 1970 en France et aux \u00c9tats-Unis, illustrant la mise en sc\u00e8ne artificielle de la nature dans des espaces pleinement b\u00e9tonn\u00e9s. Des arbres solitaires, ou presque, fournissent des effusions d\u2019une vie v\u00e9g\u00e9tale qui tente d&rsquo;\u00e9chapper au contr\u00f4le de l\u2019humain dans des environnements con\u00e7us par et pour lui. Autre s\u00e9rie, celle consacr\u00e9e aux \u00eeles et jardins m\u00e9diterran\u00e9en dans laquelle Bernard Plossu invit\u00e9 \u00e0 la sensualit\u00e9, \u00e0 la chaleur et \u00e0 l\u2019exub\u00e9rance de la v\u00e9g\u00e9tation du bassin m\u00e9diterran\u00e9en. Apr\u00e8s une vie de voyage, c\u2019est au contact de cette nature c\u00f4ti\u00e8re et g\u00e9n\u00e9reuse que le photographe vit d\u00e9sormais, sans oublier de lui rendre hommage par l\u2019image.<\/p>\n<p>&nbsp;<\/p>\n<p class=\"cancel_mt\"><em>N\u00e9 en 1945 au Vietnam, Bernard Plossu r\u00e9alise ses premi\u00e8res photos \u00e0 treize ans, lors d&rsquo;un voyage au Sahara avec son p\u00e8re. En 1965, il part au Mexique o\u00f9 il photographie ses amis beatniks avec lesquels il exp\u00e9rimente l&rsquo;errance et la libert\u00e9. Il voyage chez les Indiens mayas, en Californie, en \u00c9gypte, en Inde, au Niger. En 1977, Bernard Plossu s&rsquo;installe au Nouveau-Mexique. Il y perfectionne un style visuel direct caract\u00e9ris\u00e9 par une absence totale d&rsquo;effet. Dans les ann\u00e9es 1980, Il revient vivre en Europe et continue de marcher notamment en Espagne, en France, en Turquie ou sur les petites \u00eeles italiennes. Ses images sensuelles et silencieuses \u00e9voquent la douceur des corps, de la mati\u00e8re, du mouvement. Il est l&rsquo;auteur de tr\u00e8s nombreux ouvrages ayant fait date, tels que\u00a0Le Voyage mexicain,\u00a0The African Desert,\u00a0Au Nord,\u00a0Avant l&rsquo;\u00e2ge de raison\u00a0ou\u00a0L&rsquo;heure immobile.<\/em><\/p>\n<p><img loading=\"lazy\" decoding=\"async\" class=\"alignnone size-full wp-image-784\" src=\"https:\/\/www.biennale-photo-mulhouse.com\/2024\/wp-content\/uploads\/sites\/6\/2024\/10\/DSC3258-copie.jpg\" alt=\"\" width=\"2200\" height=\"1464\" srcset=\"https:\/\/www.biennale-photo-mulhouse.com\/2024\/wp-content\/uploads\/sites\/6\/2024\/10\/DSC3258-copie.jpg 2200w, https:\/\/www.biennale-photo-mulhouse.com\/2024\/wp-content\/uploads\/sites\/6\/2024\/10\/DSC3258-copie-768x511.jpg 768w, https:\/\/www.biennale-photo-mulhouse.com\/2024\/wp-content\/uploads\/sites\/6\/2024\/10\/DSC3258-copie-1536x1022.jpg 1536w, https:\/\/www.biennale-photo-mulhouse.com\/2024\/wp-content\/uploads\/sites\/6\/2024\/10\/DSC3258-copie-2048x1363.jpg 2048w\" sizes=\"auto, (max-width: 2200px) 100vw, 2200px\" \/><\/p>\n<p class=\"img_caption\">Bernard Plossu, vue d&rsquo;exposition, <em>Those eyes, these eyes, they fade, <\/em>Mus\u00e9e des Beaux-Arts de Mulhouse<\/p>\n","protected":false},"excerpt":{"rendered":"<p>Discussion publique avec Bernard Plossu dans le cadre de l\u2019exposition Those eyes, these eyes, they fade Rencontre anim\u00e9e par Nicolas B\u00e9zard &nbsp; Mus\u00e9e des Beaux Arts de Mulhouse 7 d\u00e9cembre \u00e0 18:30 Introduction par Anne Immel\u00e9, commissaire de la Biennale de la Photographie de Mulhouse. \u00a0 &nbsp; Prenant pour point de d\u00e9part la pratique photographique [&hellip;]<\/p>\n","protected":false},"author":3,"featured_media":0,"parent":0,"menu_order":0,"comment_status":"closed","ping_status":"closed","template":"","meta":{"footnotes":""},"categories":[1],"class_list":["post-779","page","type-page","status-publish","hentry","category-non-classe"],"acf":{"photo_gallery":{"gallery":[[{"id":780,"title":"Bernard Plossu, Italie, 2009","caption":"Bernard Plossu, Italie, 2009","full_image_url":"https:\/\/www.biennale-photo-mulhouse.com\/2024\/wp-content\/uploads\/sites\/6\/2024\/10\/009-B.Plossu-tirage-fresson-scaled.jpeg","thumbnail_image_url":"https:\/\/www.biennale-photo-mulhouse.com\/2024\/wp-content\/uploads\/sites\/6\/2024\/10\/009-B.Plossu-tirage-fresson-scaled.jpeg","large_srcset":"https:\/\/www.biennale-photo-mulhouse.com\/2024\/wp-content\/uploads\/sites\/6\/2024\/10\/009-B.Plossu-tirage-fresson-scaled.jpeg 2560w, https:\/\/www.biennale-photo-mulhouse.com\/2024\/wp-content\/uploads\/sites\/6\/2024\/10\/009-B.Plossu-tirage-fresson-768x597.jpeg 768w, https:\/\/www.biennale-photo-mulhouse.com\/2024\/wp-content\/uploads\/sites\/6\/2024\/10\/009-B.Plossu-tirage-fresson-1536x1193.jpeg 1536w, https:\/\/www.biennale-photo-mulhouse.com\/2024\/wp-content\/uploads\/sites\/6\/2024\/10\/009-B.Plossu-tirage-fresson-2048x1591.jpeg 2048w","medium_srcset":"https:\/\/www.biennale-photo-mulhouse.com\/2024\/wp-content\/uploads\/sites\/6\/2024\/10\/009-B.Plossu-tirage-fresson-scaled.jpeg 2560w, https:\/\/www.biennale-photo-mulhouse.com\/2024\/wp-content\/uploads\/sites\/6\/2024\/10\/009-B.Plossu-tirage-fresson-768x597.jpeg 768w, https:\/\/www.biennale-photo-mulhouse.com\/2024\/wp-content\/uploads\/sites\/6\/2024\/10\/009-B.Plossu-tirage-fresson-1536x1193.jpeg 1536w, https:\/\/www.biennale-photo-mulhouse.com\/2024\/wp-content\/uploads\/sites\/6\/2024\/10\/009-B.Plossu-tirage-fresson-2048x1591.jpeg 2048w","media_details":{"width":2560,"height":1988,"sizes":{"medium_large":{"file":"009-B.Plossu-tirage-fresson-768x597.jpeg","width":768,"height":597,"mime-type":"image\/jpeg","filesize":62305,"source_url":"https:\/\/www.biennale-photo-mulhouse.com\/2024\/wp-content\/uploads\/sites\/6\/2024\/10\/009-B.Plossu-tirage-fresson-768x597.jpeg"},"1536x1536":{"file":"009-B.Plossu-tirage-fresson-1536x1193.jpeg","width":1536,"height":1193,"mime-type":"image\/jpeg","filesize":205194,"source_url":"https:\/\/www.biennale-photo-mulhouse.com\/2024\/wp-content\/uploads\/sites\/6\/2024\/10\/009-B.Plossu-tirage-fresson-1536x1193.jpeg"},"2048x2048":{"file":"009-B.Plossu-tirage-fresson-2048x1591.jpeg","width":2048,"height":1591,"mime-type":"image\/jpeg","filesize":342815,"source_url":"https:\/\/www.biennale-photo-mulhouse.com\/2024\/wp-content\/uploads\/sites\/6\/2024\/10\/009-B.Plossu-tirage-fresson-2048x1591.jpeg"}}},"alt_text":"","url":"","target":""}]]}},"yoast_head":"<!-- This site is optimized with the Yoast SEO plugin v21.9.1 - https:\/\/yoast.com\/wordpress\/plugins\/seo\/ -->\n<title>Discussion publique avec Bernard Plossu - BPM 2024 - Biennale de la Photographie de Mulhouse 2024<\/title>\n<meta name=\"description\" content=\"Prenant pour point de d\u00e9part la pratique de Bernard Plossu, la conversation abordera diff\u00e9rents th\u00e8mes li\u00e9s aux photographies expos\u00e9es.\" \/>\n<meta name=\"robots\" content=\"index, follow, max-snippet:-1, max-image-preview:large, max-video-preview:-1\" \/>\n<link rel=\"canonical\" href=\"https:\/\/www.biennale-photo-mulhouse.com\/2024\/bernard-plossu-photo-mulhouse\/\" \/>\n<meta property=\"og:locale\" content=\"fr_FR\" \/>\n<meta property=\"og:type\" content=\"article\" \/>\n<meta property=\"og:title\" content=\"Discussion publique avec Bernard Plossu - BPM 2024 - Biennale de la Photographie de Mulhouse 2024\" \/>\n<meta property=\"og:description\" content=\"Prenant pour point de d\u00e9part la pratique de Bernard Plossu, la conversation abordera diff\u00e9rents th\u00e8mes li\u00e9s aux photographies expos\u00e9es.\" \/>\n<meta property=\"og:url\" content=\"https:\/\/www.biennale-photo-mulhouse.com\/2024\/bernard-plossu-photo-mulhouse\/\" \/>\n<meta property=\"og:site_name\" content=\"BPM 2024 - Biennale de la Photographie de Mulhouse 2024\" \/>\n<meta property=\"article:publisher\" content=\"https:\/\/www.facebook.com\/BiennaleDeLaPhotographieDeMulhouse\" \/>\n<meta property=\"article:modified_time\" content=\"2024-11-19T12:54:57+00:00\" \/>\n<meta property=\"og:image\" content=\"https:\/\/www.biennale-photo-mulhouse.com\/2024\/wp-content\/uploads\/sites\/6\/2024\/10\/DSC3258-copie.jpg\" \/>\n<meta name=\"twitter:card\" content=\"summary_large_image\" \/>\n<meta name=\"twitter:label1\" content=\"Dur\u00e9e de lecture estim\u00e9e\" \/>\n\t<meta name=\"twitter:data1\" content=\"2 minutes\" \/>\n<script type=\"application\/ld+json\" class=\"yoast-schema-graph\">{\"@context\":\"https:\/\/schema.org\",\"@graph\":[{\"@type\":\"WebPage\",\"@id\":\"https:\/\/www.biennale-photo-mulhouse.com\/2024\/bernard-plossu-photo-mulhouse\/\",\"url\":\"https:\/\/www.biennale-photo-mulhouse.com\/2024\/bernard-plossu-photo-mulhouse\/\",\"name\":\"Discussion publique avec Bernard Plossu - BPM 2024 - Biennale de la Photographie de Mulhouse 2024\",\"isPartOf\":{\"@id\":\"https:\/\/www.biennale-photo-mulhouse.com\/2024\/#website\"},\"datePublished\":\"2024-10-23T10:04:54+00:00\",\"dateModified\":\"2024-11-19T12:54:57+00:00\",\"description\":\"Prenant pour point de d\u00e9part la pratique de Bernard Plossu, la conversation abordera diff\u00e9rents th\u00e8mes li\u00e9s aux photographies expos\u00e9es.\",\"breadcrumb\":{\"@id\":\"https:\/\/www.biennale-photo-mulhouse.com\/2024\/bernard-plossu-photo-mulhouse\/#breadcrumb\"},\"inLanguage\":\"fr-FR\",\"potentialAction\":[{\"@type\":\"ReadAction\",\"target\":[\"https:\/\/www.biennale-photo-mulhouse.com\/2024\/bernard-plossu-photo-mulhouse\/\"]}]},{\"@type\":\"BreadcrumbList\",\"@id\":\"https:\/\/www.biennale-photo-mulhouse.com\/2024\/bernard-plossu-photo-mulhouse\/#breadcrumb\",\"itemListElement\":[{\"@type\":\"ListItem\",\"position\":1,\"name\":\"Accueil\",\"item\":\"https:\/\/www.biennale-photo-mulhouse.com\/2024\/\"},{\"@type\":\"ListItem\",\"position\":2,\"name\":\"Discussion publique avec Bernard Plossu\"}]},{\"@type\":\"WebSite\",\"@id\":\"https:\/\/www.biennale-photo-mulhouse.com\/2024\/#website\",\"url\":\"https:\/\/www.biennale-photo-mulhouse.com\/2024\/\",\"name\":\"Biennale de la Photographie de Mulhouse\",\"description\":\"\",\"potentialAction\":[{\"@type\":\"SearchAction\",\"target\":{\"@type\":\"EntryPoint\",\"urlTemplate\":\"https:\/\/www.biennale-photo-mulhouse.com\/2024\/?s={search_term_string}\"},\"query-input\":\"required name=search_term_string\"}],\"inLanguage\":\"fr-FR\"}]}<\/script>\n<!-- \/ Yoast SEO plugin. -->","yoast_head_json":{"title":"Discussion publique avec Bernard Plossu - BPM 2024 - Biennale de la Photographie de Mulhouse 2024","description":"Prenant pour point de d\u00e9part la pratique de Bernard Plossu, la conversation abordera diff\u00e9rents th\u00e8mes li\u00e9s aux photographies expos\u00e9es.","robots":{"index":"index","follow":"follow","max-snippet":"max-snippet:-1","max-image-preview":"max-image-preview:large","max-video-preview":"max-video-preview:-1"},"canonical":"https:\/\/www.biennale-photo-mulhouse.com\/2024\/bernard-plossu-photo-mulhouse\/","og_locale":"fr_FR","og_type":"article","og_title":"Discussion publique avec Bernard Plossu - BPM 2024 - Biennale de la Photographie de Mulhouse 2024","og_description":"Prenant pour point de d\u00e9part la pratique de Bernard Plossu, la conversation abordera diff\u00e9rents th\u00e8mes li\u00e9s aux photographies expos\u00e9es.","og_url":"https:\/\/www.biennale-photo-mulhouse.com\/2024\/bernard-plossu-photo-mulhouse\/","og_site_name":"BPM 2024 - Biennale de la Photographie de Mulhouse 2024","article_publisher":"https:\/\/www.facebook.com\/BiennaleDeLaPhotographieDeMulhouse","article_modified_time":"2024-11-19T12:54:57+00:00","og_image":[{"url":"https:\/\/www.biennale-photo-mulhouse.com\/2024\/wp-content\/uploads\/sites\/6\/2024\/10\/DSC3258-copie.jpg"}],"twitter_card":"summary_large_image","twitter_misc":{"Dur\u00e9e de lecture estim\u00e9e":"2 minutes"},"schema":{"@context":"https:\/\/schema.org","@graph":[{"@type":"WebPage","@id":"https:\/\/www.biennale-photo-mulhouse.com\/2024\/bernard-plossu-photo-mulhouse\/","url":"https:\/\/www.biennale-photo-mulhouse.com\/2024\/bernard-plossu-photo-mulhouse\/","name":"Discussion publique avec Bernard Plossu - BPM 2024 - Biennale de la Photographie de Mulhouse 2024","isPartOf":{"@id":"https:\/\/www.biennale-photo-mulhouse.com\/2024\/#website"},"datePublished":"2024-10-23T10:04:54+00:00","dateModified":"2024-11-19T12:54:57+00:00","description":"Prenant pour point de d\u00e9part la pratique de Bernard Plossu, la conversation abordera diff\u00e9rents th\u00e8mes li\u00e9s aux photographies expos\u00e9es.","breadcrumb":{"@id":"https:\/\/www.biennale-photo-mulhouse.com\/2024\/bernard-plossu-photo-mulhouse\/#breadcrumb"},"inLanguage":"fr-FR","potentialAction":[{"@type":"ReadAction","target":["https:\/\/www.biennale-photo-mulhouse.com\/2024\/bernard-plossu-photo-mulhouse\/"]}]},{"@type":"BreadcrumbList","@id":"https:\/\/www.biennale-photo-mulhouse.com\/2024\/bernard-plossu-photo-mulhouse\/#breadcrumb","itemListElement":[{"@type":"ListItem","position":1,"name":"Accueil","item":"https:\/\/www.biennale-photo-mulhouse.com\/2024\/"},{"@type":"ListItem","position":2,"name":"Discussion publique avec Bernard Plossu"}]},{"@type":"WebSite","@id":"https:\/\/www.biennale-photo-mulhouse.com\/2024\/#website","url":"https:\/\/www.biennale-photo-mulhouse.com\/2024\/","name":"Biennale de la Photographie de Mulhouse","description":"","potentialAction":[{"@type":"SearchAction","target":{"@type":"EntryPoint","urlTemplate":"https:\/\/www.biennale-photo-mulhouse.com\/2024\/?s={search_term_string}"},"query-input":"required name=search_term_string"}],"inLanguage":"fr-FR"}]}},"_links":{"self":[{"href":"https:\/\/www.biennale-photo-mulhouse.com\/2024\/wp-json\/wp\/v2\/pages\/779","targetHints":{"allow":["GET"]}}],"collection":[{"href":"https:\/\/www.biennale-photo-mulhouse.com\/2024\/wp-json\/wp\/v2\/pages"}],"about":[{"href":"https:\/\/www.biennale-photo-mulhouse.com\/2024\/wp-json\/wp\/v2\/types\/page"}],"author":[{"embeddable":true,"href":"https:\/\/www.biennale-photo-mulhouse.com\/2024\/wp-json\/wp\/v2\/users\/3"}],"replies":[{"embeddable":true,"href":"https:\/\/www.biennale-photo-mulhouse.com\/2024\/wp-json\/wp\/v2\/comments?post=779"}],"version-history":[{"count":5,"href":"https:\/\/www.biennale-photo-mulhouse.com\/2024\/wp-json\/wp\/v2\/pages\/779\/revisions"}],"predecessor-version":[{"id":786,"href":"https:\/\/www.biennale-photo-mulhouse.com\/2024\/wp-json\/wp\/v2\/pages\/779\/revisions\/786"}],"wp:attachment":[{"href":"https:\/\/www.biennale-photo-mulhouse.com\/2024\/wp-json\/wp\/v2\/media?parent=779"}],"wp:term":[{"taxonomy":"category","embeddable":true,"href":"https:\/\/www.biennale-photo-mulhouse.com\/2024\/wp-json\/wp\/v2\/categories?post=779"}],"curies":[{"name":"wp","href":"https:\/\/api.w.org\/{rel}","templated":true}]}}