{"id":515,"date":"2024-06-26T13:50:34","date_gmt":"2024-06-26T11:50:34","guid":{"rendered":"https:\/\/www.biennale-photo-mulhouse.com\/2024\/?page_id=515"},"modified":"2024-07-01T14:22:14","modified_gmt":"2024-07-01T12:22:14","slug":"la-bpm-biennale-de-la-photographie-de-mulhouse","status":"publish","type":"page","link":"https:\/\/www.biennale-photo-mulhouse.com\/2024\/la-bpm-biennale-de-la-photographie-de-mulhouse\/","title":{"rendered":"La BPM &#8211; Biennale de la Photographie de Mulhouse"},"content":{"rendered":"<p><span class=\"small\"><strong>FR\/ENG \u2193<br \/>\n<\/strong><\/span><\/p>\n<h1>La BPM &#8211; Biennale de la Photographie de Mulhouse<\/h1>\n<p class=\"offsetted\"><span class=\"theme_color\">\u00ab La BPM a pour objectif de montrer une pratique photographique contemporaine en perp\u00e9tuel mouvement et interrogation. Le rapport <\/span><span class=\"theme_color\">de la production photographique \u00e0 sa contemporan\u00e9it\u00e9 est l\u2019un des axes de la programmation : son rapport \u00e0 l\u2019\u00e9volution du m\u00e9dium mais aussi au contexte \u00e9cologique, social, \u00e9conomique. \u00bb<\/span><\/p>\n<p class=\"offsetted\">Anne Immel\u00e9, directrice artistique<\/p>\n<h2>LE MOT DE FRAN\u00c7OIS DISERENS, <span class=\"theme_color\">PR\u00c9SIDENT DE L\u2019AGRANDISSEUR<\/span><\/h2>\n<p>La BPM &#8211; Biennale de la Photographie de Mulhouse est un festival transfrontalier dont la volont\u00e9 est de diffuser la photographie contemporaine autour d\u2019une manifestation forte et f\u00e9d\u00e9ratrice. \u00c0 partir d\u2019une th\u00e9matique \u00e0 chaque fois renouvel\u00e9e, la programmation d\u00e9fend des artistes reconnu\u00b7es \u00e0 l\u2019international tout en d\u00e9couvrant de nouveaux talents, du Grand Est ou d\u2019ailleurs. Depuis 2013, 5 \u00e9ditions ont eu lieu :<a href=\"https:\/\/www.biennale-photo-mulhouse.com\/2013\/\" target=\"_blank\" rel=\"noopener\"><em> Play &amp; Replay<\/em><\/a> (2013), <a href=\"https:\/\/www.biennale-photo-mulhouse.com\/2016\/\" target=\"_blank\" rel=\"noopener\"><em>L\u2019autre et le m\u00eame<\/em><\/a> (2016), <a href=\"https:\/\/www.biennale-photo-mulhouse.com\/2018\/\"><em>Attraction(s)<\/em> <\/a>(2018), <a href=\"https:\/\/www.biennale-photo-mulhouse.com\/2020\/\"><em>This is the end<\/em> <\/a>(2020) et <a href=\"https:\/\/www.biennale-photo-mulhouse.com\/2022\/\"><em>Corps C\u00e9lestes<\/em> <\/a>(2022).<\/p>\n<p>Apr\u00e8s une premi\u00e8re \u00e9dition exclusivement mulhousienne en 2013, les expositions et \u00e9v\u00e8nements se sont d\u00e9ploy\u00e9s dans les villes et communes alentour comme \u00e0 Hombourg et Fribourg (DE) depuis 2016 ou \u00e0 Thann depuis 2022. La pluralit\u00e9 de lieux investis permet de d\u00e9couvrir des sites patrimoniaux, institutionnels mais aussi des sites naturels avec des installations in situ.<\/p>\n<p>Dans la continuit\u00e9 de l\u2019attention qu\u2019elle porte \u00e0 la mat\u00e9rialit\u00e9 de la photographie et \u00e0 son d\u00e9ploiement dans l\u2019espace, la BPM organise des temps forts autour du livre photo. Depuis 2018, un projet d\u2019exposition d\u00e9di\u00e9 aux \u00e9coles d\u2019art s\u2019est d\u00e9velopp\u00e9 avec <em>Point Cardinal<\/em>, qui regroupe les photographies r\u00e9alis\u00e9es par des \u00e9tudiant\u00b7es des \u00c9coles Sup\u00e9rieures d\u2019art du Grand Est, accompagn\u00e9\u00b7es par leurs professeur\u00b7es de photographie.<\/p>\n<p>&nbsp;<\/p>\n<hr \/>\n<h1>MBP &#8211; Mulhouse Biennial of Photography<\/h1>\n<p class=\"offsetted\"><em>\u201cThe MBP aims to show contemporary photographic practice in a state of perpetual movement and questioning. The way that photography navigates the contemporary realm\u00a0 is one of the main axioms of the program: its relationship to the evolution of the medium, but also to the ecological, social and economic context.\u201d<\/em><\/p>\n<p class=\"offsetted\"><em><span class=\"theme_color\">Anne Immel\u00e9, artistic director<\/span><\/em><\/p>\n<h2><em><span class=\"theme_color\">A WORD FROM FRAN\u00c7OIS DISERENS,<\/span> PRESIDENT OF L\u2019AGRANDISSEUR<\/em><\/h2>\n<p><span class=\"theme_color\"><em>The MBP &#8211; Mulhouse Biennial of Photography is a cross-border festival whose aim is to promote contemporary photography through a strong, unifying event. Based on a constantly renewed theme, the program highlights internationally acclaimed artists while discovering new talents from the Grand Est region and beyond. Since 2013, five editions have taken place: <\/em><a href=\"https:\/\/www.biennale-photo-mulhouse.com\/2013\/\" target=\"_blank\" rel=\"noopener\">Play &amp; Replay<\/a> <em>(2013), <\/em><a href=\"https:\/\/www.biennale-photo-mulhouse.com\/2016\/\" target=\"_blank\" rel=\"noopener\">L\u2019autre et le m\u00eame<\/a><em> (2016), <\/em><a href=\"https:\/\/www.biennale-photo-mulhouse.com\/2018\/\">Attraction(s)<\/a><em> (2018), <\/em><a href=\"https:\/\/www.biennale-photo-mulhouse.com\/2020\/\">This is the end<\/a> <em>(2020) and <\/em><a href=\"https:\/\/www.biennale-photo-mulhouse.com\/2022\">Corps C\u00e9lestes<\/a><em> (2022).\u00a0<\/em><\/span><\/p>\n<p><span class=\"theme_color\"><em>After a first edition, held exclusively in Mulhouse in 2013, exhibitions and events have spread to surrounding towns and cities, such as Hombourg and Freiburg (DE) since 2016, and Thann since 2022. The wide range of venues allowed the discovery of heritage and institutional sites, as well as natural sites with in-situ installations.<\/em><\/span><\/p>\n<p><span class=\"theme_color\"><em>In line with its focus on the materiality of photography and its deployment in space, the MBP organizes special events around photobooks. Since 2018, an exhibition project dedicated to art schools has been developed with <\/em>Point Cardinal<em>, which brings together photographs by students from the Grand Est art schools, guided by their photography lecturers.<\/em><\/span><\/p>\n","protected":false},"excerpt":{"rendered":"<p>FR\/ENG \u2193 La BPM &#8211; Biennale de la Photographie de Mulhouse \u00ab La BPM a pour objectif de montrer une pratique photographique contemporaine en perp\u00e9tuel mouvement et interrogation. Le rapport de la production photographique \u00e0 sa contemporan\u00e9it\u00e9 est l\u2019un des axes de la programmation : son rapport \u00e0 l\u2019\u00e9volution du m\u00e9dium mais aussi au contexte [&hellip;]<\/p>\n","protected":false},"author":3,"featured_media":0,"parent":0,"menu_order":0,"comment_status":"closed","ping_status":"closed","template":"","meta":{"footnotes":""},"categories":[1],"class_list":["post-515","page","type-page","status-publish","hentry","category-non-classe"],"acf":{"photo_gallery":{"gallery":[[{"id":371,"title":"Copie de IngridWeyland_04","caption":"Ingrid Weyland, <i>Topographies of fragility <\/i>","full_image_url":"https:\/\/www.biennale-photo-mulhouse.com\/2024\/wp-content\/uploads\/sites\/6\/2024\/05\/Copie-de-IngridWeyland_04.jpeg","thumbnail_image_url":"https:\/\/www.biennale-photo-mulhouse.com\/2024\/wp-content\/uploads\/sites\/6\/2024\/05\/Copie-de-IngridWeyland_04.jpeg","large_srcset":"https:\/\/www.biennale-photo-mulhouse.com\/2024\/wp-content\/uploads\/sites\/6\/2024\/05\/Copie-de-IngridWeyland_04.jpeg 1000w, https:\/\/www.biennale-photo-mulhouse.com\/2024\/wp-content\/uploads\/sites\/6\/2024\/05\/Copie-de-IngridWeyland_04-768x515.jpeg 768w","medium_srcset":"https:\/\/www.biennale-photo-mulhouse.com\/2024\/wp-content\/uploads\/sites\/6\/2024\/05\/Copie-de-IngridWeyland_04.jpeg 1000w, https:\/\/www.biennale-photo-mulhouse.com\/2024\/wp-content\/uploads\/sites\/6\/2024\/05\/Copie-de-IngridWeyland_04-768x515.jpeg 768w","media_details":{"width":1000,"height":671,"sizes":{"medium_large":{"file":"Copie-de-IngridWeyland_04-768x515.jpeg","width":768,"height":515,"mime-type":"image\/jpeg","filesize":133245,"source_url":"https:\/\/www.biennale-photo-mulhouse.com\/2024\/wp-content\/uploads\/sites\/6\/2024\/05\/Copie-de-IngridWeyland_04-768x515.jpeg"}}},"alt_text":"","url":"","target":""}]]}},"yoast_head":"<!-- This site is optimized with the Yoast SEO plugin v21.9.1 - https:\/\/yoast.com\/wordpress\/plugins\/seo\/ -->\n<title>La BPM - Biennale de la Photographie de Mulhouse - BPM 2024 - Biennale de la Photographie de Mulhouse 2024<\/title>\n<meta name=\"description\" content=\"La Biennale de la Photographie de Mulhouse est un festival transfrontalier dont la volont\u00e9 est de diffuser la photographie contemporaine.\" \/>\n<meta name=\"robots\" content=\"index, follow, max-snippet:-1, max-image-preview:large, max-video-preview:-1\" \/>\n<link rel=\"canonical\" href=\"https:\/\/www.biennale-photo-mulhouse.com\/2024\/la-bpm-biennale-de-la-photographie-de-mulhouse\/\" \/>\n<meta property=\"og:locale\" content=\"fr_FR\" \/>\n<meta property=\"og:type\" content=\"article\" \/>\n<meta property=\"og:title\" content=\"La BPM - Biennale de la Photographie de Mulhouse - BPM 2024 - Biennale de la Photographie de Mulhouse 2024\" \/>\n<meta property=\"og:description\" content=\"La Biennale de la Photographie de Mulhouse est un festival transfrontalier dont la volont\u00e9 est de diffuser la photographie contemporaine.\" \/>\n<meta property=\"og:url\" content=\"https:\/\/www.biennale-photo-mulhouse.com\/2024\/la-bpm-biennale-de-la-photographie-de-mulhouse\/\" \/>\n<meta property=\"og:site_name\" content=\"BPM 2024 - Biennale de la Photographie de Mulhouse 2024\" \/>\n<meta property=\"article:publisher\" content=\"https:\/\/www.facebook.com\/BiennaleDeLaPhotographieDeMulhouse\" \/>\n<meta property=\"article:modified_time\" content=\"2024-07-01T12:22:14+00:00\" \/>\n<meta name=\"twitter:card\" content=\"summary_large_image\" \/>\n<meta name=\"twitter:label1\" content=\"Dur\u00e9e de lecture estim\u00e9e\" \/>\n\t<meta name=\"twitter:data1\" content=\"3 minutes\" \/>\n<script type=\"application\/ld+json\" class=\"yoast-schema-graph\">{\"@context\":\"https:\/\/schema.org\",\"@graph\":[{\"@type\":\"WebPage\",\"@id\":\"https:\/\/www.biennale-photo-mulhouse.com\/2024\/la-bpm-biennale-de-la-photographie-de-mulhouse\/\",\"url\":\"https:\/\/www.biennale-photo-mulhouse.com\/2024\/la-bpm-biennale-de-la-photographie-de-mulhouse\/\",\"name\":\"La BPM - Biennale de la Photographie de Mulhouse - BPM 2024 - Biennale de la Photographie de Mulhouse 2024\",\"isPartOf\":{\"@id\":\"https:\/\/www.biennale-photo-mulhouse.com\/2024\/#website\"},\"datePublished\":\"2024-06-26T11:50:34+00:00\",\"dateModified\":\"2024-07-01T12:22:14+00:00\",\"description\":\"La Biennale de la Photographie de Mulhouse est un festival transfrontalier dont la volont\u00e9 est de diffuser la photographie contemporaine.\",\"breadcrumb\":{\"@id\":\"https:\/\/www.biennale-photo-mulhouse.com\/2024\/la-bpm-biennale-de-la-photographie-de-mulhouse\/#breadcrumb\"},\"inLanguage\":\"fr-FR\",\"potentialAction\":[{\"@type\":\"ReadAction\",\"target\":[\"https:\/\/www.biennale-photo-mulhouse.com\/2024\/la-bpm-biennale-de-la-photographie-de-mulhouse\/\"]}]},{\"@type\":\"BreadcrumbList\",\"@id\":\"https:\/\/www.biennale-photo-mulhouse.com\/2024\/la-bpm-biennale-de-la-photographie-de-mulhouse\/#breadcrumb\",\"itemListElement\":[{\"@type\":\"ListItem\",\"position\":1,\"name\":\"Accueil\",\"item\":\"https:\/\/www.biennale-photo-mulhouse.com\/2024\/\"},{\"@type\":\"ListItem\",\"position\":2,\"name\":\"La BPM &#8211; Biennale de la Photographie de Mulhouse\"}]},{\"@type\":\"WebSite\",\"@id\":\"https:\/\/www.biennale-photo-mulhouse.com\/2024\/#website\",\"url\":\"https:\/\/www.biennale-photo-mulhouse.com\/2024\/\",\"name\":\"Biennale de la Photographie de Mulhouse\",\"description\":\"\",\"potentialAction\":[{\"@type\":\"SearchAction\",\"target\":{\"@type\":\"EntryPoint\",\"urlTemplate\":\"https:\/\/www.biennale-photo-mulhouse.com\/2024\/?s={search_term_string}\"},\"query-input\":\"required name=search_term_string\"}],\"inLanguage\":\"fr-FR\"}]}<\/script>\n<!-- \/ Yoast SEO plugin. -->","yoast_head_json":{"title":"La BPM - Biennale de la Photographie de Mulhouse - BPM 2024 - Biennale de la Photographie de Mulhouse 2024","description":"La Biennale de la Photographie de Mulhouse est un festival transfrontalier dont la volont\u00e9 est de diffuser la photographie contemporaine.","robots":{"index":"index","follow":"follow","max-snippet":"max-snippet:-1","max-image-preview":"max-image-preview:large","max-video-preview":"max-video-preview:-1"},"canonical":"https:\/\/www.biennale-photo-mulhouse.com\/2024\/la-bpm-biennale-de-la-photographie-de-mulhouse\/","og_locale":"fr_FR","og_type":"article","og_title":"La BPM - Biennale de la Photographie de Mulhouse - BPM 2024 - Biennale de la Photographie de Mulhouse 2024","og_description":"La Biennale de la Photographie de Mulhouse est un festival transfrontalier dont la volont\u00e9 est de diffuser la photographie contemporaine.","og_url":"https:\/\/www.biennale-photo-mulhouse.com\/2024\/la-bpm-biennale-de-la-photographie-de-mulhouse\/","og_site_name":"BPM 2024 - Biennale de la Photographie de Mulhouse 2024","article_publisher":"https:\/\/www.facebook.com\/BiennaleDeLaPhotographieDeMulhouse","article_modified_time":"2024-07-01T12:22:14+00:00","twitter_card":"summary_large_image","twitter_misc":{"Dur\u00e9e de lecture estim\u00e9e":"3 minutes"},"schema":{"@context":"https:\/\/schema.org","@graph":[{"@type":"WebPage","@id":"https:\/\/www.biennale-photo-mulhouse.com\/2024\/la-bpm-biennale-de-la-photographie-de-mulhouse\/","url":"https:\/\/www.biennale-photo-mulhouse.com\/2024\/la-bpm-biennale-de-la-photographie-de-mulhouse\/","name":"La BPM - Biennale de la Photographie de Mulhouse - BPM 2024 - Biennale de la Photographie de Mulhouse 2024","isPartOf":{"@id":"https:\/\/www.biennale-photo-mulhouse.com\/2024\/#website"},"datePublished":"2024-06-26T11:50:34+00:00","dateModified":"2024-07-01T12:22:14+00:00","description":"La Biennale de la Photographie de Mulhouse est un festival transfrontalier dont la volont\u00e9 est de diffuser la photographie contemporaine.","breadcrumb":{"@id":"https:\/\/www.biennale-photo-mulhouse.com\/2024\/la-bpm-biennale-de-la-photographie-de-mulhouse\/#breadcrumb"},"inLanguage":"fr-FR","potentialAction":[{"@type":"ReadAction","target":["https:\/\/www.biennale-photo-mulhouse.com\/2024\/la-bpm-biennale-de-la-photographie-de-mulhouse\/"]}]},{"@type":"BreadcrumbList","@id":"https:\/\/www.biennale-photo-mulhouse.com\/2024\/la-bpm-biennale-de-la-photographie-de-mulhouse\/#breadcrumb","itemListElement":[{"@type":"ListItem","position":1,"name":"Accueil","item":"https:\/\/www.biennale-photo-mulhouse.com\/2024\/"},{"@type":"ListItem","position":2,"name":"La BPM &#8211; Biennale de la Photographie de Mulhouse"}]},{"@type":"WebSite","@id":"https:\/\/www.biennale-photo-mulhouse.com\/2024\/#website","url":"https:\/\/www.biennale-photo-mulhouse.com\/2024\/","name":"Biennale de la Photographie de Mulhouse","description":"","potentialAction":[{"@type":"SearchAction","target":{"@type":"EntryPoint","urlTemplate":"https:\/\/www.biennale-photo-mulhouse.com\/2024\/?s={search_term_string}"},"query-input":"required name=search_term_string"}],"inLanguage":"fr-FR"}]}},"_links":{"self":[{"href":"https:\/\/www.biennale-photo-mulhouse.com\/2024\/wp-json\/wp\/v2\/pages\/515","targetHints":{"allow":["GET"]}}],"collection":[{"href":"https:\/\/www.biennale-photo-mulhouse.com\/2024\/wp-json\/wp\/v2\/pages"}],"about":[{"href":"https:\/\/www.biennale-photo-mulhouse.com\/2024\/wp-json\/wp\/v2\/types\/page"}],"author":[{"embeddable":true,"href":"https:\/\/www.biennale-photo-mulhouse.com\/2024\/wp-json\/wp\/v2\/users\/3"}],"replies":[{"embeddable":true,"href":"https:\/\/www.biennale-photo-mulhouse.com\/2024\/wp-json\/wp\/v2\/comments?post=515"}],"version-history":[{"count":6,"href":"https:\/\/www.biennale-photo-mulhouse.com\/2024\/wp-json\/wp\/v2\/pages\/515\/revisions"}],"predecessor-version":[{"id":561,"href":"https:\/\/www.biennale-photo-mulhouse.com\/2024\/wp-json\/wp\/v2\/pages\/515\/revisions\/561"}],"wp:attachment":[{"href":"https:\/\/www.biennale-photo-mulhouse.com\/2024\/wp-json\/wp\/v2\/media?parent=515"}],"wp:term":[{"taxonomy":"category","embeddable":true,"href":"https:\/\/www.biennale-photo-mulhouse.com\/2024\/wp-json\/wp\/v2\/categories?post=515"}],"curies":[{"name":"wp","href":"https:\/\/api.w.org\/{rel}","templated":true}]}}