{"id":137,"date":"2024-06-21T10:01:49","date_gmt":"2024-06-21T08:01:49","guid":{"rendered":"https:\/\/www.biennale-photo-mulhouse.com\/2024\/?page_id=137"},"modified":"2024-08-21T11:17:39","modified_gmt":"2024-08-21T09:17:39","slug":"journees-inaugurales-mulhouse","status":"publish","type":"page","link":"https:\/\/www.biennale-photo-mulhouse.com\/2024\/journees-inaugurales-mulhouse\/","title":{"rendered":"Journ\u00e9es inaugurales \u00e0 Mulhouse"},"content":{"rendered":"<p><span class=\"small\"><strong>FR\/ENG\u2193<\/strong><\/span><\/p>\n<h1><span class=\"theme_color\">Journ\u00e9es inaugurales \u00e0 Mulhouse<\/span><\/h1>\n<p>Les journ\u00e9es inaugurales de la Biennale de la Photographie de Mulhouse 2024 se tiendront les 13, 14 et 15 septembre en pr\u00e9sence des photographes et des commissaires du festival.<\/p>\n<p><span class=\"theme_color\"><strong>Vendredi 13 septembre<\/strong><\/span><\/p>\n<p><strong>14h\/ La Filature<\/strong> <br \/>\nVisite de l\u2019exposition <em>Oro Verde<\/em><br \/>\n<strong>15h30 \/ Le long du Canal du Rhin (face au MISE)<\/strong> <br \/>\nVisite de l\u2019exposition <em>Point Cardinal IV\u00a0<\/em><br \/>\n<strong>18h30 \/<\/strong> <strong>Mus\u00e9e des Beaux-Arts<\/strong><br \/>\nVernissage de l&rsquo;exposition <em>those eyes &#8211; these eyes &#8211; they fade<\/em> et ouverture officielle du festival<\/p>\n<p><span class=\"theme_color\"><strong>Samedi 14 septembre<\/strong><\/span><\/p>\n<p><strong>11h \/ Chapelle Saint-Jean<\/strong><br \/>\nVernissage de l&rsquo;exposition <em>Monuments et Immortelles<\/em> <br \/>\n<strong>14h-17h \/ Mus\u00e9e des Beaux-Arts<\/strong><br \/>\n<span class=\"theme_color\"><em>PHOTOBOOK DAYS <\/em><\/span><br \/>\nDeux apr\u00e8s-midis d\u00e9di\u00e9es aux modes d\u2019\u00e9dition de la photographie contemporaine\u00a0 : discussions-rencontres, pr\u00e9sentations et signatures de livres<\/p>\n<p class=\"offsetted\"><span class=\"theme_color\"><em>Parlons livres photos<\/em><\/span> <br \/>\n(conversations en anglais et fran\u00e7ais)<br \/>\n<strong>14h30<\/strong> : B\u00e9n\u00e9dicte Blondeau, Tiago Casanova (XYZ books), mod\u00e9rateur : Nicolas B\u00e9zard<br \/>\n<strong>15h :<\/strong>\u00a0 Awoiska van der Molen, mod\u00e9rateur : Alexander Mourant<br \/>\n<strong>15h30 :<\/strong> Raymond Meeks, mod\u00e9rateur : Nicolas B\u00e9zard<br \/>\n<strong>16h :<\/strong> Nigel Baldacchino, mod\u00e9rateur : Alexander Mourant<\/p>\n<p class=\"offsetted\"><em><span class=\"theme_color\">Salon du livre photo avec Micamera Milan<\/span> <\/em><\/p>\n<p><strong>17h30 \/ Biblioth\u00e8que Grand\u2019Rue<br \/>\n<\/strong>Visite de l&rsquo;exposition <em>Paul Wolff : l\u2019exp\u00e9rience photographique, l\u2019image \u00e9dit\u00e9e<\/em><\/p>\n<p><span class=\"theme_color\"><strong>Dimanche 15 septembre<\/strong><\/span><\/p>\n<p><strong>11h-14h\/ La KunsTURM, Tour de l\u2019Europe (14e et 22e \u00e9tage)<\/strong><br \/>\nVisites des expositions <em>PEP : (Im)possible Worlds<\/em> et <em>Big Fish<\/em> <br \/>\n<strong>14h-17h : Mus\u00e9e des Beaux-Arts<\/strong><br \/>\n<em><span class=\"theme_color\">PHOTOBOOK DAYS<\/span><\/em><br \/>\nDeux apr\u00e8s-midis d\u00e9di\u00e9es aux modes d\u2019\u00e9dition de la photographie contemporaine\u00a0 : discussions-rencontres, pr\u00e9sentations et signatures de livres<\/p>\n<p class=\"offsetted\"><span class=\"theme_color\"><em>Parlons livres photos<\/em><\/span><strong><br \/>\n14h30 : <\/strong>\u201cMessing around with books &#8211; Exposer le livre\u201d conf\u00e9rence en fran\u00e7ais par Magali Avezou, commissaire ind\u00e9pendante <br \/>\n<strong>15h15 : <\/strong>\u201cL\u2019\u00e9cosyst\u00e8me du livre photo\u201d conf\u00e9rence en anglais par Giulia Zorzi, directrice de Micamera Milan<br \/>\n<strong>16h15 :\u00a0<\/strong> \u00ab\u00a0Photographie, archives, r\u00eaves et peut-\u00eatre une dose d&rsquo;ambivalence [Boshokoshoko] &#8211; Protocole d&rsquo;un livre d&rsquo;artiste \u00a0\u00bb discussion entre George Mahashe, artiste-chercheur, et Ange-Fr\u00e9d\u00e9ric Koffi, commissaire ind\u00e9pendant (conversation en fran\u00e7ais et anglais) <\/p>\n<p class=\"offsetted\"><span class=\"theme_color\"><em>Salon du livre photo avec Micamera Milan<\/em><\/span><\/p>\n<h2>Autres rendez-vous \u00e0 fribourg<\/h2>\n<p><span class=\"theme_color\"><strong>Samedi 7 septembre<\/strong><\/span><br \/>\n<strong>19h \/ DELPHI_space, Fribourg-en-Brisgau<\/strong><br \/>\nVernissage de <em>Troubled surface \/ Surface troubl\u00e9e<\/em><\/p>\n<p><span class=\"theme_color\"><strong>Jeudi 12 septembre<\/strong><\/span><br \/>\n<strong>19h \/ Centre Culturel Fran\u00e7ais de Fribourg, Fribourg-en-Brisgau<\/strong><br \/>\nVernissage de l&rsquo;exposition <em>High Garden<\/em><\/p>\n<p>&nbsp;<\/p>\n<hr \/>\n<h1>openings days in Mulhouse<\/h1>\n<p><span class=\"theme_color\"><em>The opening days of the 2024 Mulhouse Biennial of Photography will be September 13, 14 and 15 in the presence of the photographers and curators.<\/em><\/span><\/p>\n<p><span class=\"theme_color\"><strong>Friday, September 13<\/strong><\/span><\/p>\n<p><strong>2pm\/ La Filature<\/strong><br \/>\nVisit of the <em>Oro Verde<\/em> exhibition<br \/>\n<strong>3:30pm \/ Along the Rhine Canal (opposite MISE)<\/strong><br \/>\nVisit of the <em>Point Cardinal IV<\/em> exhibition<br \/>\n<strong>6:30pm \/ Fine Arts Museum<\/strong><br \/>\nOpening of <em>those eyes &#8211; these eyes &#8211; they fade<\/em> exhibition and official opening of the festival<\/p>\n<p><span class=\"theme_color\"><strong>Saturday, September 14<\/strong><\/span><\/p>\n<p><strong>11am \/ Saint-Jean Chapel<\/strong><br \/>\nOpening of the <em>Monuments et Immortelles<\/em> exhibition\u00a0<br \/>\n<strong>2pm-5pm \/ Fine Arts Museum<br \/>\n<\/strong><span class=\"theme_color\"><em>PHOTOBOOK DAYS<\/em><\/span><br \/>\nTwo afternoons dedicated to the publishing of contemporary photography: talks, presentations and book signings.<\/p>\n<p class=\"offsetted\"><span class=\"theme_color\"><em>Talks<\/em><\/span><br \/>\n(in English and French)<br \/>\n<strong>2:30 pm:<\/strong> B\u00e9n\u00e9dicte Blondeau, Tiago Casanova (XYZ books), moderator: Nicolas B\u00e9zard<br \/>\n<strong>3pm:<\/strong> Awoiska van der Molen, moderator: Alexander Mourant<br \/>\n<strong>3:30 pm:<\/strong> Raymond Meeks, moderator: Nicolas B\u00e9zard<br \/>\n<strong>4pm:<\/strong> Nigel Baldacchino, moderator: Alexander Mourant<\/p>\n<p class=\"offsetted\"><span class=\"theme_color\"><em>Photo Book Fair with Micamera Milan<\/em><\/span><\/p>\n<p><strong>5:30pm \/ Grand&rsquo;Rue Library<\/strong><br \/>\nVisit of the <em>Paul Wolff : l&rsquo;exp\u00e9rience photographique, l&rsquo;image \u00e9dit\u00e9e<\/em> exhibition<\/p>\n<p><span class=\"theme_color\"><strong>Sunday, September 15<\/strong><\/span><\/p>\n<p><strong>11am-2pm\/ KunsTURM, Tour de l&rsquo;Europe (14th and 22nd floors)<\/strong><br \/>\nVisits of the exhibitions<em> PEP : (Im)possible Worlds<\/em> and <em>Big Fish<\/em><br \/>\n<strong>2pm-5pm:<\/strong> <strong>Fine Arts Museum<\/strong><br \/>\n<span class=\"theme_color\"><em>PHOTOBOOK DAYS<\/em><\/span><br \/>\nTwo afternoons dedicated to the publishing of contemporary photography: conferences, presentations and book signings.<\/p>\n<p class=\"offsetted\"><span class=\"theme_color\"><em>Conferences<\/em> <\/span><br \/>\n<strong>2:30 pm:<\/strong> \u00ab\u00a0Exhibiting books\u00a0\u00bb conference by Magali Avezou, independent curator\u00a0\u00bb<br \/>\n<strong>3:15 pm: \u00ab\u00a0<\/strong>The photo book ecosystem\u00a0\u00bb conference by Giulia Zorzi, director of Micamera Milan<br \/>\n<strong>4.15 pm:<\/strong> Photography, archives, dreams and perhaps a dose of ~ambivalence~ [Boshokoshoko].\u00a0 Protocol of an artist&rsquo;s book.\u201d Talk between Dr George Mahashe, Michaelis School of Fine Art &#8211; UCT, and Ange-Fr\u00e9d\u00e9ric Koffi, independant curator<\/p>\n<p class=\"offsetted\"><span class=\"theme_color\"><em>Photo Book Fair with Micamera Milan<\/em><\/span><\/p>\n<h2>Other related events in freiburg<\/h2>\n<p><span class=\"theme_color\"><strong>Saturday, September 7<\/strong><\/span><br \/>\n<strong>7pm \/ DELPHI_space, Freiburg im Breisgau<\/strong><br \/>\nOpening of <em>Troubled surface \/ Surface troubl\u00e9e<\/em> exhibition<\/p>\n<p><span class=\"theme_color\"><strong>Thursday, September 12 <\/strong><\/span><br \/>\n<strong>7pm \/ French culturel center of Freiburg, Freiburg im Breisgau<\/strong><br \/>\nOpening of the <em>High Garden<\/em> exhibition\u00a0<\/p>\n","protected":false},"excerpt":{"rendered":"<p>FR\/ENG\u2193 Journ\u00e9es inaugurales \u00e0 Mulhouse Les journ\u00e9es inaugurales de la Biennale de la Photographie de Mulhouse 2024 se tiendront les 13, 14 et 15 septembre en pr\u00e9sence des photographes et des commissaires du festival. Vendredi 13 septembre 14h\/ La Filature Visite de l\u2019exposition Oro Verde 15h30 \/ Le long du Canal du Rhin (face au [&hellip;]<\/p>\n","protected":false},"author":3,"featured_media":0,"parent":0,"menu_order":0,"comment_status":"closed","ping_status":"closed","template":"","meta":{"footnotes":""},"categories":[7],"class_list":["post-137","page","type-page","status-publish","hentry","category-journees-inaugurales"],"acf":{"photo_gallery":{"gallery":[[{"id":338,"title":"Copie de Raymond-Meeks-indio-inhabitant","caption":"Raymond Meeks, <i> Erasure, after nature <\/i>, 2024.","full_image_url":"https:\/\/www.biennale-photo-mulhouse.com\/2024\/wp-content\/uploads\/sites\/6\/2024\/05\/Copie-de-Raymond-Meeks-indio-inhabitant.jpg","thumbnail_image_url":"https:\/\/www.biennale-photo-mulhouse.com\/2024\/wp-content\/uploads\/sites\/6\/2024\/05\/Copie-de-Raymond-Meeks-indio-inhabitant.jpg","large_srcset":"https:\/\/www.biennale-photo-mulhouse.com\/2024\/wp-content\/uploads\/sites\/6\/2024\/05\/Copie-de-Raymond-Meeks-indio-inhabitant.jpg 2200w, https:\/\/www.biennale-photo-mulhouse.com\/2024\/wp-content\/uploads\/sites\/6\/2024\/05\/Copie-de-Raymond-Meeks-indio-inhabitant-768x591.jpg 768w, https:\/\/www.biennale-photo-mulhouse.com\/2024\/wp-content\/uploads\/sites\/6\/2024\/05\/Copie-de-Raymond-Meeks-indio-inhabitant-1536x1182.jpg 1536w, https:\/\/www.biennale-photo-mulhouse.com\/2024\/wp-content\/uploads\/sites\/6\/2024\/05\/Copie-de-Raymond-Meeks-indio-inhabitant-2048x1576.jpg 2048w","medium_srcset":"https:\/\/www.biennale-photo-mulhouse.com\/2024\/wp-content\/uploads\/sites\/6\/2024\/05\/Copie-de-Raymond-Meeks-indio-inhabitant.jpg 2200w, https:\/\/www.biennale-photo-mulhouse.com\/2024\/wp-content\/uploads\/sites\/6\/2024\/05\/Copie-de-Raymond-Meeks-indio-inhabitant-768x591.jpg 768w, https:\/\/www.biennale-photo-mulhouse.com\/2024\/wp-content\/uploads\/sites\/6\/2024\/05\/Copie-de-Raymond-Meeks-indio-inhabitant-1536x1182.jpg 1536w, https:\/\/www.biennale-photo-mulhouse.com\/2024\/wp-content\/uploads\/sites\/6\/2024\/05\/Copie-de-Raymond-Meeks-indio-inhabitant-2048x1576.jpg 2048w","media_details":{"width":2200,"height":1693,"sizes":{"medium_large":{"file":"Copie-de-Raymond-Meeks-indio-inhabitant-768x591.jpg","width":768,"height":591,"mime-type":"image\/jpeg","filesize":66576,"source_url":"https:\/\/www.biennale-photo-mulhouse.com\/2024\/wp-content\/uploads\/sites\/6\/2024\/05\/Copie-de-Raymond-Meeks-indio-inhabitant-768x591.jpg"},"1536x1536":{"file":"Copie-de-Raymond-Meeks-indio-inhabitant-1536x1182.jpg","width":1536,"height":1182,"mime-type":"image\/jpeg","filesize":237028,"source_url":"https:\/\/www.biennale-photo-mulhouse.com\/2024\/wp-content\/uploads\/sites\/6\/2024\/05\/Copie-de-Raymond-Meeks-indio-inhabitant-1536x1182.jpg"},"2048x2048":{"file":"Copie-de-Raymond-Meeks-indio-inhabitant-2048x1576.jpg","width":2048,"height":1576,"mime-type":"image\/jpeg","filesize":399842,"source_url":"https:\/\/www.biennale-photo-mulhouse.com\/2024\/wp-content\/uploads\/sites\/6\/2024\/05\/Copie-de-Raymond-Meeks-indio-inhabitant-2048x1576.jpg"}}},"alt_text":"","url":"","target":""}]]}},"yoast_head":"<!-- This site is optimized with the Yoast SEO plugin v21.9.1 - https:\/\/yoast.com\/wordpress\/plugins\/seo\/ -->\n<title>Journ\u00e9es inaugurales \u00e0 Mulhouse - BPM 2024 - Biennale de la Photographie de Mulhouse 2024<\/title>\n<meta name=\"description\" content=\"Les journ\u00e9es inaugurales\u00a0 de la Biennale de la Photographie de Mulhouse 2024 se tiendront les 13, 14 et 15 septembre.\" \/>\n<meta name=\"robots\" content=\"index, follow, max-snippet:-1, max-image-preview:large, max-video-preview:-1\" \/>\n<link rel=\"canonical\" href=\"https:\/\/www.biennale-photo-mulhouse.com\/2024\/journees-inaugurales-mulhouse\/\" \/>\n<meta property=\"og:locale\" content=\"fr_FR\" \/>\n<meta property=\"og:type\" content=\"article\" \/>\n<meta property=\"og:title\" content=\"Journ\u00e9es inaugurales \u00e0 Mulhouse - BPM 2024 - Biennale de la Photographie de Mulhouse 2024\" \/>\n<meta property=\"og:description\" content=\"Les journ\u00e9es inaugurales\u00a0 de la Biennale de la Photographie de Mulhouse 2024 se tiendront les 13, 14 et 15 septembre.\" \/>\n<meta property=\"og:url\" content=\"https:\/\/www.biennale-photo-mulhouse.com\/2024\/journees-inaugurales-mulhouse\/\" \/>\n<meta property=\"og:site_name\" content=\"BPM 2024 - Biennale de la Photographie de Mulhouse 2024\" \/>\n<meta property=\"article:publisher\" content=\"https:\/\/www.facebook.com\/BiennaleDeLaPhotographieDeMulhouse\" \/>\n<meta property=\"article:modified_time\" content=\"2024-08-21T09:17:39+00:00\" \/>\n<meta name=\"twitter:card\" content=\"summary_large_image\" \/>\n<meta name=\"twitter:label1\" content=\"Dur\u00e9e de lecture estim\u00e9e\" \/>\n\t<meta name=\"twitter:data1\" content=\"3 minutes\" \/>\n<script type=\"application\/ld+json\" class=\"yoast-schema-graph\">{\"@context\":\"https:\/\/schema.org\",\"@graph\":[{\"@type\":\"WebPage\",\"@id\":\"https:\/\/www.biennale-photo-mulhouse.com\/2024\/journees-inaugurales-mulhouse\/\",\"url\":\"https:\/\/www.biennale-photo-mulhouse.com\/2024\/journees-inaugurales-mulhouse\/\",\"name\":\"Journ\u00e9es inaugurales \u00e0 Mulhouse - BPM 2024 - Biennale de la Photographie de Mulhouse 2024\",\"isPartOf\":{\"@id\":\"https:\/\/www.biennale-photo-mulhouse.com\/2024\/#website\"},\"datePublished\":\"2024-06-21T08:01:49+00:00\",\"dateModified\":\"2024-08-21T09:17:39+00:00\",\"description\":\"Les journ\u00e9es inaugurales\u00a0 de la Biennale de la Photographie de Mulhouse 2024 se tiendront les 13, 14 et 15 septembre.\",\"breadcrumb\":{\"@id\":\"https:\/\/www.biennale-photo-mulhouse.com\/2024\/journees-inaugurales-mulhouse\/#breadcrumb\"},\"inLanguage\":\"fr-FR\",\"potentialAction\":[{\"@type\":\"ReadAction\",\"target\":[\"https:\/\/www.biennale-photo-mulhouse.com\/2024\/journees-inaugurales-mulhouse\/\"]}]},{\"@type\":\"BreadcrumbList\",\"@id\":\"https:\/\/www.biennale-photo-mulhouse.com\/2024\/journees-inaugurales-mulhouse\/#breadcrumb\",\"itemListElement\":[{\"@type\":\"ListItem\",\"position\":1,\"name\":\"Accueil\",\"item\":\"https:\/\/www.biennale-photo-mulhouse.com\/2024\/\"},{\"@type\":\"ListItem\",\"position\":2,\"name\":\"Journ\u00e9es inaugurales \u00e0 Mulhouse\"}]},{\"@type\":\"WebSite\",\"@id\":\"https:\/\/www.biennale-photo-mulhouse.com\/2024\/#website\",\"url\":\"https:\/\/www.biennale-photo-mulhouse.com\/2024\/\",\"name\":\"Biennale de la Photographie de Mulhouse\",\"description\":\"\",\"potentialAction\":[{\"@type\":\"SearchAction\",\"target\":{\"@type\":\"EntryPoint\",\"urlTemplate\":\"https:\/\/www.biennale-photo-mulhouse.com\/2024\/?s={search_term_string}\"},\"query-input\":\"required name=search_term_string\"}],\"inLanguage\":\"fr-FR\"}]}<\/script>\n<!-- \/ Yoast SEO plugin. -->","yoast_head_json":{"title":"Journ\u00e9es inaugurales \u00e0 Mulhouse - BPM 2024 - Biennale de la Photographie de Mulhouse 2024","description":"Les journ\u00e9es inaugurales\u00a0 de la Biennale de la Photographie de Mulhouse 2024 se tiendront les 13, 14 et 15 septembre.","robots":{"index":"index","follow":"follow","max-snippet":"max-snippet:-1","max-image-preview":"max-image-preview:large","max-video-preview":"max-video-preview:-1"},"canonical":"https:\/\/www.biennale-photo-mulhouse.com\/2024\/journees-inaugurales-mulhouse\/","og_locale":"fr_FR","og_type":"article","og_title":"Journ\u00e9es inaugurales \u00e0 Mulhouse - BPM 2024 - Biennale de la Photographie de Mulhouse 2024","og_description":"Les journ\u00e9es inaugurales\u00a0 de la Biennale de la Photographie de Mulhouse 2024 se tiendront les 13, 14 et 15 septembre.","og_url":"https:\/\/www.biennale-photo-mulhouse.com\/2024\/journees-inaugurales-mulhouse\/","og_site_name":"BPM 2024 - Biennale de la Photographie de Mulhouse 2024","article_publisher":"https:\/\/www.facebook.com\/BiennaleDeLaPhotographieDeMulhouse","article_modified_time":"2024-08-21T09:17:39+00:00","twitter_card":"summary_large_image","twitter_misc":{"Dur\u00e9e de lecture estim\u00e9e":"3 minutes"},"schema":{"@context":"https:\/\/schema.org","@graph":[{"@type":"WebPage","@id":"https:\/\/www.biennale-photo-mulhouse.com\/2024\/journees-inaugurales-mulhouse\/","url":"https:\/\/www.biennale-photo-mulhouse.com\/2024\/journees-inaugurales-mulhouse\/","name":"Journ\u00e9es inaugurales \u00e0 Mulhouse - BPM 2024 - Biennale de la Photographie de Mulhouse 2024","isPartOf":{"@id":"https:\/\/www.biennale-photo-mulhouse.com\/2024\/#website"},"datePublished":"2024-06-21T08:01:49+00:00","dateModified":"2024-08-21T09:17:39+00:00","description":"Les journ\u00e9es inaugurales\u00a0 de la Biennale de la Photographie de Mulhouse 2024 se tiendront les 13, 14 et 15 septembre.","breadcrumb":{"@id":"https:\/\/www.biennale-photo-mulhouse.com\/2024\/journees-inaugurales-mulhouse\/#breadcrumb"},"inLanguage":"fr-FR","potentialAction":[{"@type":"ReadAction","target":["https:\/\/www.biennale-photo-mulhouse.com\/2024\/journees-inaugurales-mulhouse\/"]}]},{"@type":"BreadcrumbList","@id":"https:\/\/www.biennale-photo-mulhouse.com\/2024\/journees-inaugurales-mulhouse\/#breadcrumb","itemListElement":[{"@type":"ListItem","position":1,"name":"Accueil","item":"https:\/\/www.biennale-photo-mulhouse.com\/2024\/"},{"@type":"ListItem","position":2,"name":"Journ\u00e9es inaugurales \u00e0 Mulhouse"}]},{"@type":"WebSite","@id":"https:\/\/www.biennale-photo-mulhouse.com\/2024\/#website","url":"https:\/\/www.biennale-photo-mulhouse.com\/2024\/","name":"Biennale de la Photographie de Mulhouse","description":"","potentialAction":[{"@type":"SearchAction","target":{"@type":"EntryPoint","urlTemplate":"https:\/\/www.biennale-photo-mulhouse.com\/2024\/?s={search_term_string}"},"query-input":"required name=search_term_string"}],"inLanguage":"fr-FR"}]}},"_links":{"self":[{"href":"https:\/\/www.biennale-photo-mulhouse.com\/2024\/wp-json\/wp\/v2\/pages\/137","targetHints":{"allow":["GET"]}}],"collection":[{"href":"https:\/\/www.biennale-photo-mulhouse.com\/2024\/wp-json\/wp\/v2\/pages"}],"about":[{"href":"https:\/\/www.biennale-photo-mulhouse.com\/2024\/wp-json\/wp\/v2\/types\/page"}],"author":[{"embeddable":true,"href":"https:\/\/www.biennale-photo-mulhouse.com\/2024\/wp-json\/wp\/v2\/users\/3"}],"replies":[{"embeddable":true,"href":"https:\/\/www.biennale-photo-mulhouse.com\/2024\/wp-json\/wp\/v2\/comments?post=137"}],"version-history":[{"count":23,"href":"https:\/\/www.biennale-photo-mulhouse.com\/2024\/wp-json\/wp\/v2\/pages\/137\/revisions"}],"predecessor-version":[{"id":712,"href":"https:\/\/www.biennale-photo-mulhouse.com\/2024\/wp-json\/wp\/v2\/pages\/137\/revisions\/712"}],"wp:attachment":[{"href":"https:\/\/www.biennale-photo-mulhouse.com\/2024\/wp-json\/wp\/v2\/media?parent=137"}],"wp:term":[{"taxonomy":"category","embeddable":true,"href":"https:\/\/www.biennale-photo-mulhouse.com\/2024\/wp-json\/wp\/v2\/categories?post=137"}],"curies":[{"name":"wp","href":"https:\/\/api.w.org\/{rel}","templated":true}]}}